{"id":36372,"date":"2019-10-16T16:19:03","date_gmt":"2019-10-16T19:19:03","guid":{"rendered":"http:\/\/www.riogrande.rs.gov.br\/smed\/?page_id=36372"},"modified":"2020-10-28T14:14:10","modified_gmt":"2020-10-28T17:14:10","slug":"matriculas-2019-2020","status":"publish","type":"page","link":"https:\/\/www.riogrande.rs.gov.br\/smed\/?page_id=36372","title":{"rendered":"Matr\u00edculas 2019\/2020"},"content":{"rendered":"<hr \/>\n<p>Publicada 28\/10\/2020<\/p>\n<h2>Solicita\u00e7\u00f5es de Transfer\u00eancias para a Rede Municipal de Ensino ser\u00e3o realizadas a partir do dia 29 de outubro, atrav\u00e9s da Plataforma Pr\u00e9-Matr\u00edcula Digital<\/h2>\n<div id=\"attachment_39382\" style=\"width: 495px\" class=\"wp-caption aligncenter\"><a href=\"https:\/\/www.riogrande.rs.gov.br\/smed\/wp-content\/uploads\/2020\/10\/20201028-prematriculas-imagem.jpg\" rel=\"lightbox[36372]\"><img loading=\"lazy\" decoding=\"async\" aria-describedby=\"caption-attachment-39382\" class=\"size-medium wp-image-39382\" src=\"https:\/\/www.riogrande.rs.gov.br\/smed\/wp-content\/uploads\/2020\/10\/20201028-prematriculas-imagem-485x270.jpg\" alt=\"\" width=\"485\" height=\"270\" srcset=\"https:\/\/www.riogrande.rs.gov.br\/smed\/wp-content\/uploads\/2020\/10\/20201028-prematriculas-imagem-485x270.jpg 485w, https:\/\/www.riogrande.rs.gov.br\/smed\/wp-content\/uploads\/2020\/10\/20201028-prematriculas-imagem-768x427.jpg 768w, https:\/\/www.riogrande.rs.gov.br\/smed\/wp-content\/uploads\/2020\/10\/20201028-prematriculas-imagem-624x347.jpg 624w, https:\/\/www.riogrande.rs.gov.br\/smed\/wp-content\/uploads\/2020\/10\/20201028-prematriculas-imagem.jpg 800w\" sizes=\"(max-width: 485px) 100vw, 485px\" \/><\/a><p id=\"caption-attachment-39382\" class=\"wp-caption-text\">Pr\u00e9-Matr\u00edcula Digital<\/p><\/div>\n<p style=\"text-align: justify;\"><span style=\"font-weight: 400;\">A Secretaria de Munic\u00edpio da Educa\u00e7\u00e3o de Rio Grande, seguindo os protocolos sanit\u00e1rios adotados pelo Munic\u00edpio para mitigar a propaga\u00e7\u00e3o da COVID-19 no per\u00edodo cr\u00edtico da pandemia, suspendeu as atividades do Calend\u00e1rio Letivo Escolar 2020, incluindo as transfer\u00eancias para a rede municipal de ensino. Com a retomada do Calend\u00e1rio Letivo Escolar foi necess\u00e1rio reorganizarmos um sistema seguro para as solicita\u00e7\u00f5es de transfer\u00eancias para as escolas municipais.<\/span><\/p>\n<p style=\"text-align: justify;\"><span style=\"font-weight: 400;\">A Secretaria de Munic\u00edpio da Educa\u00e7\u00e3o de Rio Grande, atrav\u00e9s dos Editais <\/span><a href=\"https:\/\/www.riogrande.rs.gov.br\/smed\/wp-content\/uploads\/2020\/10\/20201028-edital_educacao_infantil.pdf\" target=\"_blank\" rel=\"noopener noreferrer\"><b>04\/2020<\/b><\/a><span style=\"font-weight: 400;\"> e <\/span><a href=\"https:\/\/www.riogrande.rs.gov.br\/smed\/wp-content\/uploads\/2020\/10\/20201028-edital_ensino_fundamental.pdf\" target=\"_blank\" rel=\"noopener noreferrer\"><b>05\/2020<\/b><\/a><span style=\"font-weight: 400;\">, torna p\u00fablico que as solicita\u00e7\u00f5es de transfer\u00eancias para a Rede Municipal de Ensino ser\u00e3o realizadas atrav\u00e9s da plataforma Pr\u00e9-Matr\u00edcula Digital. As inscri\u00e7\u00f5es online para a lista de espera dos(as) alunos(as) de N\u00edvel I e N\u00edvel II da Educa\u00e7\u00e3o Infantil e de 1\u00b0 a 9\u00b0 ano do Ensino Fundamental poder\u00e3o ser realizadas a partir do dia\u00a0 29 de outubro de 2020, exclusivamente atrav\u00e9s do site <\/span><strong><a href=\"https:\/\/riogrande.ieducar.com.br\/pre-matricula\" target=\"_blank\" rel=\"noopener noreferrer\">https:\/\/riogrande.ieducar.com.br\/pre-matricula<\/a><\/strong><\/p>\n<p style=\"text-align: justify;\"><span style=\"font-weight: 400;\">O acesso \u00e0s inscri\u00e7\u00f5es para a lista de espera ficar\u00e1 dispon\u00edvel no referido site at\u00e9 que ocorra a abertura do edital de novas matr\u00edculas para o ano letivo de 2021. <\/span><span style=\"font-weight: 400;\">Para obter maiores informa\u00e7\u00f5es, acesse os Editais<\/span> <a href=\"https:\/\/www.riogrande.rs.gov.br\/smed\/wp-content\/uploads\/2020\/10\/20201028-edital_educacao_infantil.pdf\" target=\"_blank\" rel=\"noopener noreferrer\"><b>04\/2020<\/b><\/a><span style=\"font-weight: 400;\"> e <\/span><a href=\"https:\/\/www.riogrande.rs.gov.br\/smed\/wp-content\/uploads\/2020\/10\/20201028-edital_ensino_fundamental.pdf\" target=\"_blank\" rel=\"noopener noreferrer\"><b>05\/2020<\/b><\/a><span style=\"font-weight: 400;\">.<\/span><\/p>\n<p style=\"text-align: right;\"><em><span style=\"font-weight: 400;\">SMEd<\/span><\/em><\/p>\n<hr \/>\n<p>Publicada 11\/02\/2020<\/p>\n<h2>N\u00facleo de Matr\u00edculas da SMEd iniciou Per\u00edodo de Atendimento Especial para o Educa\u00e7\u00e3o Infantil no dia 06<\/h2>\n<p style=\"text-align: justify;\"><span style=\"font-weight: 400;\">O N\u00facleo de Matr\u00edculas da Secretaria de Munic\u00edpio da Educa\u00e7\u00e3o de Rio Grande (SMEd) informa \u00e0 comunidade rio-grandina que, desde o dia 06 de fevereiro, iniciou o per\u00edodo de atendimento especial para a Educa\u00e7\u00e3o Infantil.\u00a0<\/span><\/p>\n<p style=\"text-align: justify;\"><span style=\"font-weight: 400;\">De acordo com a coordena\u00e7\u00e3o do N\u00facleo de Matr\u00edculas, a partir do dia 20 de fevereiro o atendimento ser\u00e1 voltado ao Ensino Fundamental (1\u00ba ao 9\u00ba Ano).\u00a0<\/span><\/p>\n<p style=\"text-align: justify;\"><span style=\"font-weight: 400;\">O hor\u00e1rio de atendimento ao p\u00fablico \u00e9 das <\/span><b>8h \u00e0s 13h30min<\/b><span style=\"font-weight: 400;\">, no Sal\u00e3o do Sobrado dos Azulejos, pr\u00e9dio que abriga a SMEd e est\u00e1 localizado na rua Marechal Floriano Peixoto, 103. S\u00e3o distribu\u00eddas, diariamente, <\/span><b>80 fichas<\/b><span style=\"font-weight: 400;\"> por dia. Maiores informa\u00e7\u00f5es pelo telefone <\/span><b>(53) 3230-8360<\/b><span style=\"font-weight: 400;\">.<\/span><\/p>\n<p style=\"text-align: right;\"><em>SMEd<\/em><br \/>\n<em>Roberton Reis<\/em><br \/>\n<em>Com informa\u00e7\u00f5es do N\u00facleo de Matr\u00edculas<\/em><\/p>\n<hr \/>\n<p>Publicada 04\/02\/2020<\/p>\n<h2>TRANSFER\u00caNCIAS DO 1\u00ba ao 9\u00ba DO ENSINO FUNDAMENTAL 3\u00ba PER\u00cdODO DE INSCRI\u00c7\u00d5ES \u2013 LISTAS DE INSCRI\u00c7\u00d5ES<\/h2>\n<ol>\n<li><a href=\"http:\/\/www.riogrande.rs.gov.br\/smed\/wp-content\/uploads\/2020\/02\/20200205-e3-altamir.pdf\" target=\"_blank\" rel=\"noopener noreferrer\"><strong>EMEF Altamir de Lacerda<\/strong><\/a><\/li>\n<li><a href=\"http:\/\/www.riogrande.rs.gov.br\/smed\/wp-content\/uploads\/2020\/02\/20200205-e3-ana_neri.pdf\" target=\"_blank\" rel=\"noopener noreferrer\"><strong>EMEF Ana Neri<\/strong><\/a><\/li>\n<li><a href=\"http:\/\/www.riogrande.rs.gov.br\/smed\/wp-content\/uploads\/2020\/02\/20200212-e3-antonio_lopes.pdf\" target=\"_blank\" rel=\"noopener noreferrer\"><strong>EMEF Ant\u00f4nio Carlos Lopes<\/strong><\/a><\/li>\n<li><a href=\"http:\/\/www.riogrande.rs.gov.br\/smed\/wp-content\/uploads\/2020\/02\/20200205-e3-anselmo_dias.pdf\" target=\"_blank\" rel=\"noopener noreferrer\"><strong>EMEF Anselmo Dias Lopes<\/strong><\/a><\/li>\n<li><a href=\"http:\/\/www.riogrande.rs.gov.br\/smed\/wp-content\/uploads\/2020\/02\/20200212-e3-assis_brasil.pdf\" target=\"_blank\" rel=\"noopener noreferrer\"><strong>EMEF Assis Brasil<\/strong><\/a><\/li>\n<li><a href=\"http:\/\/www.riogrande.rs.gov.br\/smed\/wp-content\/uploads\/2020\/02\/20200207-e3-barao_rio_branco.pdf\" target=\"_blank\" rel=\"noopener noreferrer\"><strong>EMEF Bar\u00e3o do Rio Branco<\/strong><\/a><\/li>\n<li><a href=\"http:\/\/www.riogrande.rs.gov.br\/smed\/wp-content\/uploads\/2020\/02\/20200212-e3-bento_goncalves.pdf\" target=\"_blank\" rel=\"noopener noreferrer\"><strong>EMEF Bento Gon\u00e7alves<\/strong><\/a><\/li>\n<li><a href=\"http:\/\/www.riogrande.rs.gov.br\/smed\/wp-content\/uploads\/2020\/02\/20200220-e3-caic.pdf\" target=\"_blank\" rel=\"noopener noreferrer\"><strong>EMEF Cidade do Rio Grande &#8211; CAIC<\/strong><\/a><\/li>\n<li><a href=\"http:\/\/www.riogrande.rs.gov.br\/smed\/wp-content\/uploads\/2020\/02\/20200204-e3-cipriano.pdf\" target=\"_blank\" rel=\"noopener noreferrer\"><strong>EMEF Cipriano Porto Alegre<\/strong><\/a><\/li>\n<li><a href=\"http:\/\/www.riogrande.rs.gov.br\/smed\/wp-content\/uploads\/2020\/02\/20200205-e3-clemente.pdf\" target=\"_blank\" rel=\"noopener noreferrer\"><strong>EMEF Clemente Pinto<\/strong><\/a><\/li>\n<li><a href=\"http:\/\/www.riogrande.rs.gov.br\/smed\/wp-content\/uploads\/2020\/02\/20200204-e3-coriolano.pdf\" target=\"_blank\" rel=\"noopener noreferrer\"><strong>EMEF Coriolano Ben\u00edcio<\/strong><\/a><\/li>\n<li><a href=\"http:\/\/www.riogrande.rs.gov.br\/smed\/wp-content\/uploads\/2020\/02\/20200507-e3-dom_pedro2.pdf\" target=\"_blank\" rel=\"noopener noreferrer\"><strong>EMEF Dom Pedro II<\/strong><\/a><\/li>\n<li><a href=\"http:\/\/www.riogrande.rs.gov.br\/smed\/wp-content\/uploads\/2020\/02\/20200207-e3-eliezer.pdf\" target=\"_blank\" rel=\"noopener noreferrer\"><strong>EMEF Eli\u00e9zer de Carvalho Rios<\/strong><\/a><\/li>\n<li><a href=\"http:\/\/www.riogrande.rs.gov.br\/smed\/wp-content\/uploads\/2020\/02\/20200212-e3-franca_pinto.pdf\" target=\"_blank\" rel=\"noopener noreferrer\"><strong>EMEF Fran\u00e7a Pinto<\/strong><\/a><\/li>\n<li><a href=\"http:\/\/www.riogrande.rs.gov.br\/smed\/wp-content\/uploads\/2020\/02\/20200204-e3-helena_small.pdf\" target=\"_blank\" rel=\"noopener noreferrer\"><strong>EMEF Helena Small<\/strong><\/a><\/li>\n<li><a href=\"http:\/\/www.riogrande.rs.gov.br\/smed\/wp-content\/uploads\/2020\/02\/20200210-e3-jayme_monteiro.pdf\" target=\"_blank\" rel=\"noopener noreferrer\"><strong>EMEF Jayme Monteiro<\/strong><\/a><\/li>\n<li><a href=\"http:\/\/www.riogrande.rs.gov.br\/smed\/wp-content\/uploads\/2020\/02\/20200211-e3-joao_de_oliveira.pdf\" target=\"_blank\" rel=\"noopener noreferrer\"><strong>EMEF Jo\u00e3o de Oliveira<\/strong><\/a><\/li>\n<li><a href=\"http:\/\/www.riogrande.rs.gov.br\/smed\/wp-content\/uploads\/2020\/02\/20200217-e3-luiza_tavares.pdf\" target=\"_blank\" rel=\"noopener noreferrer\"><strong>EMEF Luiza Sophia Schmidt Tavares<\/strong><\/a><\/li>\n<li><a href=\"http:\/\/www.riogrande.rs.gov.br\/smed\/wp-content\/uploads\/2020\/02\/20200217-e3-mate_amargo.pdf\" target=\"_blank\" rel=\"noopener noreferrer\"><strong>EMEF Mate Amargo<\/strong><\/a><\/li>\n<li><a href=\"http:\/\/www.riogrande.rs.gov.br\/smed\/wp-content\/uploads\/2020\/02\/20200214-e3-maria_angelica.pdf\" target=\"_blank\" rel=\"noopener noreferrer\"><strong>EMEF\u00a0<span style=\"font-size: 1rem;\">Maria Ang\u00e9lica<\/span><\/strong><\/a><\/li>\n<li><a href=\"http:\/\/www.riogrande.rs.gov.br\/smed\/wp-content\/uploads\/2020\/02\/20200212-e3-marilia_rodrigues.pdf\" target=\"_blank\" rel=\"noopener noreferrer\"><strong>EMEF Mar\u00edlia Rodrigues Santos<\/strong><\/a><\/li>\n<li><a href=\"http:\/\/www.riogrande.rs.gov.br\/smed\/wp-content\/uploads\/2020\/02\/20200205-e3-olavo_bilac.pdf\" target=\"_blank\" rel=\"noopener noreferrer\"><strong>EMEF Olavo Bilac<\/strong><\/a><\/li>\n<li><a href=\"http:\/\/www.riogrande.rs.gov.br\/smed\/wp-content\/uploads\/2020\/02\/20200204-e3-porto_seguro.pdf\" target=\"_blank\" rel=\"noopener noreferrer\"><strong>EMEF Porto Seguro<\/strong><\/a><\/li>\n<li><a href=\"http:\/\/www.riogrande.rs.gov.br\/smed\/wp-content\/uploads\/2020\/02\/20200212-e3-ramiz_galvao.pdf\" target=\"_blank\" rel=\"noopener noreferrer\"><strong>EMEF Ramiz Galv\u00e3o<\/strong><\/a><\/li>\n<li><a href=\"http:\/\/www.riogrande.rs.gov.br\/smed\/wp-content\/uploads\/2020\/02\/20200210-e3-rui_poester.pdf\" target=\"_blank\" rel=\"noopener noreferrer\"><strong>EMEF Rui Poester<\/strong><\/a><\/li>\n<li><a href=\"http:\/\/www.riogrande.rs.gov.br\/smed\/wp-content\/uploads\/2020\/02\/20200205-e3-sao_joao.pdf\" target=\"_blank\" rel=\"noopener noreferrer\"><strong>EMEF S\u00e3o Jo\u00e3o<\/strong><\/a><\/li>\n<li><a href=\"http:\/\/www.riogrande.rs.gov.br\/smed\/wp-content\/uploads\/2020\/02\/20200205-e3-sao_miguel.pdf\" target=\"_blank\" rel=\"noopener noreferrer\"><strong>EMEF S\u00e3o Miguel<\/strong><\/a><\/li>\n<li><a href=\"http:\/\/www.riogrande.rs.gov.br\/smed\/wp-content\/uploads\/2020\/02\/20200213-e3-viriato.pdf\" target=\"_blank\" rel=\"noopener noreferrer\"><strong>EMEF Viriato Corr\u00eaa<\/strong><\/a><\/li>\n<li><a href=\"http:\/\/www.riogrande.rs.gov.br\/smed\/wp-content\/uploads\/2020\/02\/20200205-e3-wanda.pdf\" target=\"_blank\" rel=\"noopener noreferrer\"><strong>EMEF Wanda Rocha Martins<\/strong><\/a><\/li>\n<li><a href=\"http:\/\/www.riogrande.rs.gov.br\/smed\/wp-content\/uploads\/2020\/02\/20200205-e3-zenir.pdf\" target=\"_blank\" rel=\"noopener noreferrer\"><strong>EMEF Zenir de Souza Braga<\/strong><\/a><\/li>\n<\/ol>\n<hr \/>\n<p>Publicada 03\/02\/2020<\/p>\n<h2>Per\u00edodo de Confirma\u00e7\u00e3o e Matr\u00edcula para Transfer\u00eancias do 1\u00b0 ao 9\u00b0 ano do Ensino Fundamental inicia nesta ter\u00e7a-feira, dia 04<\/h2>\n<div id=\"attachment_36738\" style=\"width: 495px\" class=\"wp-caption aligncenter\"><a href=\"http:\/\/www.riogrande.rs.gov.br\/smed\/wp-content\/uploads\/2019\/10\/20191029-ped-matriculas-image1.jpg\" rel=\"lightbox[36372]\"><img loading=\"lazy\" decoding=\"async\" aria-describedby=\"caption-attachment-36738\" class=\"size-medium wp-image-36738\" src=\"http:\/\/www.riogrande.rs.gov.br\/smed\/wp-content\/uploads\/2019\/10\/20191029-ped-matriculas-image1-485x343.jpg\" alt=\"\" width=\"485\" height=\"343\" srcset=\"https:\/\/www.riogrande.rs.gov.br\/smed\/wp-content\/uploads\/2019\/10\/20191029-ped-matriculas-image1-485x343.jpg 485w, https:\/\/www.riogrande.rs.gov.br\/smed\/wp-content\/uploads\/2019\/10\/20191029-ped-matriculas-image1-768x543.jpg 768w, https:\/\/www.riogrande.rs.gov.br\/smed\/wp-content\/uploads\/2019\/10\/20191029-ped-matriculas-image1-293x207.jpg 293w, https:\/\/www.riogrande.rs.gov.br\/smed\/wp-content\/uploads\/2019\/10\/20191029-ped-matriculas-image1-624x441.jpg 624w, https:\/\/www.riogrande.rs.gov.br\/smed\/wp-content\/uploads\/2019\/10\/20191029-ped-matriculas-image1.jpg 1122w\" sizes=\"(max-width: 485px) 100vw, 485px\" \/><\/a><p id=\"caption-attachment-36738\" class=\"wp-caption-text\">Divulga\u00e7\u00e3o<\/p><\/div>\n<p style=\"text-align: justify;\">A Secretaria de Munic\u00edpio da Educa\u00e7\u00e3o de Rio Grande (SMEd), atrav\u00e9s do N\u00facleo de Matr\u00edculas, informa que o per\u00edodo de Confirma\u00e7\u00e3o e Matr\u00edcula para transfer\u00eancias do <b>1\u00b0 ao 9\u00b0 Ano do Ensino Fundamental<\/b> da Rede P\u00fablica Municipal de Ensino inicia nesta ter\u00e7a-feira, dia <b>04 de fevereiro<\/b>.<\/p>\n<p style=\"text-align: justify;\">A Confirma\u00e7\u00e3o de Matr\u00edcula deve ser realizada diretamente na escola solicitada, nos dias <b>04, 06, 11, 13 e 18 de fevereiro<\/b>. Para efetivar a matr\u00edcula do(a) aluno(a), \u00e9 obrigat\u00f3ria a apresenta\u00e7\u00e3o dos seguintes documentos:<\/p>\n<ul style=\"text-align: justify;\">\n<li>Certid\u00e3o de Nascimento do(a) aluno(a) (original e fotoc\u00f3pia);<\/li>\n<li>CPF e RG dos respons\u00e1veis legais;<\/li>\n<li>Comprovante de resid\u00eancia, com o nome dos respons\u00e1veis legais ou declara\u00e7\u00e3o de moradia reconhecida em cart\u00f3rio;<\/li>\n<li>Atestado de frequ\u00eancia escolar da escola de origem;<\/li>\n<li>Atestado de vacina\u00e7\u00e3o e o cart\u00e3o SUS;<\/li>\n<li>Alunos com NEE (Necessidades Educacionais Espec\u00edficas) devem apresentar documento que ateste a indica\u00e7\u00e3o de diagn\u00f3stico ou laudo m\u00e9dico com identifica\u00e7\u00e3o leg\u00edvel da defici\u00eancia.<\/li>\n<\/ul>\n<p style=\"text-align: justify;\">Para obter maiores informa\u00e7\u00f5es, acesse o <a href=\"http:\/\/www.riogrande.rs.gov.br\/matriculas\/externo\/2019\/edital3.pdf\" target=\"_blank\" rel=\"noopener noreferrer\"><b>Edital<\/b><\/a> do Processo de Transfer\u00eancias do 1\u00b0 ao 9\u00b0 Ano do Ensino Fundamental.<\/p>\n<p style=\"text-align: right;\"><em>SMEd<\/em><\/p>\n<hr \/>\n<p>Publicada 20\/01\/2020<\/p>\n<h2>Processo de Matr\u00edculas 2019\/2020: Per\u00edodo de inscri\u00e7\u00f5es para Transfer\u00eancias do 1\u00b0 ao 9\u00b0 ano do Ensino Fundamental encerra nesta quarta-feira, 22<\/h2>\n<div id=\"attachment_36738\" style=\"width: 495px\" class=\"wp-caption aligncenter\"><a href=\"http:\/\/www.riogrande.rs.gov.br\/smed\/wp-content\/uploads\/2019\/10\/20191029-ped-matriculas-image1.jpg\" rel=\"lightbox[36372]\"><img loading=\"lazy\" decoding=\"async\" aria-describedby=\"caption-attachment-36738\" class=\"size-medium wp-image-36738\" src=\"http:\/\/www.riogrande.rs.gov.br\/smed\/wp-content\/uploads\/2019\/10\/20191029-ped-matriculas-image1-485x343.jpg\" alt=\"\" width=\"485\" height=\"343\" srcset=\"https:\/\/www.riogrande.rs.gov.br\/smed\/wp-content\/uploads\/2019\/10\/20191029-ped-matriculas-image1-485x343.jpg 485w, https:\/\/www.riogrande.rs.gov.br\/smed\/wp-content\/uploads\/2019\/10\/20191029-ped-matriculas-image1-768x543.jpg 768w, https:\/\/www.riogrande.rs.gov.br\/smed\/wp-content\/uploads\/2019\/10\/20191029-ped-matriculas-image1-293x207.jpg 293w, https:\/\/www.riogrande.rs.gov.br\/smed\/wp-content\/uploads\/2019\/10\/20191029-ped-matriculas-image1-624x441.jpg 624w, https:\/\/www.riogrande.rs.gov.br\/smed\/wp-content\/uploads\/2019\/10\/20191029-ped-matriculas-image1.jpg 1122w\" sizes=\"(max-width: 485px) 100vw, 485px\" \/><\/a><p id=\"caption-attachment-36738\" class=\"wp-caption-text\">Divulga\u00e7\u00e3o<\/p><\/div>\n<p style=\"text-align: justify;\"><span style=\"font-weight: 400;\">A Secretaria de Munic\u00edpio da Educa\u00e7\u00e3o de Rio Grande (SMEd), atrav\u00e9s do N\u00facleo de Matr\u00edculas, informa que o per\u00edodo de inscri\u00e7\u00f5es para transfer\u00eancias do <\/span><b>1\u00b0 ao 9\u00b0 Ano do Ensino Fundamental<\/b><span style=\"font-weight: 400;\"> da Rede P\u00fablica Municipal de Ensino encerra na pr\u00f3xima quarta-feira, dia<\/span><b> 22 de janeiro<\/b><span style=\"font-weight: 400;\">.<\/span><\/p>\n<p style=\"text-align: justify;\"><span style=\"font-weight: 400;\">As inscri\u00e7\u00f5es devem ser realizadas exclusivamente atrav\u00e9s do site <\/span><a href=\"http:\/\/www.riogrande.rs.gov.br\/matriculas\" target=\"_blank\" rel=\"noopener noreferrer\"><b>www.riogrande.rs.gov.br\/matriculas<\/b><\/a><span style=\"font-weight: 400;\">. Para obter maiores informa\u00e7\u00f5es, acesse o<\/span> <a href=\"http:\/\/www.riogrande.rs.gov.br\/matriculas\/externo\/2019\/edital3.pdf\" target=\"_blank\" rel=\"noopener noreferrer\"><b>Edital <\/b><\/a><span style=\"font-weight: 400;\">do Processo de Transfer\u00eancias do 1\u00b0 ao 9\u00b0 Ano do Ensino Fundamental.<\/span><\/p>\n<p style=\"text-align: right;\"><em><span style=\"font-weight: 400;\">SMEd<\/span><\/em><\/p>\n<p>&nbsp;<\/p>\n<hr \/>\n<p>Publicada 04\/01\/2020<\/p>\n<h2>Per\u00edodo de inscri\u00e7\u00f5es para Transfer\u00eancias do 1\u00b0 ao 9\u00b0 ano do Ensino Fundamental inicia na pr\u00f3xima segunda-feira, dia 06<\/h2>\n<div id=\"attachment_36738\" style=\"width: 495px\" class=\"wp-caption aligncenter\"><a href=\"http:\/\/www.riogrande.rs.gov.br\/smed\/wp-content\/uploads\/2019\/10\/20191029-ped-matriculas-image1.jpg\" rel=\"lightbox[36372]\"><img loading=\"lazy\" decoding=\"async\" aria-describedby=\"caption-attachment-36738\" class=\"size-medium wp-image-36738\" src=\"http:\/\/www.riogrande.rs.gov.br\/smed\/wp-content\/uploads\/2019\/10\/20191029-ped-matriculas-image1-485x343.jpg\" alt=\"\" width=\"485\" height=\"343\" srcset=\"https:\/\/www.riogrande.rs.gov.br\/smed\/wp-content\/uploads\/2019\/10\/20191029-ped-matriculas-image1-485x343.jpg 485w, https:\/\/www.riogrande.rs.gov.br\/smed\/wp-content\/uploads\/2019\/10\/20191029-ped-matriculas-image1-768x543.jpg 768w, https:\/\/www.riogrande.rs.gov.br\/smed\/wp-content\/uploads\/2019\/10\/20191029-ped-matriculas-image1-293x207.jpg 293w, https:\/\/www.riogrande.rs.gov.br\/smed\/wp-content\/uploads\/2019\/10\/20191029-ped-matriculas-image1-624x441.jpg 624w, https:\/\/www.riogrande.rs.gov.br\/smed\/wp-content\/uploads\/2019\/10\/20191029-ped-matriculas-image1.jpg 1122w\" sizes=\"(max-width: 485px) 100vw, 485px\" \/><\/a><p id=\"caption-attachment-36738\" class=\"wp-caption-text\">Divulga\u00e7\u00e3o<\/p><\/div>\n<p style=\"text-align: justify;\"><span style=\"font-weight: 400;\">A Secretaria de Munic\u00edpio da Educa\u00e7\u00e3o de Rio Grande (SMEd), atrav\u00e9s do N\u00facleo de Matr\u00edculas, informa que o per\u00edodo de inscri\u00e7\u00f5es para transfer\u00eancias do <\/span><b>1\u00b0 ao 9\u00b0 Ano do Ensino Fundamental<\/b><span style=\"font-weight: 400;\"> da Rede P\u00fablica Municipal de Ensino inicia na pr\u00f3xima segunda-feira, dia <\/span><b>06 de janeiro<\/b><span style=\"font-weight: 400;\">.<\/span><\/p>\n<p style=\"text-align: justify;\"><span style=\"font-weight: 400;\">As inscri\u00e7\u00f5es devem ser realizadas exclusivamente atrav\u00e9s do site <\/span><a href=\"http:\/\/www.riogrande.rs.gov.br\/matriculas\" target=\"_blank\" rel=\"noopener noreferrer\"><b>www.riogrande.rs.gov.br\/matriculas<\/b><\/a><span style=\"font-weight: 400;\">, <\/span><b>at\u00e9 o dia 22 de janeiro<\/b><span style=\"font-weight: 400;\">. Para obter maiores informa\u00e7\u00f5es, acesse o <\/span><a href=\"http:\/\/www.riogrande.rs.gov.br\/matriculas\/externo\/2019\/edital3.pdf\" target=\"_blank\" rel=\"noopener noreferrer\"><b>Edital <\/b><\/a><span style=\"font-weight: 400;\">do Processo de Transfer\u00eancias do 1\u00b0 ao 9\u00b0 Ano do Ensino Fundamental.<\/span><\/p>\n<p style=\"text-align: right;\"><em>SMEd<\/em><\/p>\n<hr \/>\n<p>Publicada 30\/12\/2019<\/p>\n<h2>Processo de Matr\u00edculas 2019\/2020: Per\u00edodo de inscri\u00e7\u00f5es para Transfer\u00eancias do 1\u00b0 ao 9\u00b0 ano do Ensino Fundamental inicia no 06 de janeiro<\/h2>\n<div id=\"attachment_36738\" style=\"width: 495px\" class=\"wp-caption aligncenter\"><a href=\"http:\/\/www.riogrande.rs.gov.br\/smed\/wp-content\/uploads\/2019\/10\/20191029-ped-matriculas-image1.jpg\" rel=\"lightbox[36372]\"><img loading=\"lazy\" decoding=\"async\" aria-describedby=\"caption-attachment-36738\" class=\"size-medium wp-image-36738\" src=\"http:\/\/www.riogrande.rs.gov.br\/smed\/wp-content\/uploads\/2019\/10\/20191029-ped-matriculas-image1-485x343.jpg\" alt=\"\" width=\"485\" height=\"343\" srcset=\"https:\/\/www.riogrande.rs.gov.br\/smed\/wp-content\/uploads\/2019\/10\/20191029-ped-matriculas-image1-485x343.jpg 485w, https:\/\/www.riogrande.rs.gov.br\/smed\/wp-content\/uploads\/2019\/10\/20191029-ped-matriculas-image1-768x543.jpg 768w, https:\/\/www.riogrande.rs.gov.br\/smed\/wp-content\/uploads\/2019\/10\/20191029-ped-matriculas-image1-293x207.jpg 293w, https:\/\/www.riogrande.rs.gov.br\/smed\/wp-content\/uploads\/2019\/10\/20191029-ped-matriculas-image1-624x441.jpg 624w, https:\/\/www.riogrande.rs.gov.br\/smed\/wp-content\/uploads\/2019\/10\/20191029-ped-matriculas-image1.jpg 1122w\" sizes=\"(max-width: 485px) 100vw, 485px\" \/><\/a><p id=\"caption-attachment-36738\" class=\"wp-caption-text\">Divulga\u00e7\u00e3o<\/p><\/div>\n<p style=\"text-align: justify;\">A Secretaria de Munic\u00edpio da Educa\u00e7\u00e3o de Rio Grande (SMEd), atrav\u00e9s do N\u00facleo de Matr\u00edculas, informa que o per\u00edodo de inscri\u00e7\u00f5es para transfer\u00eancias do <b>1\u00b0 ao 9\u00b0 Ano do Ensino Fundamental<\/b> da Rede P\u00fablica Municipal de Ensino inicia no dia <b>06 de janeiro<\/b>, segunda-feira.<\/p>\n<p style=\"text-align: justify;\">As inscri\u00e7\u00f5es devem ser realizadas exclusivamente atrav\u00e9s do site <a href=\"http:\/\/www.riogrande.rs.gov.br\/matriculas\" target=\"_blank\" rel=\"noopener noreferrer\"><b>www.riogrande.rs.gov.br\/matriculas<\/b><\/a>, <b>at\u00e9 o dia 22 de janeiro<\/b>. Para obter maiores informa\u00e7\u00f5es, acesse o <a href=\"http:\/\/www.riogrande.rs.gov.br\/matriculas\/externo\/2019\/edital3.pdf\" target=\"_blank\" rel=\"noopener noreferrer\"><b>Edital <\/b><\/a>do Processo de Transfer\u00eancias do 1\u00b0 ao 9\u00b0 Ano do Ensino Fundamental.<\/p>\n<p style=\"text-align: right;\"><em>SMEd<\/em><\/p>\n<hr \/>\n<p>Publicada 23\/12\/2019<\/p>\n<h2>Processo de Matr\u00edculas 2019\/2020: Per\u00edodo de inscri\u00e7\u00f5es para Transfer\u00eancias do 1\u00b0 ao 9\u00b0 Ano do Ensino Fundamental inicia no dia 06 de janeiro<\/h2>\n<p>&nbsp;<\/p>\n<div id=\"attachment_36738\" style=\"width: 495px\" class=\"wp-caption aligncenter\"><a href=\"http:\/\/www.riogrande.rs.gov.br\/smed\/wp-content\/uploads\/2019\/10\/20191029-ped-matriculas-image1.jpg\" rel=\"lightbox[36372]\"><img loading=\"lazy\" decoding=\"async\" aria-describedby=\"caption-attachment-36738\" class=\"size-medium wp-image-36738\" src=\"http:\/\/www.riogrande.rs.gov.br\/smed\/wp-content\/uploads\/2019\/10\/20191029-ped-matriculas-image1-485x343.jpg\" alt=\"\" width=\"485\" height=\"343\" srcset=\"https:\/\/www.riogrande.rs.gov.br\/smed\/wp-content\/uploads\/2019\/10\/20191029-ped-matriculas-image1-485x343.jpg 485w, https:\/\/www.riogrande.rs.gov.br\/smed\/wp-content\/uploads\/2019\/10\/20191029-ped-matriculas-image1-768x543.jpg 768w, https:\/\/www.riogrande.rs.gov.br\/smed\/wp-content\/uploads\/2019\/10\/20191029-ped-matriculas-image1-293x207.jpg 293w, https:\/\/www.riogrande.rs.gov.br\/smed\/wp-content\/uploads\/2019\/10\/20191029-ped-matriculas-image1-624x441.jpg 624w, https:\/\/www.riogrande.rs.gov.br\/smed\/wp-content\/uploads\/2019\/10\/20191029-ped-matriculas-image1.jpg 1122w\" sizes=\"(max-width: 485px) 100vw, 485px\" \/><\/a><p id=\"caption-attachment-36738\" class=\"wp-caption-text\">Divulga\u00e7\u00e3o<\/p><\/div>\n<p style=\"text-align: right;\"><em>SMEd<\/em><\/p>\n<hr \/>\n<p>Publicada 25\/11\/2019<\/p>\n<h2>Processo de Matr\u00edculas 2019\/2020: Per\u00edodo para Confirma\u00e7\u00e3o de Vaga e Matr\u00edcula das Crian\u00e7as na Educa\u00e7\u00e3o Infantil Regulares iniciou nesta segunda-feira, 25<\/h2>\n<div id=\"attachment_36738\" style=\"width: 495px\" class=\"wp-caption aligncenter\"><a href=\"http:\/\/www.riogrande.rs.gov.br\/smed\/wp-content\/uploads\/2019\/10\/20191029-ped-matriculas-image1.jpg\" rel=\"lightbox[36372]\"><img loading=\"lazy\" decoding=\"async\" aria-describedby=\"caption-attachment-36738\" class=\"size-medium wp-image-36738\" src=\"http:\/\/www.riogrande.rs.gov.br\/smed\/wp-content\/uploads\/2019\/10\/20191029-ped-matriculas-image1-485x343.jpg\" alt=\"\" width=\"485\" height=\"343\" srcset=\"https:\/\/www.riogrande.rs.gov.br\/smed\/wp-content\/uploads\/2019\/10\/20191029-ped-matriculas-image1-485x343.jpg 485w, https:\/\/www.riogrande.rs.gov.br\/smed\/wp-content\/uploads\/2019\/10\/20191029-ped-matriculas-image1-768x543.jpg 768w, https:\/\/www.riogrande.rs.gov.br\/smed\/wp-content\/uploads\/2019\/10\/20191029-ped-matriculas-image1-293x207.jpg 293w, https:\/\/www.riogrande.rs.gov.br\/smed\/wp-content\/uploads\/2019\/10\/20191029-ped-matriculas-image1-624x441.jpg 624w, https:\/\/www.riogrande.rs.gov.br\/smed\/wp-content\/uploads\/2019\/10\/20191029-ped-matriculas-image1.jpg 1122w\" sizes=\"(max-width: 485px) 100vw, 485px\" \/><\/a><p id=\"caption-attachment-36738\" class=\"wp-caption-text\">Divulga\u00e7\u00e3o<\/p><\/div>\n<p style=\"text-align: justify;\">A Secretaria de Munic\u00edpio da Educa\u00e7\u00e3o (SMEd), atrav\u00e9s do N\u00facleo de Matr\u00edculas, informa que o per\u00edodo de <b>Confirma\u00e7\u00e3o de Vaga e Matr\u00edcula das Crian\u00e7as na Educa\u00e7\u00e3o Infantil Regulares <\/b>iniciou nesta segunda-feira, dia <b>25 de novembro<\/b> e encerra na sexta-feira, dia<b> 29 de novembro<\/b>.<\/p>\n<p style=\"text-align: justify;\">De acordo com a coordenadora do N\u00facleo de Matr\u00edculas da SMEd, Cl\u00e1udia Miranda, no momento da matr\u00edcula, que deve ser realizada na secretaria da Escola Solicitada, \u00e9 obrigat\u00f3ria a apresenta\u00e7\u00e3o dos seguintes documentos:<\/p>\n<ul>\n<li style=\"text-align: justify;\">Certid\u00e3o de Nascimento do(a) aluno(a) (original e fotoc\u00f3pia);<\/li>\n<li style=\"text-align: justify;\">Comprovante de resid\u00eancia com o nome dos respons\u00e1veis legais ou declara\u00e7\u00e3o de moradia reconhecida em cart\u00f3rio;<\/li>\n<li style=\"text-align: justify;\">CPF e RG dos respons\u00e1veis legais;<\/li>\n<li style=\"text-align: justify;\">Atestado de vacina\u00e7\u00e3o e cart\u00e3o SUS.<\/li>\n<\/ul>\n<p style=\"text-align: right;\"><i>SMEd<\/i><\/p>\n<p>&nbsp;<\/p>\n<hr \/>\n<p>Publicada 25\/11\/2019<\/p>\n<h2>INGRESSO DAS CRIAN\u00c7AS NA EDUCA\u00c7\u00c3O INFANTIL 2\u00ba PER\u00cdODO DE INSCRI\u00c7\u00d5ES \u2013 LISTAS DE INSCRI\u00c7\u00d5ES<\/h2>\n<ol>\n<li><a href=\"http:\/\/www.riogrande.rs.gov.br\/smed\/wp-content\/uploads\/2019\/11\/20191129-e2-admar_correa.pdf\" target=\"_blank\" rel=\"noopener noreferrer\"><strong>EMEF Admar Corr\u00eaa<\/strong><\/a><\/li>\n<li><a href=\"http:\/\/www.riogrande.rs.gov.br\/smed\/wp-content\/uploads\/2019\/11\/20191128-e2-altamir_de_lacerda.pdf\" target=\"_blank\" rel=\"noopener noreferrer\"><strong>EMEF Altamir de Lacerda Nascimento<\/strong><\/a><\/li>\n<li><a href=\"http:\/\/www.riogrande.rs.gov.br\/smed\/wp-content\/uploads\/2019\/11\/20191127-e2-anselmo.pdf\" target=\"_blank\" rel=\"noopener noreferrer\"><strong>EMEF Anselmo Dias Lopes<\/strong><\/a><\/li>\n<li><a href=\"http:\/\/www.riogrande.rs.gov.br\/smed\/wp-content\/uploads\/2019\/11\/20191127-e2-antonio_carlos_lopes.pdf\" target=\"_blank\" rel=\"noopener noreferrer\"><strong>EMEF Ant\u00f4nio Carlos Lopes<\/strong><\/a><\/li>\n<li><a href=\"http:\/\/www.riogrande.rs.gov.br\/smed\/wp-content\/uploads\/2019\/11\/20191129-e2-apolinario.pdf\" target=\"_blank\" rel=\"noopener noreferrer\"><strong>EMEF Apolin\u00e1rio Porto Alegre<\/strong><\/a><\/li>\n<li><a href=\"http:\/\/www.riogrande.rs.gov.br\/smed\/wp-content\/uploads\/2019\/11\/20191128-e2-aurora_cadaval.pdf\" target=\"_blank\" rel=\"noopener noreferrer\"><strong>EMEF Aurora Cadaval<\/strong><\/a><\/li>\n<li><a href=\"http:\/\/www.riogrande.rs.gov.br\/smed\/wp-content\/uploads\/2019\/11\/20191129-e2-caic.pdf\" target=\"_blank\" rel=\"noopener noreferrer\"><strong>EMEF Cidade do Rio Grande &#8211; CAIC<\/strong><\/a><\/li>\n<li><a href=\"http:\/\/www.riogrande.rs.gov.br\/smed\/wp-content\/uploads\/2019\/11\/20191125-e2-clemente_pinto.pdf\" target=\"_blank\" rel=\"noopener noreferrer\"><strong>EMEF Clemente Pinto<\/strong><\/a><\/li>\n<li><a href=\"http:\/\/www.riogrande.rs.gov.br\/smed\/wp-content\/uploads\/2019\/12\/20191211-e2-coracao_maria.pdf\" target=\"_blank\" rel=\"noopener noreferrer\"><strong>EMEF Cora\u00e7\u00e3o de Maria<\/strong><\/a><\/li>\n<li><a href=\"http:\/\/www.riogrande.rs.gov.br\/smed\/wp-content\/uploads\/2019\/12\/20191211-e2-pedro_osorio.pdf\" target=\"_blank\" rel=\"noopener noreferrer\"><strong>EMEF Coronel Pedro Os\u00f3rio<\/strong><\/a><\/li>\n<li><a href=\"http:\/\/www.riogrande.rs.gov.br\/smed\/wp-content\/uploads\/2019\/11\/20191125-e2-dolores_garcia.pdf\" target=\"_blank\" rel=\"noopener noreferrer\"><strong>EMEF Dolores Garcia<\/strong><\/a><\/li>\n<li><a href=\"http:\/\/www.riogrande.rs.gov.br\/smed\/wp-content\/uploads\/2019\/11\/20191127-e2-dom_pedro2.pdf\" target=\"_blank\" rel=\"noopener noreferrer\"><strong>EMEF Dom Pedro II<\/strong><\/a><\/li>\n<li><a href=\"http:\/\/www.riogrande.rs.gov.br\/smed\/wp-content\/uploads\/2019\/11\/20191125-e2-franca_pinto.pdf\" target=\"_blank\" rel=\"noopener noreferrer\"><strong>EMEF Fran\u00e7a Pinto<\/strong><\/a><\/li>\n<li><a href=\"http:\/\/www.riogrande.rs.gov.br\/smed\/wp-content\/uploads\/2019\/11\/20191125-e2-buchholz.pdf\" target=\"_blank\" rel=\"noopener noreferrer\"><strong>EMEF Frederico Ernesto Buchholz<\/strong><\/a><\/li>\n<li><a href=\"http:\/\/www.riogrande.rs.gov.br\/smed\/wp-content\/uploads\/2019\/11\/20191128-e2-helena_small.pdf\" target=\"_blank\" rel=\"noopener noreferrer\"><strong>EMEF Helena Small<\/strong><\/a><\/li>\n<li><a href=\"http:\/\/www.riogrande.rs.gov.br\/smed\/wp-content\/uploads\/2019\/11\/20191129-e2-jayme_monteiro.pdf\" target=\"_blank\" rel=\"noopener noreferrer\"><strong>EMEF Jayme Monteiro<\/strong><\/a><\/li>\n<li><a href=\"http:\/\/www.riogrande.rs.gov.br\/smed\/wp-content\/uploads\/2019\/12\/20191211-e2-liberato_salzano.pdf\" target=\"_blank\" rel=\"noopener noreferrer\"><strong>EMEF Liberato Salzano<\/strong><\/a><\/li>\n<li><a href=\"http:\/\/www.riogrande.rs.gov.br\/smed\/wp-content\/uploads\/2019\/11\/20191129-e2-luiza_tavares.pdf\" target=\"_blank\" rel=\"noopener noreferrer\"><strong>EMEF Luiza Sophia Schmidt Tavares<\/strong><\/a><\/li>\n<li><a href=\"http:\/\/www.riogrande.rs.gov.br\/smed\/wp-content\/uploads\/2019\/11\/20191128-e2-manoel_mano.pdf\" target=\"_blank\" rel=\"noopener noreferrer\"><strong>EMEF Manoel Martins Mano<\/strong><\/a><\/li>\n<li><a href=\"http:\/\/www.riogrande.rs.gov.br\/smed\/wp-content\/uploads\/2019\/12\/20191211-e2-maria_graca_reyes.pdf\" target=\"_blank\" rel=\"noopener noreferrer\"><strong>EMEF Maria da Gra\u00e7a Reyes<\/strong><\/a><\/li>\n<li><a href=\"http:\/\/www.riogrande.rs.gov.br\/smed\/wp-content\/uploads\/2019\/12\/20191211-e2-marilia_rodrigues.pdf\" target=\"_blank\" rel=\"noopener noreferrer\"><strong>EMEF Mar\u00edlia Rodrigues Santos<\/strong><\/a><\/li>\n<li><a href=\"http:\/\/www.riogrande.rs.gov.br\/smed\/wp-content\/uploads\/2019\/11\/20191128-e2-mate_amargo.pdf\" target=\"_blank\" rel=\"noopener noreferrer\"><strong>EMEF Mate Amargo<\/strong><\/a><\/li>\n<li><a href=\"http:\/\/www.riogrande.rs.gov.br\/smed\/wp-content\/uploads\/2019\/11\/20191128-e2-olavo_bilac.pdf\" target=\"_blank\" rel=\"noopener noreferrer\"><strong>EMEF Olavo Bilac<\/strong><\/a><\/li>\n<li><a href=\"http:\/\/www.riogrande.rs.gov.br\/smed\/wp-content\/uploads\/2019\/11\/20191128-e2-ramiz_galvao.pdf\" target=\"_blank\" rel=\"noopener noreferrer\"><strong>EMEF Ramiz Galv\u00e3o<\/strong><\/a><\/li>\n<li><a href=\"http:\/\/www.riogrande.rs.gov.br\/smed\/wp-content\/uploads\/2019\/12\/20191212-e2-roque_aita.pdf\" target=\"_blank\" rel=\"noopener noreferrer\"><strong>EMEF Roque A\u00edta Jr.<\/strong><\/a><\/li>\n<li><a href=\"http:\/\/www.riogrande.rs.gov.br\/smed\/wp-content\/uploads\/2019\/11\/20191125-e2-rui_poester.pdf\" target=\"_blank\" rel=\"noopener noreferrer\"><strong>EMEF Rui Poester Peixoto<\/strong><\/a><\/li>\n<li><a href=\"http:\/\/www.riogrande.rs.gov.br\/smed\/wp-content\/uploads\/2019\/12\/20191211-e2-santana.pdf\" target=\"_blank\" rel=\"noopener noreferrer\"><strong>EMEF Sant&#8217;Ana<\/strong><\/a><\/li>\n<li><a href=\"http:\/\/www.riogrande.rs.gov.br\/smed\/wp-content\/uploads\/2019\/11\/20191128-e2-sao_miguel.pdf\" target=\"_blank\" rel=\"noopener noreferrer\"><strong>EMEF S\u00e3o Miguel<\/strong><\/a><\/li>\n<li><a href=\"http:\/\/www.riogrande.rs.gov.br\/smed\/wp-content\/uploads\/2019\/11\/20191128-e2-zelly_esmeraldo.pdf\" target=\"_blank\" rel=\"noopener noreferrer\"><strong>EMEF Zelly Pereira Esmeraldo<\/strong><\/a><\/li>\n<li><a href=\"http:\/\/www.riogrande.rs.gov.br\/smed\/wp-content\/uploads\/2019\/11\/20191125-e2-zenir.pdf\" target=\"_blank\" rel=\"noopener noreferrer\"><strong>EMEF Zenir de Souza Braga<\/strong><\/a><\/li>\n<li><a href=\"http:\/\/www.riogrande.rs.gov.br\/smed\/wp-content\/uploads\/2019\/11\/20191125-e2-alcides_barcelos.pdf\" target=\"_blank\" rel=\"noopener noreferrer\"><strong>EMEI Alcides Barcelos<\/strong><\/a><\/li>\n<li><a href=\"http:\/\/www.riogrande.rs.gov.br\/smed\/wp-content\/uploads\/2019\/11\/20191127-e2-casa_crianca_augusto_duprat.pdf\" target=\"_blank\" rel=\"noopener noreferrer\"><strong>EMEI Casa da Crian\u00e7a Dr. Augusto Duprat<\/strong><\/a><\/li>\n<li><a href=\"http:\/\/www.riogrande.rs.gov.br\/smed\/wp-content\/uploads\/2019\/11\/20191125-e2-castelo_branco.pdf\" target=\"_blank\" rel=\"noopener noreferrer\"><strong>EMEI Castelo Branco<\/strong><\/a><\/li>\n<li><a href=\"http:\/\/www.riogrande.rs.gov.br\/smed\/wp-content\/uploads\/2019\/11\/20191128-e2-daisy_pagel.pdf\" target=\"_blank\" rel=\"noopener noreferrer\"><strong>EMEI Daisy Guma Pagel<\/strong><\/a><\/li>\n<li><a href=\"http:\/\/www.riogrande.rs.gov.br\/smed\/wp-content\/uploads\/2019\/11\/20191127-e2-deborah_sayao.pdf\" target=\"_blank\" rel=\"noopener noreferrer\"><strong>EMEI Deborah Thom\u00e9 Say\u00e3o<\/strong><\/a><\/li>\n<li><a href=\"http:\/\/www.riogrande.rs.gov.br\/smed\/wp-content\/uploads\/2019\/11\/20191128-e2-eva_mann.pdf\" target=\"_blank\" rel=\"noopener noreferrer\"><strong>EMEI Eva Mann<\/strong><\/a><\/li>\n<li><a href=\"http:\/\/www.riogrande.rs.gov.br\/smed\/wp-content\/uploads\/2019\/11\/20191127-e2-fraternidade.pdf\" target=\"_blank\" rel=\"noopener noreferrer\"><strong>EMEI Fraternidade<\/strong><\/a><\/li>\n<li><a href=\"http:\/\/www.riogrande.rs.gov.br\/smed\/wp-content\/uploads\/2019\/12\/20191211-e2-lyons_club.pdf\" target=\"_blank\" rel=\"noopener noreferrer\"><strong>EMEI Lyons Clube<\/strong><\/a><\/li>\n<li><a href=\"http:\/\/www.riogrande.rs.gov.br\/smed\/wp-content\/uploads\/2019\/11\/20191127-e2-maria_da_gloria.pdf\" target=\"_blank\" rel=\"noopener noreferrer\"><strong>EMEI Maria da Gl\u00f3ria Pinto Pereira<\/strong><\/a><\/li>\n<li><a href=\"http:\/\/www.riogrande.rs.gov.br\/smed\/wp-content\/uploads\/2019\/11\/20191128-e2-nilza_alves.pdf\" target=\"_blank\" rel=\"noopener noreferrer\"><strong>EMEI Nilza Alves Gon\u00e7alves<\/strong><\/a><\/li>\n<li><a href=\"http:\/\/www.riogrande.rs.gov.br\/smed\/wp-content\/uploads\/2019\/11\/20191129-e2-oscar_moraes.pdf\" target=\"_blank\" rel=\"noopener noreferrer\"><strong>EMEI Oscar Moraes<\/strong><\/a><\/li>\n<li><a href=\"http:\/\/www.riogrande.rs.gov.br\/smed\/wp-content\/uploads\/2019\/11\/20191125-e2-querencia.pdf\" target=\"_blank\" rel=\"noopener noreferrer\"><strong>EMEI Quer\u00eancia<\/strong><\/a><\/li>\n<li><a href=\"http:\/\/www.riogrande.rs.gov.br\/smed\/wp-content\/uploads\/2019\/11\/20191128-e2-tia_luizinha.pdf\" target=\"_blank\" rel=\"noopener noreferrer\"><strong>EMEI Tia Luizinha<\/strong><\/a><\/li>\n<li><a href=\"http:\/\/www.riogrande.rs.gov.br\/smed\/wp-content\/uploads\/2019\/11\/20191128-e2-verenice.pdf\" target=\"_blank\" rel=\"noopener noreferrer\"><strong>EMEI Verenice Ferreira Gon\u00e7alves<\/strong><\/a><\/li>\n<li><a href=\"http:\/\/www.riogrande.rs.gov.br\/smed\/wp-content\/uploads\/2019\/11\/20191128-e2-vila_da_quinta.pdf\" target=\"_blank\" rel=\"noopener noreferrer\"><strong>EMEI Vila da Quinta<\/strong><\/a><\/li>\n<li><a href=\"http:\/\/www.riogrande.rs.gov.br\/smed\/wp-content\/uploads\/2019\/11\/20191125-e2-vovo_zoquinha.pdf\" target=\"_blank\" rel=\"noopener noreferrer\"><strong>EMEI Vov\u00f3 Zoquinha<\/strong><\/a><\/li>\n<\/ol>\n<hr \/>\n<p>Publicada 22\/11\/2019<\/p>\n<h2>ERRATA<\/h2>\n<p style=\"text-align: justify;\">A Secretaria de Munic\u00edpio da Educa\u00e7\u00e3o de Rio Grande, atrav\u00e9s do N\u00facleo de Matr\u00edculas, a fim de corrigir o EDITAL N\u00b0 002\/2019, que trata sobre a INSCRI\u00c7\u00c3O PARA O INGRESSO DAS CRIAN\u00c7AS NA EDUCA\u00c7\u00c3O INFANTIL REGULARES, informa que no ANEXO 1, onde constam as informa\u00e7\u00f5es sobre \u201cAtendimento\u201d e \u201cVagas\u201d para as <b>EMEIs Castelo Branco<\/b> e <b>Nilza Alves Gon\u00e7alves<\/b>; e para a <b>EMEF Cidade do Rio Grande\/CAIC<\/b>, o correto \u00e9:<\/p>\n<table>\n<tbody>\n<tr>\n<td><b>EMEI Castelo Branco<\/b><\/td>\n<td><\/td>\n<\/tr>\n<tr>\n<td>Atendimento<\/td>\n<td>Vagas<\/td>\n<\/tr>\n<tr>\n<td>BER\u00c7\u00c1RIO<\/td>\n<td>11 (turno integral)<\/td>\n<\/tr>\n<\/tbody>\n<\/table>\n<p>&nbsp;<\/p>\n<table>\n<tbody>\n<tr>\n<td><b>EMEF Cidade do Rio Grande\/CAIC<\/b><\/td>\n<td><\/td>\n<\/tr>\n<tr>\n<td>Atendimentos<\/td>\n<td>Vagas<\/td>\n<\/tr>\n<tr>\n<td>BER\u00c7\u00c1RIO II<\/td>\n<td>10 (turno integral)<\/td>\n<\/tr>\n<tr>\n<td>BER\u00c7\u00c1RIO II<\/td>\n<td>10 (turno parcial)<\/td>\n<\/tr>\n<\/tbody>\n<\/table>\n<p>&nbsp;<\/p>\n<table>\n<tbody>\n<tr>\n<td><b>EMEI Nilza Alves Gon\u00e7alves<\/b><\/td>\n<td><\/td>\n<\/tr>\n<tr>\n<td>Atendimentos<\/td>\n<td>Vagas<\/td>\n<\/tr>\n<tr>\n<td>BER\u00c7\u00c1RIO I<\/td>\n<td>14 (turno parcial)<\/td>\n<\/tr>\n<tr>\n<td>BER\u00c7\u00c1RIO II<\/td>\n<td>06 (turno integral)<\/td>\n<\/tr>\n<\/tbody>\n<\/table>\n<p style=\"text-align: justify;\">Clique <a href=\"http:\/\/www.riogrande.rs.gov.br\/matriculas\/externo\/2019\/edital2-errata1.pdf\" target=\"_blank\" rel=\"noopener noreferrer\"><b>aqui<\/b><\/a> e acesse a vers\u00e3o em PDF.<\/p>\n<p>&nbsp;<\/p>\n<p style=\"text-align: right;\"><em>SMEd<\/em><\/p>\n<hr \/>\n<p>Publicada 22\/11\/2019<\/p>\n<p>Processo de Matr\u00edculas 2019\/2020: Per\u00edodo para Confirma\u00e7\u00e3o de Vaga e Matr\u00edcula das Crian\u00e7as na Educa\u00e7\u00e3o Infantil Regulares inicia na segunda-feira, 25<\/p>\n<div id=\"attachment_36738\" style=\"width: 495px\" class=\"wp-caption aligncenter\"><a href=\"http:\/\/www.riogrande.rs.gov.br\/smed\/wp-content\/uploads\/2019\/10\/20191029-ped-matriculas-image1.jpg\" rel=\"lightbox[36372]\"><img loading=\"lazy\" decoding=\"async\" aria-describedby=\"caption-attachment-36738\" class=\"size-medium wp-image-36738\" src=\"http:\/\/www.riogrande.rs.gov.br\/smed\/wp-content\/uploads\/2019\/10\/20191029-ped-matriculas-image1-485x343.jpg\" alt=\"\" width=\"485\" height=\"343\" srcset=\"https:\/\/www.riogrande.rs.gov.br\/smed\/wp-content\/uploads\/2019\/10\/20191029-ped-matriculas-image1-485x343.jpg 485w, https:\/\/www.riogrande.rs.gov.br\/smed\/wp-content\/uploads\/2019\/10\/20191029-ped-matriculas-image1-768x543.jpg 768w, https:\/\/www.riogrande.rs.gov.br\/smed\/wp-content\/uploads\/2019\/10\/20191029-ped-matriculas-image1-293x207.jpg 293w, https:\/\/www.riogrande.rs.gov.br\/smed\/wp-content\/uploads\/2019\/10\/20191029-ped-matriculas-image1-624x441.jpg 624w, https:\/\/www.riogrande.rs.gov.br\/smed\/wp-content\/uploads\/2019\/10\/20191029-ped-matriculas-image1.jpg 1122w\" sizes=\"(max-width: 485px) 100vw, 485px\" \/><\/a><p id=\"caption-attachment-36738\" class=\"wp-caption-text\">Divulga\u00e7\u00e3o<\/p><\/div>\n<p style=\"text-align: justify;\">A Secretaria de Munic\u00edpio da Educa\u00e7\u00e3o (SMEd), atrav\u00e9s do N\u00facleo de Matr\u00edculas, informa que o per\u00edodo de <b>Confirma\u00e7\u00e3o de Vaga e Matr\u00edcula das Crian\u00e7as na Educa\u00e7\u00e3o Infantil Regulares <\/b>inicia na pr\u00f3xima segunda-feira, dia <b>25 de novembro<\/b> e encerra na sexta-feira, dia<b> 29 de novembro<\/b>.<\/p>\n<p style=\"text-align: justify;\">De acordo com a coordenadora do N\u00facleo de Matr\u00edculas da SMEd, Cl\u00e1udia Miranda, no momento da matr\u00edcula, que deve ser realizada na secretaria da Escola Solicitada, \u00e9 obrigat\u00f3ria a apresenta\u00e7\u00e3o dos seguintes documentos:<\/p>\n<ul>\n<li style=\"text-align: justify;\">Certid\u00e3o de Nascimento do(a) aluno(a) (original e fotoc\u00f3pia);<\/li>\n<li style=\"text-align: justify;\">Comprovante de resid\u00eancia com o nome dos respons\u00e1veis legais ou declara\u00e7\u00e3o de moradia reconhecida em cart\u00f3rio;<\/li>\n<li style=\"text-align: justify;\">CPF e RG dos respons\u00e1veis legais;<\/li>\n<li style=\"text-align: justify;\">Atestado de vacina\u00e7\u00e3o e cart\u00e3o SUS.<\/li>\n<\/ul>\n<p style=\"text-align: right;\"><i>SMEd<\/i><br \/>\n<i>Roberton Reis<\/i><br \/>\n<i>Com informa\u00e7\u00f5es do N\u00facleo de Matr\u00edculas<\/i><\/p>\n<hr \/>\n<p>Publicada 19\/11\/2019<\/p>\n<h2>Processo de Matr\u00edculas 2019\/2020: Per\u00edodo de inscri\u00e7\u00e3o para Ingresso das Crian\u00e7as na Educa\u00e7\u00e3o Infantil Regulares encerra nesta quarta-feira, dia 20<\/h2>\n<div id=\"attachment_36523\" style=\"width: 495px\" class=\"wp-caption aligncenter\"><a href=\"http:\/\/www.riogrande.rs.gov.br\/smed\/wp-content\/uploads\/2019\/10\/20191021-ped-matriculas-image1.jpg\" rel=\"lightbox[36372]\"><img loading=\"lazy\" decoding=\"async\" aria-describedby=\"caption-attachment-36523\" class=\"size-medium wp-image-36523\" src=\"http:\/\/www.riogrande.rs.gov.br\/smed\/wp-content\/uploads\/2019\/10\/20191021-ped-matriculas-image1-485x343.jpg\" alt=\"\" width=\"485\" height=\"343\" srcset=\"https:\/\/www.riogrande.rs.gov.br\/smed\/wp-content\/uploads\/2019\/10\/20191021-ped-matriculas-image1-485x343.jpg 485w, https:\/\/www.riogrande.rs.gov.br\/smed\/wp-content\/uploads\/2019\/10\/20191021-ped-matriculas-image1-768x543.jpg 768w, https:\/\/www.riogrande.rs.gov.br\/smed\/wp-content\/uploads\/2019\/10\/20191021-ped-matriculas-image1-293x207.jpg 293w, https:\/\/www.riogrande.rs.gov.br\/smed\/wp-content\/uploads\/2019\/10\/20191021-ped-matriculas-image1-624x441.jpg 624w, https:\/\/www.riogrande.rs.gov.br\/smed\/wp-content\/uploads\/2019\/10\/20191021-ped-matriculas-image1.jpg 1122w\" sizes=\"(max-width: 485px) 100vw, 485px\" \/><\/a><p id=\"caption-attachment-36523\" class=\"wp-caption-text\">Divulga\u00e7\u00e3o<\/p><\/div>\n<p style=\"text-align: justify;\">A Secretaria de Munic\u00edpio da Educa\u00e7\u00e3o de Rio Grande (SMEd), atrav\u00e9s do N\u00facleo de Matr\u00edculas, informa que o per\u00edodo de inscri\u00e7\u00e3o para o ingresso das <b>Crian\u00e7as da Educa\u00e7\u00e3o Infantil Regulares<\/b> encerra na pr\u00f3xima quarta-feira, dia<b> 20 de novembro<\/b>. As inscri\u00e7\u00f5es devem ser realizadas exclusivamente atrav\u00e9s do site <a href=\"http:\/\/www.riogrande.rs.gov.br\/matriculas\" target=\"_blank\" rel=\"noopener noreferrer\"><b>www.riogrande.rs.gov.br\/matriculas<\/b><\/a><\/p>\n<p style=\"text-align: justify;\">Para obter maiores informa\u00e7\u00f5es, acesse o <a href=\"http:\/\/www.riogrande.rs.gov.br\/matriculas\/externo\/2019\/edital2.pdf\" target=\"_blank\" rel=\"noopener noreferrer\"><b>Edital<\/b><\/a> do Processo de Ingresso das <b>Crian\u00e7as na Educa\u00e7\u00e3o Infantil Regulares<\/b> na Educa\u00e7\u00e3o Infantil.<\/p>\n<p style=\"text-align: right;\"><i>SMEd<\/i><\/p>\n<hr \/>\n<p>Publicada 12\/11\/2019<\/p>\n<h2>INGRESSO DAS CRIAN\u00c7AS COM NECESSIDADES EDUCACIONAIS ESPEC\u00cdFICAS NA EDUCA\u00c7\u00c3O INFANTIL<br \/>\n1\u00ba PER\u00cdODO DE INSCRI\u00c7\u00d5ES \u2013 LISTAS DE INSCRI\u00c7\u00d5ES<\/h2>\n<ol>\n<li><a href=\"http:\/\/www.riogrande.rs.gov.br\/smed\/wp-content\/uploads\/2019\/11\/20191112-e1-anselmo_dias_lopes_pnee.pdf\" target=\"_blank\" rel=\"noopener noreferrer\"><strong>EMEF Anselmo Dias Lopes<\/strong><\/a><\/li>\n<li><a href=\"http:\/\/www.riogrande.rs.gov.br\/smed\/wp-content\/uploads\/2019\/11\/20191112-e1-antonio_carlos_lopes-pnee.pdf\" target=\"_blank\" rel=\"noopener noreferrer\"><strong>EMEF Antonio Carlos Lopes<\/strong><\/a><\/li>\n<li><strong><a href=\"http:\/\/www.riogrande.rs.gov.br\/smed\/wp-content\/uploads\/2019\/11\/20191112-e1-caic-pnee.pdf\" target=\"_blank\" rel=\"noopener noreferrer\">EMEF Cidade do Rio Grande (CAIC)<\/a><\/strong><\/li>\n<li><strong><a href=\"http:\/\/www.riogrande.rs.gov.br\/smed\/wp-content\/uploads\/2019\/11\/20191112-e1-cipriano-pnee.pdf\" target=\"_blank\" rel=\"noopener noreferrer\">EMEF Cipriano Porto Alegre<\/a><\/strong><\/li>\n<li><strong><a href=\"http:\/\/www.riogrande.rs.gov.br\/smed\/wp-content\/uploads\/2019\/11\/20191112-e1-clemente_pinto-pnee.pdf\" target=\"_blank\" rel=\"noopener noreferrer\">EMEF Clemente Pinto<\/a><\/strong><\/li>\n<li><strong><a href=\"http:\/\/www.riogrande.rs.gov.br\/smed\/wp-content\/uploads\/2019\/11\/20191112-e1-coracao_maria-pnee.pdf\" target=\"_blank\" rel=\"noopener noreferrer\">EMEF Cora\u00e7\u00e3o de Maria<\/a><\/strong><\/li>\n<li><a href=\"http:\/\/www.riogrande.rs.gov.br\/smed\/wp-content\/uploads\/2019\/11\/20191120-e1-dom_pedro-pnee.pdf\" target=\"_blank\" rel=\"noopener noreferrer\"><strong>EMEF Dom Pedro II<\/strong><\/a><\/li>\n<li><strong><a href=\"http:\/\/www.riogrande.rs.gov.br\/smed\/wp-content\/uploads\/2019\/11\/20191114-e1-buchholz-pnee-1.pdf\" target=\"_blank\" rel=\"noopener noreferrer\">EMEF Frederico Ernesto Buchholz<\/a><\/strong><\/li>\n<li><strong><a href=\"http:\/\/www.riogrande.rs.gov.br\/smed\/wp-content\/uploads\/2019\/11\/20191114-e1-helena_small-pnee.pdf\" target=\"_blank\" rel=\"noopener noreferrer\">EMEF Helena Small<\/a><\/strong><\/li>\n<li><a href=\"http:\/\/www.riogrande.rs.gov.br\/smed\/wp-content\/uploads\/2019\/11\/20191114-e1-mate_amargo-pnee.pdf\" target=\"_blank\" rel=\"noopener noreferrer\"><strong>EMEF Mate Amargo<\/strong><\/a><\/li>\n<li><a href=\"http:\/\/www.riogrande.rs.gov.br\/smed\/wp-content\/uploads\/2019\/11\/20191114-e1-olavo_bilac-pnee.pdf\" target=\"_blank\" rel=\"noopener noreferrer\"><strong>EMEF Olavo Bilac<\/strong><\/a><\/li>\n<li><a href=\"http:\/\/www.riogrande.rs.gov.br\/smed\/wp-content\/uploads\/2019\/11\/20191114-e1-santana.pdf\" target=\"_blank\" rel=\"noopener noreferrer\"><strong>EMEF Sant&#8217;Ana<\/strong><\/a><\/li>\n<li><a href=\"http:\/\/www.riogrande.rs.gov.br\/smed\/wp-content\/uploads\/2019\/11\/20191114-e1-sao_miguel-pnee.pdf\" target=\"_blank\" rel=\"noopener noreferrer\"><strong>EMEF S\u00e3o Miguel<\/strong><\/a><\/li>\n<li><a href=\"http:\/\/www.riogrande.rs.gov.br\/smed\/wp-content\/uploads\/2019\/11\/20191112-alcides_barcelos_listagem_classificacao_pne.pdf\" target=\"_blank\" rel=\"noopener noreferrer\"><strong>EMEI Alcides Barcelos<\/strong><\/a><\/li>\n<li><a href=\"http:\/\/www.riogrande.rs.gov.br\/smed\/wp-content\/uploads\/2019\/11\/20191120-e1-casa_augusto_duprat-pnee.pdf\" target=\"_blank\" rel=\"noopener noreferrer\"><strong>EMEI Casa da Crian\u00e7a Dr. Augusto Duprat<\/strong><\/a><\/li>\n<li><a href=\"http:\/\/www.riogrande.rs.gov.br\/smed\/wp-content\/uploads\/2019\/11\/20191112-e1-deborah_sayao-pnee.pdf\" target=\"_blank\" rel=\"noopener noreferrer\"><strong>EMEI D\u00e9borah Thom\u00e9 Say\u00e3o<\/strong><\/a><\/li>\n<li><a href=\"http:\/\/www.riogrande.rs.gov.br\/smed\/wp-content\/uploads\/2019\/11\/20191114-e1-eva_mann-pnee.pdf\" target=\"_blank\" rel=\"noopener noreferrer\"><strong>EMEI Eva Mann<\/strong><\/a><\/li>\n<li><a href=\"http:\/\/www.riogrande.rs.gov.br\/smed\/wp-content\/uploads\/2019\/11\/20191112-maria_da_gloria.pdf\" target=\"_blank\" rel=\"noopener noreferrer\"><strong>EMEI Maria da Gl\u00f3ria Pereira<\/strong><\/a><\/li>\n<li><a href=\"http:\/\/www.riogrande.rs.gov.br\/smed\/wp-content\/uploads\/2019\/11\/20191114-e1-nilza-pnee.pdf\" target=\"_blank\" rel=\"noopener noreferrer\"><strong>EMEI Nilza Alves Gon\u00e7alves<\/strong><\/a><\/li>\n<li><a href=\"http:\/\/www.riogrande.rs.gov.br\/smed\/wp-content\/uploads\/2019\/11\/20191114-e1-oscar_moraes-pnee.pdf\" target=\"_blank\" rel=\"noopener noreferrer\"><strong>EMEI Oscar Moraes<\/strong><\/a><\/li>\n<li><a href=\"http:\/\/www.riogrande.rs.gov.br\/smed\/wp-content\/uploads\/2019\/11\/20191120-e1-querencia-pnee.pdf\" target=\"_blank\" rel=\"noopener noreferrer\"><strong>EMEI Quer\u00eancia<\/strong><\/a><\/li>\n<li><a href=\"http:\/\/www.riogrande.rs.gov.br\/smed\/wp-content\/uploads\/2019\/11\/20191114-e1-tia_luizinha-pnee.pdf\" target=\"_blank\" rel=\"noopener noreferrer\"><strong>EMEI Tia Luizinha<\/strong><\/a><\/li>\n<li><a href=\"http:\/\/www.riogrande.rs.gov.br\/smed\/wp-content\/uploads\/2019\/11\/20191114-e1-verenice-pnee.pdf\" target=\"_blank\" rel=\"noopener noreferrer\"><strong>EMEI Verenice Alves Gon\u00e7alves<\/strong><\/a><\/li>\n<li><a href=\"http:\/\/www.riogrande.rs.gov.br\/smed\/wp-content\/uploads\/2019\/11\/20191120-e1-vila_da_quinta-pnee.pdf\" target=\"_blank\" rel=\"noopener noreferrer\"><strong>EMEI Vila da Quinta<\/strong><\/a><\/li>\n<li><a href=\"http:\/\/www.riogrande.rs.gov.br\/smed\/wp-content\/uploads\/2019\/11\/20191120-e1-vovo_zoquinha-pnee.pdf\" target=\"_blank\" rel=\"noopener noreferrer\"><strong>EMEI Vov\u00f3 Zoquinha<\/strong><\/a><\/li>\n<\/ol>\n<hr \/>\n<p>Publicada 11\/11\/2019<\/p>\n<h2>Processo de Matr\u00edculas 2019\/2020: Est\u00e1 aberto o per\u00edodo de inscri\u00e7\u00e3o para Ingresso das Crian\u00e7as na Educa\u00e7\u00e3o Infantil Regulares<\/h2>\n<div id=\"attachment_36738\" style=\"width: 495px\" class=\"wp-caption aligncenter\"><a href=\"http:\/\/www.riogrande.rs.gov.br\/smed\/wp-content\/uploads\/2019\/10\/20191029-ped-matriculas-image1.jpg\" rel=\"lightbox[36372]\"><img loading=\"lazy\" decoding=\"async\" aria-describedby=\"caption-attachment-36738\" class=\"size-medium wp-image-36738\" src=\"http:\/\/www.riogrande.rs.gov.br\/smed\/wp-content\/uploads\/2019\/10\/20191029-ped-matriculas-image1-485x343.jpg\" alt=\"\" width=\"485\" height=\"343\" srcset=\"https:\/\/www.riogrande.rs.gov.br\/smed\/wp-content\/uploads\/2019\/10\/20191029-ped-matriculas-image1-485x343.jpg 485w, https:\/\/www.riogrande.rs.gov.br\/smed\/wp-content\/uploads\/2019\/10\/20191029-ped-matriculas-image1-768x543.jpg 768w, https:\/\/www.riogrande.rs.gov.br\/smed\/wp-content\/uploads\/2019\/10\/20191029-ped-matriculas-image1-293x207.jpg 293w, https:\/\/www.riogrande.rs.gov.br\/smed\/wp-content\/uploads\/2019\/10\/20191029-ped-matriculas-image1-624x441.jpg 624w, https:\/\/www.riogrande.rs.gov.br\/smed\/wp-content\/uploads\/2019\/10\/20191029-ped-matriculas-image1.jpg 1122w\" sizes=\"(max-width: 485px) 100vw, 485px\" \/><\/a><p id=\"caption-attachment-36738\" class=\"wp-caption-text\">Divulga\u00e7\u00e3o<\/p><\/div>\n<p style=\"text-align: justify;\"><span style=\"font-weight: 400;\">A Secretaria de Munic\u00edpio da Educa\u00e7\u00e3o de Rio Grande (SMEd), atrav\u00e9s do N\u00facleo de Matr\u00edculas, iniciou nesta segunda-feira, dia<\/span><b> 11 de novembro<\/b><span style=\"font-weight: 400;\">, o per\u00edodo de inscri\u00e7\u00e3o para o ingresso das <\/span><b>Crian\u00e7as da Educa\u00e7\u00e3o Infantil Regulares<\/b><span style=\"font-weight: 400;\">. As inscri\u00e7\u00f5es devem ser realizadas exclusivamente atrav\u00e9s do site <\/span><a href=\"http:\/\/www.riogrande.rs.gov.br\/matriculas\" target=\"_blank\" rel=\"noopener noreferrer\"><b>www.riogrande.rs.gov.br\/matriculas<\/b><\/a><span style=\"font-weight: 400;\">, at\u00e9 o dia <\/span><b>20 de novembro<\/b><span style=\"font-weight: 400;\">.<\/span><\/p>\n<p style=\"text-align: justify;\"><span style=\"font-weight: 400;\">Para obter maiores informa\u00e7\u00f5es, acesse o <\/span><a href=\"http:\/\/www.riogrande.rs.gov.br\/matriculas\/externo\/2019\/edital2.pdf\" target=\"_blank\" rel=\"noopener noreferrer\"><b>Edital<\/b><\/a><span style=\"font-weight: 400;\"> do Processo de Ingresso das <\/span><b>Crian\u00e7as na Educa\u00e7\u00e3o Infantil Regulares<\/b><span style=\"font-weight: 400;\"> na Educa\u00e7\u00e3o Infantil.<\/span><\/p>\n<p style=\"text-align: right;\"><i><span style=\"font-weight: 400;\">SMEd<\/span><\/i><\/p>\n<p>&nbsp;<\/p>\n<hr \/>\n<p>Publicada 09\/11\/2019<\/p>\n<h2>Processo de Matr\u00edculas 2019\/2020: Per\u00edodo de inscri\u00e7\u00e3o para Ingresso das Crian\u00e7as na Educa\u00e7\u00e3o Infantil Regulares inicia na pr\u00f3xima segunda-feira, dia 11<\/h2>\n<div id=\"attachment_36738\" style=\"width: 495px\" class=\"wp-caption aligncenter\"><a href=\"http:\/\/www.riogrande.rs.gov.br\/smed\/wp-content\/uploads\/2019\/10\/20191029-ped-matriculas-image1.jpg\" rel=\"lightbox[36372]\"><img loading=\"lazy\" decoding=\"async\" aria-describedby=\"caption-attachment-36738\" class=\"size-medium wp-image-36738\" src=\"http:\/\/www.riogrande.rs.gov.br\/smed\/wp-content\/uploads\/2019\/10\/20191029-ped-matriculas-image1-485x343.jpg\" alt=\"\" width=\"485\" height=\"343\" srcset=\"https:\/\/www.riogrande.rs.gov.br\/smed\/wp-content\/uploads\/2019\/10\/20191029-ped-matriculas-image1-485x343.jpg 485w, https:\/\/www.riogrande.rs.gov.br\/smed\/wp-content\/uploads\/2019\/10\/20191029-ped-matriculas-image1-768x543.jpg 768w, https:\/\/www.riogrande.rs.gov.br\/smed\/wp-content\/uploads\/2019\/10\/20191029-ped-matriculas-image1-293x207.jpg 293w, https:\/\/www.riogrande.rs.gov.br\/smed\/wp-content\/uploads\/2019\/10\/20191029-ped-matriculas-image1-624x441.jpg 624w, https:\/\/www.riogrande.rs.gov.br\/smed\/wp-content\/uploads\/2019\/10\/20191029-ped-matriculas-image1.jpg 1122w\" sizes=\"(max-width: 485px) 100vw, 485px\" \/><\/a><p id=\"caption-attachment-36738\" class=\"wp-caption-text\">Divulga\u00e7\u00e3o<\/p><\/div>\n<p style=\"text-align: justify;\">A Secretaria de Munic\u00edpio da Educa\u00e7\u00e3o de Rio Grande (SMEd), atrav\u00e9s do N\u00facleo de Matr\u00edculas, informa que o per\u00edodo de inscri\u00e7\u00e3o para ingresso das <b>Crian\u00e7as da Educa\u00e7\u00e3o Infantil Regulares<\/b> inicia nesta segunda-feira, dia <strong>11 de novembro<\/strong> e estender-se-\u00e1 at\u00e9 o dia <b>20 do mesmo m\u00eas<\/b>. As inscri\u00e7\u00f5es devem ser realizadas exclusivamente atrav\u00e9s do site <a href=\"http:\/\/www.riogrande.rs.gov.br\/matriculas\" target=\"_blank\" rel=\"noopener noreferrer\"><b>www.riogrande.rs.gov.br\/matriculas<\/b><\/a><\/p>\n<p style=\"text-align: justify;\">Para obter maiores informa\u00e7\u00f5es, acesse o <a href=\"http:\/\/www.riogrande.rs.gov.br\/matriculas\/externo\/2019\/edital2.pdf\" target=\"_blank\" rel=\"noopener noreferrer\"><b>Edital<\/b><\/a> do Processo de Ingresso das <b>Crian\u00e7as na Educa\u00e7\u00e3o Infantil Regulares<\/b> na Educa\u00e7\u00e3o Infantil.<\/p>\n<p style=\"text-align: right;\"><em>SMEd<\/em><\/p>\n<hr \/>\n<p>Publicada 05\/11\/2019<\/p>\n<h2>Processo de Matr\u00edculas 2019\/2020: Per\u00edodo para Confirma\u00e7\u00e3o de Vaga e Matr\u00edcula das Crian\u00e7as com Necessidades Educacionais Espec\u00edficas na Educa\u00e7\u00e3o Infantil encerra nesta sexta-feira, 08<\/h2>\n<div id=\"attachment_36523\" style=\"width: 495px\" class=\"wp-caption aligncenter\"><a href=\"http:\/\/www.riogrande.rs.gov.br\/smed\/wp-content\/uploads\/2019\/10\/20191021-ped-matriculas-image1.jpg\" rel=\"lightbox[36372]\"><img loading=\"lazy\" decoding=\"async\" aria-describedby=\"caption-attachment-36523\" class=\"size-medium wp-image-36523\" src=\"http:\/\/www.riogrande.rs.gov.br\/smed\/wp-content\/uploads\/2019\/10\/20191021-ped-matriculas-image1-485x343.jpg\" alt=\"\" width=\"485\" height=\"343\" srcset=\"https:\/\/www.riogrande.rs.gov.br\/smed\/wp-content\/uploads\/2019\/10\/20191021-ped-matriculas-image1-485x343.jpg 485w, https:\/\/www.riogrande.rs.gov.br\/smed\/wp-content\/uploads\/2019\/10\/20191021-ped-matriculas-image1-768x543.jpg 768w, https:\/\/www.riogrande.rs.gov.br\/smed\/wp-content\/uploads\/2019\/10\/20191021-ped-matriculas-image1-293x207.jpg 293w, https:\/\/www.riogrande.rs.gov.br\/smed\/wp-content\/uploads\/2019\/10\/20191021-ped-matriculas-image1-624x441.jpg 624w, https:\/\/www.riogrande.rs.gov.br\/smed\/wp-content\/uploads\/2019\/10\/20191021-ped-matriculas-image1.jpg 1122w\" sizes=\"(max-width: 485px) 100vw, 485px\" \/><\/a><p id=\"caption-attachment-36523\" class=\"wp-caption-text\">Divulga\u00e7\u00e3o<\/p><\/div>\n<p style=\"text-align: justify;\">A Secretaria de Munic\u00edpio da Educa\u00e7\u00e3o (SMEd), atrav\u00e9s do N\u00facleo de Matr\u00edculas, informa que o per\u00edodo de <b>Confirma\u00e7\u00e3o de Vaga e Matr\u00edcula das Crian\u00e7as com Necessidades Educacionais Espec\u00edficas na Educa\u00e7\u00e3o Infantil <\/b>iniciou na \u00faltima segunda-feira, dia 04 de novembro e <b>encerra na pr\u00f3xima sexta-feira, 08<\/b>.<\/p>\n<p style=\"text-align: justify;\">De acordo com a coordenadora do N\u00facleo de Matr\u00edculas da SMEd, Cl\u00e1udia Miranda, no momento da matr\u00edcula, que deve ser realizada na secretaria da Escola Solicitada, \u00e9 obrigat\u00f3ria a apresenta\u00e7\u00e3o dos seguintes documentos:<\/p>\n<ul>\n<li style=\"text-align: justify;\">Certid\u00e3o de Nascimento do\/a aluno\/a (original e fotoc\u00f3pia);<\/li>\n<li style=\"text-align: justify;\">Comprovante de resid\u00eancia com o nome dos respons\u00e1veis legais ou declara\u00e7\u00e3o de moradia reconhecida em cart\u00f3rio;<\/li>\n<li style=\"text-align: justify;\">CPF e RG dos respons\u00e1veis legais;<\/li>\n<li style=\"text-align: justify;\">Documento que ateste indica\u00e7\u00e3o de diagn\u00f3stico ou o laudo m\u00e9dico com identifica\u00e7\u00e3o leg\u00edvel da Defici\u00eancia, \u200bTranstorno do Espectro Autista e\/ou Altas Habilidades\/Superdota\u00e7\u00e3o.<\/li>\n<li style=\"text-align: justify;\">Atestado de vacina\u00e7\u00e3o e cart\u00e3o SUS.<\/li>\n<\/ul>\n<p style=\"text-align: right;\"><em>SMEd<\/em><br \/>\n<em>Roberton Reis<\/em><br \/>\n<em>Com informa\u00e7\u00f5es do N\u00facleo de Matr\u00edculas<\/em><\/p>\n<hr \/>\n<p>Publicada 29\/10\/2019<\/p>\n<h2>Processo de Matr\u00edculas 2019\/2020: Per\u00edodo de inscri\u00e7\u00e3o para Ingresso das Crian\u00e7as com Necessidades Educacionais Espec\u00edficas na Educa\u00e7\u00e3o Infantil encerra no dia 30<\/h2>\n<div id=\"attachment_36738\" style=\"width: 495px\" class=\"wp-caption aligncenter\"><a href=\"http:\/\/www.riogrande.rs.gov.br\/smed\/wp-content\/uploads\/2019\/10\/20191029-ped-matriculas-image1.jpg\" rel=\"lightbox[36372]\"><img loading=\"lazy\" decoding=\"async\" aria-describedby=\"caption-attachment-36738\" class=\"size-medium wp-image-36738\" src=\"http:\/\/www.riogrande.rs.gov.br\/smed\/wp-content\/uploads\/2019\/10\/20191029-ped-matriculas-image1-485x343.jpg\" alt=\"\" width=\"485\" height=\"343\" srcset=\"https:\/\/www.riogrande.rs.gov.br\/smed\/wp-content\/uploads\/2019\/10\/20191029-ped-matriculas-image1-485x343.jpg 485w, https:\/\/www.riogrande.rs.gov.br\/smed\/wp-content\/uploads\/2019\/10\/20191029-ped-matriculas-image1-768x543.jpg 768w, https:\/\/www.riogrande.rs.gov.br\/smed\/wp-content\/uploads\/2019\/10\/20191029-ped-matriculas-image1-293x207.jpg 293w, https:\/\/www.riogrande.rs.gov.br\/smed\/wp-content\/uploads\/2019\/10\/20191029-ped-matriculas-image1-624x441.jpg 624w, https:\/\/www.riogrande.rs.gov.br\/smed\/wp-content\/uploads\/2019\/10\/20191029-ped-matriculas-image1.jpg 1122w\" sizes=\"(max-width: 485px) 100vw, 485px\" \/><\/a><p id=\"caption-attachment-36738\" class=\"wp-caption-text\">Divulga\u00e7\u00e3o<\/p><\/div>\n<p style=\"text-align: justify;\"><span style=\"font-weight: 400;\">A Secretaria de Munic\u00edpio da Educa\u00e7\u00e3o de Rio Grande (SMEd), atrav\u00e9s do N\u00facleo de Matr\u00edculas, iniciou no dia<\/span><b> 21 de outubro<\/b><span style=\"font-weight: 400;\"> o per\u00edodo de inscri\u00e7\u00e3o para o ingresso das Crian\u00e7as com Necessidades Educacionais Espec\u00edficas (NEE) na Educa\u00e7\u00e3o Infantil. As inscri\u00e7\u00f5es devem ser realizadas exclusivamente atrav\u00e9s do site\u00a0<\/span><a href=\"http:\/\/www.riogrande.rs.gov.br\/matriculas\" target=\"_blank\" rel=\"noopener noreferrer\"><b>www.riogrande.rs.gov.br\/matriculas<\/b><\/a><span style=\"font-weight: 400;\">, at\u00e9 a pr\u00f3xima quarta-feira, dia <\/span><b>30 de outubro<\/b><span style=\"font-weight: 400;\">.<\/span><\/p>\n<p style=\"text-align: justify;\"><span style=\"font-weight: 400;\">Para obter maiores informa\u00e7\u00f5es, acesse o\u00a0<\/span><a href=\"http:\/\/www.riogrande.rs.gov.br\/matriculas\/externo\/2019\/edital1.pdf\" target=\"_blank\" rel=\"noopener noreferrer\"><b>Edital<\/b><\/a><span style=\"font-weight: 400;\">\u00a0do Processo de Ingresso das Crian\u00e7as com Necessidades Educacionais Espec\u00edficas na Educa\u00e7\u00e3o Infantil.<\/span><\/p>\n<p style=\"text-align: right;\"><em><span style=\"font-weight: 400;\">SMEd<\/span><\/em><\/p>\n<p>&nbsp;<\/p>\n<hr \/>\n<p>Publicada 21\/10\/2019<\/p>\n<h2>Processo de Matr\u00edculas 2019\/2020: Est\u00e1 aberto o per\u00edodo de inscri\u00e7\u00e3o para Ingresso das Crian\u00e7as com Necessidades Educacionais Espec\u00edficas na Educa\u00e7\u00e3o Infantil<\/h2>\n<div id=\"attachment_36523\" style=\"width: 495px\" class=\"wp-caption aligncenter\"><a href=\"http:\/\/www.riogrande.rs.gov.br\/smed\/wp-content\/uploads\/2019\/10\/20191021-ped-matriculas-image1.jpg\" rel=\"lightbox[36372]\"><img loading=\"lazy\" decoding=\"async\" aria-describedby=\"caption-attachment-36523\" class=\"size-medium wp-image-36523\" src=\"http:\/\/www.riogrande.rs.gov.br\/smed\/wp-content\/uploads\/2019\/10\/20191021-ped-matriculas-image1-485x343.jpg\" alt=\"\" width=\"485\" height=\"343\" srcset=\"https:\/\/www.riogrande.rs.gov.br\/smed\/wp-content\/uploads\/2019\/10\/20191021-ped-matriculas-image1-485x343.jpg 485w, https:\/\/www.riogrande.rs.gov.br\/smed\/wp-content\/uploads\/2019\/10\/20191021-ped-matriculas-image1-768x543.jpg 768w, https:\/\/www.riogrande.rs.gov.br\/smed\/wp-content\/uploads\/2019\/10\/20191021-ped-matriculas-image1-293x207.jpg 293w, https:\/\/www.riogrande.rs.gov.br\/smed\/wp-content\/uploads\/2019\/10\/20191021-ped-matriculas-image1-624x441.jpg 624w, https:\/\/www.riogrande.rs.gov.br\/smed\/wp-content\/uploads\/2019\/10\/20191021-ped-matriculas-image1.jpg 1122w\" sizes=\"(max-width: 485px) 100vw, 485px\" \/><\/a><p id=\"caption-attachment-36523\" class=\"wp-caption-text\">Divulga\u00e7\u00e3o<\/p><\/div>\n<p style=\"text-align: justify;\">A Secretaria de Munic\u00edpio da Educa\u00e7\u00e3o de Rio Grande (SMEd), atrav\u00e9s do N\u00facleo de Matr\u00edculas, iniciou nesta segunda-feira, dia<b> 21 de outubro<\/b>, o per\u00edodo de inscri\u00e7\u00e3o para o ingresso das Crian\u00e7as com Necessidades Educacionais Espec\u00edficas (NEE) na Educa\u00e7\u00e3o Infantil. As inscri\u00e7\u00f5es devem ser realizadas exclusivamente atrav\u00e9s do site <a href=\"http:\/\/www.riogrande.rs.gov.br\/matriculas\" target=\"_blank\" rel=\"noopener noreferrer\"><b>www.riogrande.rs.gov.br\/ matriculas<\/b><\/a>, at\u00e9 o dia <b>30 de outubro<\/b>.<\/p>\n<p style=\"text-align: justify;\">Para obter maiores informa\u00e7\u00f5es, acesse o <a href=\"http:\/\/www.riogrande.rs.gov.br\/matriculas\/externo\/2019\/edital1.pdf\" target=\"_blank\" rel=\"noopener noreferrer\"><b>Edital<\/b><\/a> do Processo de Ingresso das Crian\u00e7as com Necessidades Educacionais Espec\u00edficas na Educa\u00e7\u00e3o Infantil.<\/p>\n<p style=\"text-align: right;\"><em>SMEd<\/em><\/p>\n<hr \/>\n<p>Publicada 19\/10\/2019<\/p>\n<h2>Processo de Matr\u00edculas 2019\/2020: Per\u00edodo de inscri\u00e7\u00e3o para Ingresso das Crian\u00e7as com Necessidades Educacionais Espec\u00edficas na Educa\u00e7\u00e3o Infantil inicia nesta segunda-feira, 21<\/h2>\n<div id=\"attachment_36496\" style=\"width: 495px\" class=\"wp-caption aligncenter\"><a href=\"http:\/\/www.riogrande.rs.gov.br\/smed\/wp-content\/uploads\/2019\/10\/20191019-ped-matriculas-image1.jpg\" rel=\"lightbox[36372]\"><img loading=\"lazy\" decoding=\"async\" aria-describedby=\"caption-attachment-36496\" class=\"size-medium wp-image-36496\" src=\"http:\/\/www.riogrande.rs.gov.br\/smed\/wp-content\/uploads\/2019\/10\/20191019-ped-matriculas-image1-485x343.jpg\" alt=\"\" width=\"485\" height=\"343\" srcset=\"https:\/\/www.riogrande.rs.gov.br\/smed\/wp-content\/uploads\/2019\/10\/20191019-ped-matriculas-image1-485x343.jpg 485w, https:\/\/www.riogrande.rs.gov.br\/smed\/wp-content\/uploads\/2019\/10\/20191019-ped-matriculas-image1-768x543.jpg 768w, https:\/\/www.riogrande.rs.gov.br\/smed\/wp-content\/uploads\/2019\/10\/20191019-ped-matriculas-image1-293x207.jpg 293w, https:\/\/www.riogrande.rs.gov.br\/smed\/wp-content\/uploads\/2019\/10\/20191019-ped-matriculas-image1-624x441.jpg 624w, https:\/\/www.riogrande.rs.gov.br\/smed\/wp-content\/uploads\/2019\/10\/20191019-ped-matriculas-image1.jpg 1122w\" sizes=\"(max-width: 485px) 100vw, 485px\" \/><\/a><p id=\"caption-attachment-36496\" class=\"wp-caption-text\">Divulga\u00e7\u00e3o<\/p><\/div>\n<p style=\"text-align: justify;\">A Secretaria de Munic\u00edpio da Educa\u00e7\u00e3o de Rio Grande (SMEd), atrav\u00e9s do N\u00facleo de Matr\u00edculas, informa que o per\u00edodo de inscri\u00e7\u00e3o para ingresso das Crian\u00e7as com Necessidades Educacionais Espec\u00edficas (NEE) na Educa\u00e7\u00e3o Infantil inicia nesta segunda-feira, dia<b> 21 de outubro<\/b> e estender-se-\u00e1 at\u00e9 o dia 30 do mesmo m\u00eas. As inscri\u00e7\u00f5es devem ser realizadas exclusivamente atrav\u00e9s do site <a href=\"http:\/\/www.riogrande.rs.gov.br\/matriculas\" target=\"_blank\" rel=\"noopener noreferrer\"><b>www.riogrande.rs.gov.br\/ matriculas<\/b><\/a><\/p>\n<p style=\"text-align: justify;\">Para obter maiores informa\u00e7\u00f5es, acesse o <a href=\"http:\/\/www.riogrande.rs.gov.br\/smed\/wp-content\/uploads\/2019\/10\/20191019-matriculas-edital_periodo1_necessidades_ed_esp.pdf\" target=\"_blank\" rel=\"noopener noreferrer\"><b>Edital<\/b><\/a> do Processo de Ingresso das Crian\u00e7as com Necessidades Educacionais Espec\u00edficas na Educa\u00e7\u00e3o Infantil.<\/p>\n<p style=\"text-align: right;\"><em>SMEd<\/em><\/p>\n<hr \/>\n<p>Publicada 17\/10\/2019<\/p>\n<h2>Processo de Matr\u00edculas 2019\/2020<\/h2>\n<div id=\"attachment_36454\" style=\"width: 495px\" class=\"wp-caption aligncenter\"><a href=\"http:\/\/www.riogrande.rs.gov.br\/smed\/wp-content\/uploads\/2019\/10\/20191017-calendario_matriculas_formatado.jpg\" rel=\"lightbox[36372]\"><img loading=\"lazy\" decoding=\"async\" aria-describedby=\"caption-attachment-36454\" class=\"size-medium wp-image-36454\" src=\"http:\/\/www.riogrande.rs.gov.br\/smed\/wp-content\/uploads\/2019\/10\/20191017-calendario_matriculas_formatado-485x343.jpg\" alt=\"\" width=\"485\" height=\"343\" srcset=\"https:\/\/www.riogrande.rs.gov.br\/smed\/wp-content\/uploads\/2019\/10\/20191017-calendario_matriculas_formatado-485x343.jpg 485w, https:\/\/www.riogrande.rs.gov.br\/smed\/wp-content\/uploads\/2019\/10\/20191017-calendario_matriculas_formatado-768x543.jpg 768w, https:\/\/www.riogrande.rs.gov.br\/smed\/wp-content\/uploads\/2019\/10\/20191017-calendario_matriculas_formatado-293x207.jpg 293w, https:\/\/www.riogrande.rs.gov.br\/smed\/wp-content\/uploads\/2019\/10\/20191017-calendario_matriculas_formatado-624x441.jpg 624w, https:\/\/www.riogrande.rs.gov.br\/smed\/wp-content\/uploads\/2019\/10\/20191017-calendario_matriculas_formatado.jpg 1122w\" sizes=\"(max-width: 485px) 100vw, 485px\" \/><\/a><p id=\"caption-attachment-36454\" class=\"wp-caption-text\">Divulga\u00e7\u00e3o<\/p><\/div>\n<p style=\"text-align: justify;\">A <b>Secretaria de Munic\u00edpio da Educa\u00e7\u00e3o de Rio Grande<\/b> (SMEd), atrav\u00e9s do <b>N\u00facleo de Matr\u00edculas<\/b>, informa que o per\u00edodo de solicita\u00e7\u00e3o de vagas escolares na Rede P\u00fablica Municipal de Ensino inicia na pr\u00f3xima semana.<\/p>\n<p style=\"text-align: justify;\">As <b>rematr\u00edculas<\/b> acontecer\u00e3o durante o per\u00edodo de <b>21 de outubro a 1\u00ba de novembro<\/b>, diretamente na secretaria das escolas.<\/p>\n<p style=\"text-align: justify;\">De acordo com a coordena\u00e7\u00e3o do N\u00facleo, o processo acontecer\u00e1 em tr\u00eas per\u00edodos e as inscri\u00e7\u00f5es dever\u00e3o ser realizadas atrav\u00e9s do site: <a href=\"http:\/\/www.riogrande.rs.gov.br\/matriculas\" target=\"_blank\" rel=\"noopener noreferrer\"><b>www.riogrande.rs.gov.br\/matriculas<\/b><\/a><\/p>\n<p style=\"text-align: justify;\">Fique atento \u00e0s datas de cada per\u00edodo:<\/p>\n<ul style=\"text-align: justify;\">\n<li><b>1\u00ba Per\u00edodo<\/b>: Inscri\u00e7\u00e3o para ingresso diferenciado de crian\u00e7as com necessidades educacionais espec\u00edficas na Educa\u00e7\u00e3o Infantil (Creche e Pr\u00e9-Escola): de <b>21 a 30 de outubro<\/b>.<\/li>\n<li><b>2\u00ba Per\u00edodo<\/b>: Inscri\u00e7\u00e3o para ingresso de crian\u00e7as <b>sem<\/b> necessidades educacionais espec\u00edficas na Educa\u00e7\u00e3o Infantil (Creche e Pr\u00e9-escola): de <b>11 a 20 de novembro<\/b>.<\/li>\n<li><b>3\u00ba Per\u00edodo<\/b>: Inscri\u00e7\u00e3o para transfer\u00eancias do 1\u00ba ao 9\u00ba ano: de <b>06 a 22 de janeiro de 2020<\/b>.<\/li>\n<\/ul>\n<p style=\"text-align: justify;\">Acesse <a href=\"http:\/\/www.riogrande.rs.gov.br\/smed\/wp-content\/uploads\/2019\/10\/20191017-calendario_matriculas_formatado.pdf\" target=\"_blank\" rel=\"noopener noreferrer\"><b>aqui<\/b><\/a> o \u201cCalend\u00e1rio de Matr\u00edculas 2019\/2020\u201d em formato <a href=\"http:\/\/www.riogrande.rs.gov.br\/smed\/wp-content\/uploads\/2019\/10\/20191017-calendario_matriculas_formatado.pdf\" target=\"_blank\" rel=\"noopener noreferrer\"><strong>PDF<\/strong><\/a>.<\/p>\n<p style=\"text-align: right;\"><em>SMEd<\/em><\/p>\n","protected":false},"excerpt":{"rendered":"<p>Publicada 28\/10\/2020 Solicita\u00e7\u00f5es de Transfer\u00eancias para a Rede Municipal de Ensino ser\u00e3o realizadas a partir do dia 29 de outubro, atrav\u00e9s da Plataforma Pr\u00e9-Matr\u00edcula Digital A Secretaria de Munic\u00edpio da Educa\u00e7\u00e3o de Rio Grande, seguindo os protocolos sanit\u00e1rios adotados pelo Munic\u00edpio para mitigar a propaga\u00e7\u00e3o da COVID-19 no per\u00edodo cr\u00edtico da pandemia, suspendeu as atividades [&hellip;]<\/p>\n","protected":false},"author":7,"featured_media":0,"parent":31208,"menu_order":25,"comment_status":"closed","ping_status":"closed","template":"","meta":{"footnotes":""},"class_list":["post-36372","page","type-page","status-publish","hentry"],"_links":{"self":[{"href":"https:\/\/www.riogrande.rs.gov.br\/smed\/index.php?rest_route=\/wp\/v2\/pages\/36372"}],"collection":[{"href":"https:\/\/www.riogrande.rs.gov.br\/smed\/index.php?rest_route=\/wp\/v2\/pages"}],"about":[{"href":"https:\/\/www.riogrande.rs.gov.br\/smed\/index.php?rest_route=\/wp\/v2\/types\/page"}],"author":[{"embeddable":true,"href":"https:\/\/www.riogrande.rs.gov.br\/smed\/index.php?rest_route=\/wp\/v2\/users\/7"}],"replies":[{"embeddable":true,"href":"https:\/\/www.riogrande.rs.gov.br\/smed\/index.php?rest_route=%2Fwp%2Fv2%2Fcomments&post=36372"}],"version-history":[{"count":131,"href":"https:\/\/www.riogrande.rs.gov.br\/smed\/index.php?rest_route=\/wp\/v2\/pages\/36372\/revisions"}],"predecessor-version":[{"id":39384,"href":"https:\/\/www.riogrande.rs.gov.br\/smed\/index.php?rest_route=\/wp\/v2\/pages\/36372\/revisions\/39384"}],"up":[{"embeddable":true,"href":"https:\/\/www.riogrande.rs.gov.br\/smed\/index.php?rest_route=\/wp\/v2\/pages\/31208"}],"wp:attachment":[{"href":"https:\/\/www.riogrande.rs.gov.br\/smed\/index.php?rest_route=%2Fwp%2Fv2%2Fmedia&parent=36372"}],"curies":[{"name":"wp","href":"https:\/\/api.w.org\/{rel}","templated":true}]}}