{"id":34798,"date":"2019-08-01T15:57:08","date_gmt":"2019-08-01T18:57:08","guid":{"rendered":"http:\/\/www.riogrande.rs.gov.br\/smed\/?page_id=34798"},"modified":"2019-10-01T15:14:32","modified_gmt":"2019-10-01T18:14:32","slug":"curso-de-formacao-continuada-em-esporte-educacional","status":"publish","type":"page","link":"https:\/\/www.riogrande.rs.gov.br\/smed\/?page_id=34798","title":{"rendered":"Curso de Forma\u00e7\u00e3o Continuada em Esporte Educacional"},"content":{"rendered":"<hr \/>\n<p>Publicada 01\/10\/2019<\/p>\n<h2>3\u00ba Encontro do \u201cCurso de Forma\u00e7\u00e3o Continuada em Esporte Educacional\u201d para Professores(as) da Educa\u00e7\u00e3o Infantil e dos Anos Iniciais acontece nesta quinta-feira, 03<\/h2>\n<div id=\"attachment_35999\" style=\"width: 395px\" class=\"wp-caption aligncenter\"><a href=\"http:\/\/www.riogrande.rs.gov.br\/smed\/wp-content\/uploads\/2019\/10\/20191001-ped-educacional-image1.jpg\" rel=\"lightbox[34798]\"><img loading=\"lazy\" decoding=\"async\" aria-describedby=\"caption-attachment-35999\" class=\"size-full wp-image-35999\" src=\"http:\/\/www.riogrande.rs.gov.br\/smed\/wp-content\/uploads\/2019\/10\/20191001-ped-educacional-image1.jpg\" alt=\"\" width=\"385\" height=\"123\" \/><\/a><p id=\"caption-attachment-35999\" class=\"wp-caption-text\">Divulga\u00e7\u00e3o<\/p><\/div>\n<p style=\"text-align: justify;\"><span style=\"font-weight: 400;\">A Secretaria de Munic\u00edpio da Educa\u00e7\u00e3o de Rio Grande (SMEd), atrav\u00e9s do N\u00facleo dos Anos Iniciais e do N\u00facleo dos Anos Finais do Ensino Fundamental, em parceria com o Instituto Esporte e Educa\u00e7\u00e3o (IEE), promover\u00e1, nesta quinta-feira, dia <\/span><b>03 de outubro<\/b><span style=\"font-weight: 400;\">, o \u201c<\/span><b>3\u00b0 Encontro do Curso de Forma\u00e7\u00e3o Continuada em Esporte Educacional<\/b><span style=\"font-weight: 400;\">\u201d.<\/span><\/p>\n<p style=\"text-align: justify;\"><span style=\"font-weight: 400;\">O Curso \u00e9 destinado, prioritariamente, a professores(as) de Educa\u00e7\u00e3o F\u00edsica que atuam na Educa\u00e7\u00e3o Infantil e Anos Iniciais; a professores(as) que atuam na Hora-Atividade e trabalham com Educa\u00e7\u00e3o F\u00edsica; e a professores(as) regentes de turmas da Educa\u00e7\u00e3o Infantil e Anos Iniciais do Ensino Fundamental. As tem\u00e1ticas abordadas nos encontros tratam sobre: Educa\u00e7\u00e3o F\u00edsica Escolar, Linguagem Corporal, Alfabetiza\u00e7\u00e3o Corporal e Esporte Educacional.<\/span><\/p>\n<p style=\"text-align: justify;\"><span style=\"font-weight: 400;\">Os Encontros do Curso de Forma\u00e7\u00e3o Continuada em Esporte Educacional ocorrem na <\/span><b>EMEF Frederico Ernesto Buchholz <\/b><span style=\"font-weight: 400;\">(rua EUA do Norte. S\/N\u00ba, bairro Jun\u00e7\u00e3o), nos turnos da manh\u00e3 (<\/span><b>das 8h \u00e0s 12h<\/b><span style=\"font-weight: 400;\">) e da tarde (<\/span><b>das 13h30min \u00e0s 17h30min<\/b><span style=\"font-weight: 400;\">), totalizando<\/span><b> 30 horas<\/b><span style=\"font-weight: 400;\"> (24 horas de atividades presenciais e 06 horas de atividades a dist\u00e2ncia).\u00a0<\/span><\/p>\n<p style=\"text-align: right;\"><i><span style=\"font-weight: 400;\">SMEd<\/span><\/i><br \/>\n<i><span style=\"font-weight: 400;\">Roberton Reis<\/span><\/i><\/p>\n<hr \/>\n<p>Publicada 24\/09\/2019<\/p>\n<h2>Alfabetiza\u00e7\u00e3o Corporal\/Esportiva \u00e9 tema de Curso de Forma\u00e7\u00e3o Continuada em Esporte Educacional para Professores(as) da Rede Municipal<\/h2>\n\n\t\t<style type=\"text\/css\">\n\t\t\t#gallery-1 {\n\t\t\t\tmargin: auto;\n\t\t\t}\n\t\t\t#gallery-1 .gallery-item {\n\t\t\t\tfloat: left;\n\t\t\t\tmargin-top: 10px;\n\t\t\t\ttext-align: center;\n\t\t\t\twidth: 33%;\n\t\t\t}\n\t\t\t#gallery-1 img {\n\t\t\t\tborder: 2px solid #cfcfcf;\n\t\t\t}\n\t\t\t#gallery-1 .gallery-caption {\n\t\t\t\tmargin-left: 0;\n\t\t\t}\n\t\t\t\/* see gallery_shortcode() in wp-includes\/media.php *\/\n\t\t<\/style>\n\t\t<div id='gallery-1' class='gallery galleryid-34798 gallery-columns-3 gallery-size-thumbnail'><dl class='gallery-item'>\n\t\t\t<dt class='gallery-icon portrait'>\n\t\t\t\t<a href='https:\/\/www.riogrande.rs.gov.br\/smed\/wp-content\/uploads\/2019\/09\/20190924-ped-edfisica-image1.jpg' rel=\"lightbox[34798]\"><img loading=\"lazy\" decoding=\"async\" width=\"150\" height=\"150\" src=\"https:\/\/www.riogrande.rs.gov.br\/smed\/wp-content\/uploads\/2019\/09\/20190924-ped-edfisica-image1-150x150.jpg\" class=\"attachment-thumbnail size-thumbnail\" alt=\"\" aria-describedby=\"gallery-1-35817\" \/><\/a>\n\t\t\t<\/dt>\n\t\t\t\t<dd class='wp-caption-text gallery-caption' id='gallery-1-35817'>\n\t\t\t\tDivulga\u00e7\u00e3o\n\t\t\t\t<\/dd><\/dl><dl class='gallery-item'>\n\t\t\t<dt class='gallery-icon landscape'>\n\t\t\t\t<a href='https:\/\/www.riogrande.rs.gov.br\/smed\/wp-content\/uploads\/2019\/09\/20190924-ped-edfisica-image2.jpg' rel=\"lightbox[34798]\"><img loading=\"lazy\" decoding=\"async\" width=\"150\" height=\"150\" src=\"https:\/\/www.riogrande.rs.gov.br\/smed\/wp-content\/uploads\/2019\/09\/20190924-ped-edfisica-image2-150x150.jpg\" class=\"attachment-thumbnail size-thumbnail\" alt=\"\" aria-describedby=\"gallery-1-35818\" \/><\/a>\n\t\t\t<\/dt>\n\t\t\t\t<dd class='wp-caption-text gallery-caption' id='gallery-1-35818'>\n\t\t\t\tDivulga\u00e7\u00e3o\n\t\t\t\t<\/dd><\/dl><dl class='gallery-item'>\n\t\t\t<dt class='gallery-icon landscape'>\n\t\t\t\t<a href='https:\/\/www.riogrande.rs.gov.br\/smed\/wp-content\/uploads\/2019\/09\/20190924-ped-edfisica-image3.jpg' rel=\"lightbox[34798]\"><img loading=\"lazy\" decoding=\"async\" width=\"150\" height=\"150\" src=\"https:\/\/www.riogrande.rs.gov.br\/smed\/wp-content\/uploads\/2019\/09\/20190924-ped-edfisica-image3-150x150.jpg\" class=\"attachment-thumbnail size-thumbnail\" alt=\"\" aria-describedby=\"gallery-1-35819\" \/><\/a>\n\t\t\t<\/dt>\n\t\t\t\t<dd class='wp-caption-text gallery-caption' id='gallery-1-35819'>\n\t\t\t\tDivulga\u00e7\u00e3o\n\t\t\t\t<\/dd><\/dl><br style=\"clear: both\" \/><dl class='gallery-item'>\n\t\t\t<dt class='gallery-icon landscape'>\n\t\t\t\t<a href='https:\/\/www.riogrande.rs.gov.br\/smed\/wp-content\/uploads\/2019\/09\/20190924-ped-edfisica-image4.jpg' rel=\"lightbox[34798]\"><img loading=\"lazy\" decoding=\"async\" width=\"150\" height=\"150\" src=\"https:\/\/www.riogrande.rs.gov.br\/smed\/wp-content\/uploads\/2019\/09\/20190924-ped-edfisica-image4-150x150.jpg\" class=\"attachment-thumbnail size-thumbnail\" alt=\"\" aria-describedby=\"gallery-1-35820\" \/><\/a>\n\t\t\t<\/dt>\n\t\t\t\t<dd class='wp-caption-text gallery-caption' id='gallery-1-35820'>\n\t\t\t\tDivulga\u00e7\u00e3o\n\t\t\t\t<\/dd><\/dl><dl class='gallery-item'>\n\t\t\t<dt class='gallery-icon portrait'>\n\t\t\t\t<a href='https:\/\/www.riogrande.rs.gov.br\/smed\/wp-content\/uploads\/2019\/09\/20190924-ped-edfisica-image5.jpg' rel=\"lightbox[34798]\"><img loading=\"lazy\" decoding=\"async\" width=\"150\" height=\"150\" src=\"https:\/\/www.riogrande.rs.gov.br\/smed\/wp-content\/uploads\/2019\/09\/20190924-ped-edfisica-image5-150x150.jpg\" class=\"attachment-thumbnail size-thumbnail\" alt=\"\" aria-describedby=\"gallery-1-35821\" \/><\/a>\n\t\t\t<\/dt>\n\t\t\t\t<dd class='wp-caption-text gallery-caption' id='gallery-1-35821'>\n\t\t\t\tDivulga\u00e7\u00e3o\n\t\t\t\t<\/dd><\/dl><dl class='gallery-item'>\n\t\t\t<dt class='gallery-icon landscape'>\n\t\t\t\t<a href='https:\/\/www.riogrande.rs.gov.br\/smed\/wp-content\/uploads\/2019\/09\/20190924-ped-edfisica-image6.jpg' rel=\"lightbox[34798]\"><img loading=\"lazy\" decoding=\"async\" width=\"150\" height=\"150\" src=\"https:\/\/www.riogrande.rs.gov.br\/smed\/wp-content\/uploads\/2019\/09\/20190924-ped-edfisica-image6-150x150.jpg\" class=\"attachment-thumbnail size-thumbnail\" alt=\"\" aria-describedby=\"gallery-1-35822\" \/><\/a>\n\t\t\t<\/dt>\n\t\t\t\t<dd class='wp-caption-text gallery-caption' id='gallery-1-35822'>\n\t\t\t\tDivulga\u00e7\u00e3o\n\t\t\t\t<\/dd><\/dl><br style=\"clear: both\" \/><dl class='gallery-item'>\n\t\t\t<dt class='gallery-icon landscape'>\n\t\t\t\t<a href='https:\/\/www.riogrande.rs.gov.br\/smed\/wp-content\/uploads\/2019\/09\/20190924-ped-edfisica-image7.jpg' rel=\"lightbox[34798]\"><img loading=\"lazy\" decoding=\"async\" width=\"150\" height=\"150\" src=\"https:\/\/www.riogrande.rs.gov.br\/smed\/wp-content\/uploads\/2019\/09\/20190924-ped-edfisica-image7-150x150.jpg\" class=\"attachment-thumbnail size-thumbnail\" alt=\"\" aria-describedby=\"gallery-1-35823\" \/><\/a>\n\t\t\t<\/dt>\n\t\t\t\t<dd class='wp-caption-text gallery-caption' id='gallery-1-35823'>\n\t\t\t\tDivulga\u00e7\u00e3o\n\t\t\t\t<\/dd><\/dl><dl class='gallery-item'>\n\t\t\t<dt class='gallery-icon landscape'>\n\t\t\t\t<a href='https:\/\/www.riogrande.rs.gov.br\/smed\/wp-content\/uploads\/2019\/09\/20190924-ped-edfisica-image8.jpg' rel=\"lightbox[34798]\"><img loading=\"lazy\" decoding=\"async\" width=\"150\" height=\"150\" src=\"https:\/\/www.riogrande.rs.gov.br\/smed\/wp-content\/uploads\/2019\/09\/20190924-ped-edfisica-image8-150x150.jpg\" class=\"attachment-thumbnail size-thumbnail\" alt=\"\" aria-describedby=\"gallery-1-35824\" \/><\/a>\n\t\t\t<\/dt>\n\t\t\t\t<dd class='wp-caption-text gallery-caption' id='gallery-1-35824'>\n\t\t\t\tDivulga\u00e7\u00e3o\n\t\t\t\t<\/dd><\/dl><dl class='gallery-item'>\n\t\t\t<dt class='gallery-icon landscape'>\n\t\t\t\t<a href='https:\/\/www.riogrande.rs.gov.br\/smed\/wp-content\/uploads\/2019\/09\/20190924-ped-edfisica-image9.jpg' rel=\"lightbox[34798]\"><img loading=\"lazy\" decoding=\"async\" width=\"150\" height=\"150\" src=\"https:\/\/www.riogrande.rs.gov.br\/smed\/wp-content\/uploads\/2019\/09\/20190924-ped-edfisica-image9-150x150.jpg\" class=\"attachment-thumbnail size-thumbnail\" alt=\"\" aria-describedby=\"gallery-1-35825\" \/><\/a>\n\t\t\t<\/dt>\n\t\t\t\t<dd class='wp-caption-text gallery-caption' id='gallery-1-35825'>\n\t\t\t\tDivulga\u00e7\u00e3o\n\t\t\t\t<\/dd><\/dl><br style=\"clear: both\" \/><dl class='gallery-item'>\n\t\t\t<dt class='gallery-icon landscape'>\n\t\t\t\t<a href='https:\/\/www.riogrande.rs.gov.br\/smed\/wp-content\/uploads\/2019\/09\/20190924-ped-edfisica-image10.jpg' rel=\"lightbox[34798]\"><img loading=\"lazy\" decoding=\"async\" width=\"150\" height=\"150\" src=\"https:\/\/www.riogrande.rs.gov.br\/smed\/wp-content\/uploads\/2019\/09\/20190924-ped-edfisica-image10-150x150.jpg\" class=\"attachment-thumbnail size-thumbnail\" alt=\"\" aria-describedby=\"gallery-1-35826\" \/><\/a>\n\t\t\t<\/dt>\n\t\t\t\t<dd class='wp-caption-text gallery-caption' id='gallery-1-35826'>\n\t\t\t\tDivulga\u00e7\u00e3o\n\t\t\t\t<\/dd><\/dl><dl class='gallery-item'>\n\t\t\t<dt class='gallery-icon landscape'>\n\t\t\t\t<a href='https:\/\/www.riogrande.rs.gov.br\/smed\/wp-content\/uploads\/2019\/09\/20190924-ped-edfisica-image11.jpg' rel=\"lightbox[34798]\"><img loading=\"lazy\" decoding=\"async\" width=\"150\" height=\"150\" src=\"https:\/\/www.riogrande.rs.gov.br\/smed\/wp-content\/uploads\/2019\/09\/20190924-ped-edfisica-image11-150x150.jpg\" class=\"attachment-thumbnail size-thumbnail\" alt=\"\" aria-describedby=\"gallery-1-35827\" \/><\/a>\n\t\t\t<\/dt>\n\t\t\t\t<dd class='wp-caption-text gallery-caption' id='gallery-1-35827'>\n\t\t\t\tDivulga\u00e7\u00e3o\n\t\t\t\t<\/dd><\/dl><dl class='gallery-item'>\n\t\t\t<dt class='gallery-icon landscape'>\n\t\t\t\t<a href='https:\/\/www.riogrande.rs.gov.br\/smed\/wp-content\/uploads\/2019\/09\/20190924-ped-edfisica-image12.jpg' rel=\"lightbox[34798]\"><img loading=\"lazy\" decoding=\"async\" width=\"150\" height=\"150\" src=\"https:\/\/www.riogrande.rs.gov.br\/smed\/wp-content\/uploads\/2019\/09\/20190924-ped-edfisica-image12-150x150.jpg\" class=\"attachment-thumbnail size-thumbnail\" alt=\"\" aria-describedby=\"gallery-1-35828\" \/><\/a>\n\t\t\t<\/dt>\n\t\t\t\t<dd class='wp-caption-text gallery-caption' id='gallery-1-35828'>\n\t\t\t\tDivulga\u00e7\u00e3o\n\t\t\t\t<\/dd><\/dl><br style=\"clear: both\" \/><dl class='gallery-item'>\n\t\t\t<dt class='gallery-icon landscape'>\n\t\t\t\t<a href='https:\/\/www.riogrande.rs.gov.br\/smed\/wp-content\/uploads\/2019\/09\/20190924-ped-edfisica-image13.jpg' rel=\"lightbox[34798]\"><img loading=\"lazy\" decoding=\"async\" width=\"150\" height=\"150\" src=\"https:\/\/www.riogrande.rs.gov.br\/smed\/wp-content\/uploads\/2019\/09\/20190924-ped-edfisica-image13-150x150.jpg\" class=\"attachment-thumbnail size-thumbnail\" alt=\"\" aria-describedby=\"gallery-1-35829\" \/><\/a>\n\t\t\t<\/dt>\n\t\t\t\t<dd class='wp-caption-text gallery-caption' id='gallery-1-35829'>\n\t\t\t\tDivulga\u00e7\u00e3o\n\t\t\t\t<\/dd><\/dl><dl class='gallery-item'>\n\t\t\t<dt class='gallery-icon landscape'>\n\t\t\t\t<a href='https:\/\/www.riogrande.rs.gov.br\/smed\/wp-content\/uploads\/2019\/09\/20190924-ped-edfisica-image14.jpg' rel=\"lightbox[34798]\"><img loading=\"lazy\" decoding=\"async\" width=\"150\" height=\"150\" src=\"https:\/\/www.riogrande.rs.gov.br\/smed\/wp-content\/uploads\/2019\/09\/20190924-ped-edfisica-image14-150x150.jpg\" class=\"attachment-thumbnail size-thumbnail\" alt=\"\" aria-describedby=\"gallery-1-35830\" \/><\/a>\n\t\t\t<\/dt>\n\t\t\t\t<dd class='wp-caption-text gallery-caption' id='gallery-1-35830'>\n\t\t\t\tDivulga\u00e7\u00e3o\n\t\t\t\t<\/dd><\/dl><dl class='gallery-item'>\n\t\t\t<dt class='gallery-icon landscape'>\n\t\t\t\t<a href='https:\/\/www.riogrande.rs.gov.br\/smed\/wp-content\/uploads\/2019\/09\/20190924-ped-edfisica-image15.jpg' rel=\"lightbox[34798]\"><img loading=\"lazy\" decoding=\"async\" width=\"150\" height=\"150\" src=\"https:\/\/www.riogrande.rs.gov.br\/smed\/wp-content\/uploads\/2019\/09\/20190924-ped-edfisica-image15-150x150.jpg\" class=\"attachment-thumbnail size-thumbnail\" alt=\"\" aria-describedby=\"gallery-1-35831\" \/><\/a>\n\t\t\t<\/dt>\n\t\t\t\t<dd class='wp-caption-text gallery-caption' id='gallery-1-35831'>\n\t\t\t\tDivulga\u00e7\u00e3o\n\t\t\t\t<\/dd><\/dl><br style=\"clear: both\" \/>\n\t\t<\/div>\n\n<p style=\"text-align: justify;\">A Secretaria de Munic\u00edpio da Educa\u00e7\u00e3o de Rio Grande (SMEd) firmou parceria com o Instituto Esporte e Educa\u00e7\u00e3o (IEE) para dar continuidade a a\u00e7\u00f5es formativas referentes ao Projeto \u201c<b>Forma\u00e7\u00e3o de Professores(as) das Redes P\u00fablicas<\/b>\u201d, financiado pelo CMPC, atrav\u00e9s da Lei de Incentivo ao Esporte, e est\u00e1 promovendo o \u201c<b>Curso de Forma\u00e7\u00e3o Continuada em Esporte Educacional<\/b>\u201d, que \u00e9 direcionado aos(\u00e0s) professores(as) de Educa\u00e7\u00e3o F\u00edsica que atuam na Educa\u00e7\u00e3o Infantil e Anos Iniciais; a professores(as) que atuam na Hora-Atividade e trabalham com Educa\u00e7\u00e3o F\u00edsica; e a professores(as) regentes de turmas da Educa\u00e7\u00e3o Infantil e Anos Iniciais do Ensino Fundamental.<\/p>\n<p style=\"text-align: justify;\">O objetivo do Projeto, neste primeiro ano de interven\u00e7\u00e3o no territ\u00f3rio, \u00e9 contribuir com a forma\u00e7\u00e3o dos(as) educadores(as) e a qualifica\u00e7\u00e3o dos projetos e programas nas \u00e1reas da Educa\u00e7\u00e3o F\u00edsica e Alfabetiza\u00e7\u00e3o Corporal. A ideia \u00e9 valorizar a escola como um espa\u00e7o significativo de pr\u00e1tica consciente da Educa\u00e7\u00e3o F\u00edsica e do Esporte e, consequentemente, ampliar a oferta de atividades regulares para os(as) alunos(as), desde a Educa\u00e7\u00e3o Infantil at\u00e9 o Ensino M\u00e9dio.<\/p>\n<p style=\"text-align: justify;\">O primeiro m\u00f3dulo do Curso aconteceu no dia 29 de agosto e foi ministrado pelos formadores do IEE, F\u00e1bio D\u2019Angelo e Josemar Paix\u00e3o. No encontro, os(as) participantes tiveram a oportunidade de integrar a teoria e a pr\u00e1tica da Educa\u00e7\u00e3o F\u00edsica\/Corporal em conte\u00fados relacionados com os princ\u00edpios pedag\u00f3gicos do Esporte Educacional e da Alfabetiza\u00e7\u00e3o Corporal\/Esportiva, al\u00e9m de realizarem planejamentos pedag\u00f3gicos utilizando o jogo e a brincadeira como meio para o desenvolvimento da alfabetiza\u00e7\u00e3o corporal, objetivando, assim, a qualifica\u00e7\u00e3o e a amplia\u00e7\u00e3o da oferta (tempo) de atividades de educa\u00e7\u00e3o.<\/p>\n<p style=\"text-align: justify;\">O segundo encontro formativo foi realizado na \u00faltima quinta-feira, dia 19 de setembro, sendo ministrado pelos formadores Josemar Paix\u00e3o e Ceres Carvalho. Na oportunidade, os formadores do IEE realizaram um di\u00e1logo com professores(as) e gestores(as) sobre a \u201c<b>Pedagogia do Esporte e suas vari\u00e1veis<\/b>\u201d, com a inten\u00e7\u00e3o principal de alcan\u00e7ar a pr\u00e1tica reflexiva.<\/p>\n<p style=\"text-align: justify;\">Os(as) participantes, durante esse segundo encontro formativo, dividiram-se em comiss\u00f5es (Abertura e Encerramento, Jogos e atividades, M\u00eddia e Decora\u00e7\u00e3o e Gerenciamento) e tiveram a oportunidade de planejar um mini evento com a tem\u00e1tica \u201c<b>Corpo em movimento<\/b>\u201d (o qual ser\u00e1 realizado no pr\u00f3ximo m\u00f3dulo, no dia 03 de outubro), destinado a crian\u00e7as do N\u00edvel I, 1\u00ba e 2\u00ba anos da EMEF Frederico Ernesto Buchholz, local onde s\u00e3o realizados os encontros formativos.<\/p>\n<p style=\"text-align: justify;\">\u201c<b>Os(as) professores(as) de Rio Grande t\u00eam se mostrado altamente engajados e ativos no processo de forma\u00e7\u00e3o, e um ponto altamente positivo \u00e9 a troca de experi\u00eancia, por se tratarem de profissionais de diferentes contextos. Eles(as) t\u00eam compartilhado suas ferramentas de trabalho, e isso fortalece o m\u00e9todo que lhes foi apresentado, mas principalmente, os fortalece enquanto grupo de professores(as) da rede p\u00fablica municipal de ensino de Rio Grande. A ideia \u00e9 que eles(as), ao longo desses tr\u00eas encontros formativos, possam sair com uma cartilha de bons jogos para acessar o repert\u00f3rio motor das crian\u00e7as, ampliando-a na perspectiva do Esporte Educacional, e que possam utilizar o jogo como um recurso para trabalhar as manifesta\u00e7\u00f5es corporais das crian\u00e7as e, tamb\u00e9m, sobre as vari\u00e1veis que o professor pode estimular para alcan\u00e7ar os seus objetivos, o que denominamos sistema PROTEGE<\/b>\u201d, destacou Josemar Paix\u00e3o, formador do IEE.<\/p>\n<p style=\"text-align: justify;\">\u201c<b>Estamos com uma expectativa enorme para o pr\u00f3ximo encontro formativo, tanto no que diz respeito \u00e0 realiza\u00e7\u00e3o do evento, quanto \u00e0 realiza\u00e7\u00e3o do \u2018Semin\u00e1rio de Boas Pr\u00e1ticas\u2019, que encerrar\u00e1 este primeiro ciclo formativo com a aplicabilidade das ferramentas que nos foram apresentadas e com troca de experi\u00eancias entre os participantes do processo formativo<\/b>\u201d, relatou Leontine Santos, assessora Pedag\u00f3gica da Educa\u00e7\u00e3o F\u00edsica da SMEd.<\/p>\n<p style=\"text-align: right;\"><em>SMEd<\/em><br \/>\n<em>Roberton Reis<\/em><br \/>\n<em>Com informa\u00e7\u00f5es da Assessoria de Educa\u00e7\u00e3o F\u00edsica<\/em><\/p>\n<hr \/>\n<div id=\"attachment_34849\" style=\"width: 395px\" class=\"wp-caption aligncenter\"><a href=\"http:\/\/www.riogrande.rs.gov.br\/smed\/wp-content\/uploads\/2019\/08\/20190806-ped-esporte-image1.png\" rel=\"lightbox[34798]\"><img loading=\"lazy\" decoding=\"async\" aria-describedby=\"caption-attachment-34849\" class=\"size-full wp-image-34849\" src=\"http:\/\/www.riogrande.rs.gov.br\/smed\/wp-content\/uploads\/2019\/08\/20190806-ped-esporte-image1.png\" alt=\"\" width=\"385\" height=\"123\" \/><\/a><p id=\"caption-attachment-34849\" class=\"wp-caption-text\">Divulga\u00e7\u00e3o<\/p><\/div>\n<p style=\"text-align: justify;\">A Secretaria de Munic\u00edpio da Educa\u00e7\u00e3o de Rio Grande (SMEd), atrav\u00e9s do N\u00facleo dos Anos Iniciais e do N\u00facleo dos Anos Finais do Ensino Fundamental, em parceria com o Instituto Esporte e Educa\u00e7\u00e3o (IEE), promover\u00e1, nesta quinta-feira, dia <b>29 de agosto<\/b>, o <b>1\u00b0 Encontro do Curso de Forma\u00e7\u00e3o Continuada em Esporte Educacional<\/b>.<\/p>\n<p style=\"text-align: justify;\">O Curso \u00e9 destinado, prioritariamente, a professores(as) de Educa\u00e7\u00e3o F\u00edsica que atuam na Educa\u00e7\u00e3o Infantil e Anos Iniciais; a professores(as) que atuam na Hora-Atividade e trabalham com Educa\u00e7\u00e3o F\u00edsica; e a professores(as) regentes de turmas da Educa\u00e7\u00e3o Infantil e Anos Iniciais do Ensino Fundamental. Os demais docentes interessados ter\u00e3o sua inscri\u00e7\u00e3o homologada, mediante disponibilidade de vagas. As tem\u00e1ticas abordadas nos encontros ser\u00e3o: Educa\u00e7\u00e3o F\u00edsica Escolar, Linguagem Corporal, Alfabetiza\u00e7\u00e3o Corporal e Esporte Educacional.<\/p>\n<p style=\"text-align: justify;\">Os Encontros do Curso de Forma\u00e7\u00e3o Continuada em Esporte Educacional ocorrer\u00e3o na <b>EMEF Frederico Ernesto Buchholz <\/b>(rua EUA do Norte. S\/N\u00ba, bairro Jun\u00e7\u00e3o), nos turnos da manh\u00e3 (<b>das 8h \u00e0s 12h<\/b>) e da tarde (<b>das 13h30min \u00e0s 17h30min<\/b>), totalizando<b> 30 horas<\/b> (24 horas de atividades presenciais e 06 horas de atividades a dist\u00e2ncia). Os Encontros tamb\u00e9m ocorrer\u00e3o nos dias <b>29 de agosto<\/b>,<b> 19 de setembro<\/b> e<b> 03 de outubro<\/b>.<\/p>\n<p>&nbsp;<\/p>\n<p style=\"text-align: right;\"><em>SMEd<\/em><br \/>\n<em>Roberton Reis<\/em><\/p>\n<hr \/>\n<p>Publicada 08\/08\/2019<\/p>\n<h2>SMEd divulga Lista de Inscri\u00e7\u00f5es Homologadas para o \u201cCurso de Forma\u00e7\u00e3o Continuada em Esporte Educacional\u201d para Professores(as) da Educa\u00e7\u00e3o Infantil e dos Anos Iniciais<\/h2>\n<div id=\"attachment_34849\" style=\"width: 395px\" class=\"wp-caption aligncenter\"><a href=\"http:\/\/www.riogrande.rs.gov.br\/smed\/wp-content\/uploads\/2019\/08\/20190806-ped-esporte-image1.png\" rel=\"lightbox[34798]\"><img loading=\"lazy\" decoding=\"async\" aria-describedby=\"caption-attachment-34849\" class=\"size-full wp-image-34849\" src=\"http:\/\/www.riogrande.rs.gov.br\/smed\/wp-content\/uploads\/2019\/08\/20190806-ped-esporte-image1.png\" alt=\"\" width=\"385\" height=\"123\" \/><\/a><p id=\"caption-attachment-34849\" class=\"wp-caption-text\">Divulga\u00e7\u00e3o<\/p><\/div>\n<p style=\"text-align: justify;\"><span style=\"font-weight: 400;\">A Secretaria de Munic\u00edpio da Educa\u00e7\u00e3o de Rio Grande (SMEd), atrav\u00e9s do N\u00facleo dos Anos Iniciais e do N\u00facleo dos Anos Finais do Ensino Fundamental, em parceria com o Instituto Esporte e Educa\u00e7\u00e3o (IEE), divulga a <\/span><a href=\"http:\/\/www.riogrande.rs.gov.br\/smed\/wp-content\/uploads\/2019\/08\/20190808-ped-lista_inscricoes_homologadas_esporte_educacional.pdf\" target=\"_blank\" rel=\"noopener noreferrer\"><b>Lista de Inscri\u00e7\u00f5es Homologadas<\/b><\/a><span style=\"font-weight: 400;\"> para o \u201c<\/span><b>Curso de Forma\u00e7\u00e3o Continuada em Esporte Educacional<\/b><span style=\"font-weight: 400;\">\u201d dirigido a Professores(as) da Educa\u00e7\u00e3o Infantil e dos Anos Iniciais.<\/span><\/p>\n<p style=\"text-align: justify;\"><span style=\"font-weight: 400;\">O Curso ser\u00e1 destinado, prioritariamente, a professores(as) de Educa\u00e7\u00e3o F\u00edsica que atuam na Educa\u00e7\u00e3o Infantil e Anos Iniciais; a professores(as) que atuam na Hora-Atividade e trabalham com Educa\u00e7\u00e3o F\u00edsica; e a professores(as) regentes de turmas da Educa\u00e7\u00e3o Infantil e Anos Iniciais do Ensino Fundamental. Os demais docentes interessados ter\u00e3o sua inscri\u00e7\u00e3o homologada, mediante disponibilidade de vagas. As tem\u00e1ticas abordadas nos encontros ser\u00e3o: Educa\u00e7\u00e3o F\u00edsica Escolar, Linguagem Corporal, Alfabetiza\u00e7\u00e3o Corporal e Esporte Educacional.<\/span><\/p>\n<p style=\"text-align: justify;\"><span style=\"font-weight: 400;\">Os Encontros de Forma\u00e7\u00e3o Continuada ocorrer\u00e3o na <\/span><b>EMEF Frederico Ernesto Buchholz <\/b><span style=\"font-weight: 400;\">(rua EUA do Norte. S\/N\u00ba, bairro Jun\u00e7\u00e3o), nos dias <\/span><b>29 de agosto<\/b><span style=\"font-weight: 400;\">,<\/span><b> 19 de setembro<\/b><span style=\"font-weight: 400;\"> e<\/span><b> 03 de outubro<\/b><span style=\"font-weight: 400;\">, nos turnos da manh\u00e3 (<\/span><b>das 8h \u00e0s 12h<\/b><span style=\"font-weight: 400;\">) e da tarde (<\/span><b>das 13h30min \u00e0s 17h30min<\/b><span style=\"font-weight: 400;\">), totalizando<\/span><b> 30 horas<\/b><span style=\"font-weight: 400;\"> (24 horas de atividades presenciais e 06 horas de atividades a dist\u00e2ncia).<\/span><\/p>\n<p style=\"text-align: right;\"><em><span style=\"font-weight: 400;\">SMEd<\/span><\/em><br \/>\n<em><span style=\"font-weight: 400;\">Roberton Reis<\/span><\/em><br \/>\n<em><span style=\"font-weight: 400;\">Com informa\u00e7\u00f5es do N\u00facleo dos Anos Iniciais e da Assessoria de Educa\u00e7\u00e3o F\u00edsica<\/span><\/em><\/p>\n<hr \/>\n<p>Publicada 06\/08\/2019<\/p>\n<h2>Per\u00edodo de inscri\u00e7\u00f5es para o \u201cCurso de Forma\u00e7\u00e3o Continuada em Esporte Educacional\u201d para Professores(as) da Educa\u00e7\u00e3o Infantil e dos Anos Iniciais encerra nesta quarta-feira, 07<\/h2>\n<div id=\"attachment_34849\" style=\"width: 395px\" class=\"wp-caption aligncenter\"><img loading=\"lazy\" decoding=\"async\" aria-describedby=\"caption-attachment-34849\" class=\"size-full wp-image-34849\" src=\"http:\/\/www.riogrande.rs.gov.br\/smed\/wp-content\/uploads\/2019\/08\/20190806-ped-esporte-image1.png\" alt=\"\" width=\"385\" height=\"123\" \/><p id=\"caption-attachment-34849\" class=\"wp-caption-text\">Divulga\u00e7\u00e3o<\/p><\/div>\n<p style=\"text-align: justify;\">A Secretaria de Munic\u00edpio da Educa\u00e7\u00e3o de Rio Grande (SMEd), atrav\u00e9s do N\u00facleo dos Anos Iniciais e do N\u00facleo dos Anos Finais do Ensino Fundamental, em parceria com o Instituto Esporte e Educa\u00e7\u00e3o (IEE), promover\u00e1 o Curso de Forma\u00e7\u00e3o Continuada em Esporte Educacional.<\/p>\n<p style=\"text-align: justify;\">O Curso ser\u00e1 destinado, prioritariamente, a professores(as) de Educa\u00e7\u00e3o F\u00edsica que atuam na Educa\u00e7\u00e3o Infantil e Anos Iniciais; a professores(as) que atuam na Hora-Atividade e trabalham com Educa\u00e7\u00e3o F\u00edsica; e a professores(as) regentes de turmas da Educa\u00e7\u00e3o Infantil e Anos Iniciais do Ensino Fundamental. Os demais docentes interessados ter\u00e3o sua inscri\u00e7\u00e3o homologada, mediante disponibilidade de vagas. As tem\u00e1ticas abordadas nos encontros ser\u00e3o: Educa\u00e7\u00e3o F\u00edsica Escolar, Linguagem Corporal, Alfabetiza\u00e7\u00e3o Corporal e Esporte Educacional.<\/p>\n<p style=\"text-align: justify;\">Os Encontros de Forma\u00e7\u00e3o Continuada ocorrer\u00e3o na <b>EMEF Frederico Ernesto Buchholz <\/b>(rua EUA do Norte. S\/N\u00ba, bairro Jun\u00e7\u00e3o), nos dias <b>29 de agosto<\/b>,<b> 19 de setembro<\/b> e<b> 03 de outubro<\/b>, nos turnos da manh\u00e3 (<b>das 8h \u00e0s 12h<\/b>) e da tarde (<b>das 13h30min \u00e0s 17h30min<\/b>), totalizando<b> 30 horas<\/b> (24 horas de atividades presenciais e 06 horas de atividades a dist\u00e2ncia).<\/p>\n<p style=\"text-align: justify;\">Ao todo, ser\u00e3o ofertadas <b>40 vagas<\/b>. O per\u00edodo de inscri\u00e7\u00f5es encerra nesta quarta-feira, dia <b>07 de agosto<\/b>. Realize a sua inscri\u00e7\u00e3o acessando <a href=\"https:\/\/docs.google.com\/forms\/d\/e\/1FAIpQLScCRnRPG37DTov2LV-i4eXCbMYui_A7NXbZ3Jl-K1uk3wIdIA\/viewform\" target=\"_blank\" rel=\"noopener noreferrer\"><b>aqui<\/b><\/a>.<\/p>\n<p style=\"text-align: right;\"><em>SMEd<\/em><br \/>\n<em>Roberton Reis<\/em><\/p>\n<hr \/>\n<p>Publicada 1\u00ba\/08\/2019<\/p>\n<h2>Professores(as) da Educa\u00e7\u00e3o Infantil e dos Anos Iniciais podem inscrever-se para o \u201cCurso de Forma\u00e7\u00e3o Continuada em Esporte Educacional\u201d<\/h2>\n<div id=\"attachment_34801\" style=\"width: 395px\" class=\"wp-caption aligncenter\"><a href=\"http:\/\/www.riogrande.rs.gov.br\/smed\/wp-content\/uploads\/2019\/08\/20190801-ped-esporte-image1.png\" rel=\"lightbox[34798]\"><img loading=\"lazy\" decoding=\"async\" aria-describedby=\"caption-attachment-34801\" class=\"size-full wp-image-34801\" src=\"http:\/\/www.riogrande.rs.gov.br\/smed\/wp-content\/uploads\/2019\/08\/20190801-ped-esporte-image1.png\" alt=\"\" width=\"385\" height=\"123\" \/><\/a><p id=\"caption-attachment-34801\" class=\"wp-caption-text\">Divulga\u00e7\u00e3o<\/p><\/div>\n<p style=\"text-align: justify;\"><span style=\"font-weight: 400;\">A Secretaria de Munic\u00edpio da Educa\u00e7\u00e3o de Rio Grande (SMEd), atrav\u00e9s do N\u00facleo dos Anos Iniciais e do N\u00facleo dos Anos Finais do Ensino Fundamental, em parceria com o Instituto Esporte e Educa\u00e7\u00e3o (IEE), promover\u00e1 o Curso de\u00a0 Forma\u00e7\u00e3o Continuada em Esporte Educacional.<\/span><\/p>\n<p style=\"text-align: justify;\"><span style=\"font-weight: 400;\">O Curso ser\u00e1 destinado, prioritariamente, a professores(as) de Educa\u00e7\u00e3o F\u00edsica que atuam na Educa\u00e7\u00e3o Infantil e Anos Iniciais; a professores(as) que atuam na Hora-Atividade e trabalham com Educa\u00e7\u00e3o F\u00edsica; e a professores(as) regentes de turmas da Educa\u00e7\u00e3o Infantil e Anos Iniciais do Ensino Fundamental. Os demais docentes interessados ter\u00e3o sua inscri\u00e7\u00e3o homologada mediante disponibilidade de vagas. As tem\u00e1ticas abordadas nos encontros ser\u00e3o: Educa\u00e7\u00e3o F\u00edsica Escolar, Linguagem Corporal, Alfabetiza\u00e7\u00e3o Corporal e Esporte Educacional.<\/span><\/p>\n<p style=\"text-align: justify;\"><span style=\"font-weight: 400;\">Os Encontros de Forma\u00e7\u00e3o Continuada ocorrer\u00e3o na <\/span><b>EMEF Frederico Ernesto Buchholz <\/b><span style=\"font-weight: 400;\">(rua EUA do Norte. S\/N\u00ba, bairro Jun\u00e7\u00e3o), nos dias <\/span><b>29 de agosto<\/b><span style=\"font-weight: 400;\">,<\/span><b> 19 de setembro<\/b><span style=\"font-weight: 400;\"> e<\/span><b> 03 de outubro<\/b><span style=\"font-weight: 400;\">, nos turnos da manh\u00e3<\/span> <span style=\"font-weight: 400;\">(<\/span><b>das 8h \u00e0s 12h<\/b><span style=\"font-weight: 400;\">) e da tarde<\/span> <span style=\"font-weight: 400;\">(<\/span><b>das 13h30min \u00e0s 17h30min<\/b><span style=\"font-weight: 400;\">),<\/span> <span style=\"font-weight: 400;\">totalizando<\/span><b> 30 horas<\/b><span style=\"font-weight: 400;\"> (24 horas de atividades presenciais e 06 horas de atividades a dist\u00e2ncia).\u00a0\u00a0<\/span><\/p>\n<p style=\"text-align: justify;\"><span style=\"font-weight: 400;\">Ao todo, ser\u00e3o ofertadas <\/span><b>40 vagas<\/b><span style=\"font-weight: 400;\">. As inscri\u00e7\u00f5es devem ser feitas no per\u00edodo de <\/span><b>1\u00ba a 07 de agosto<\/b><span style=\"font-weight: 400;\">, acessando <\/span><a href=\"https:\/\/docs.google.com\/forms\/d\/e\/1FAIpQLScCRnRPG37DTov2LV-i4eXCbMYui_A7NXbZ3Jl-K1uk3wIdIA\/viewform\" target=\"_blank\" rel=\"noopener noreferrer\"><b>aqui<\/b><\/a><span style=\"font-weight: 400;\">.<\/span><\/p>\n<p style=\"text-align: right;\"><em><span style=\"font-weight: 400;\">SMEd<\/span><\/em><br \/>\n<em><span style=\"font-weight: 400;\">Roberton Reis<\/span><\/em><\/p>\n","protected":false},"excerpt":{"rendered":"<p>Publicada 01\/10\/2019 3\u00ba Encontro do \u201cCurso de Forma\u00e7\u00e3o Continuada em Esporte Educacional\u201d para Professores(as) da Educa\u00e7\u00e3o Infantil e dos Anos Iniciais acontece nesta quinta-feira, 03 A Secretaria de Munic\u00edpio da Educa\u00e7\u00e3o de Rio Grande (SMEd), atrav\u00e9s do N\u00facleo dos Anos Iniciais e do N\u00facleo dos Anos Finais do Ensino Fundamental, em parceria com o Instituto [&hellip;]<\/p>\n","protected":false},"author":7,"featured_media":0,"parent":31208,"menu_order":18,"comment_status":"closed","ping_status":"closed","template":"","meta":{"footnotes":""},"class_list":["post-34798","page","type-page","status-publish","hentry"],"_links":{"self":[{"href":"https:\/\/www.riogrande.rs.gov.br\/smed\/index.php?rest_route=\/wp\/v2\/pages\/34798"}],"collection":[{"href":"https:\/\/www.riogrande.rs.gov.br\/smed\/index.php?rest_route=\/wp\/v2\/pages"}],"about":[{"href":"https:\/\/www.riogrande.rs.gov.br\/smed\/index.php?rest_route=\/wp\/v2\/types\/page"}],"author":[{"embeddable":true,"href":"https:\/\/www.riogrande.rs.gov.br\/smed\/index.php?rest_route=\/wp\/v2\/users\/7"}],"replies":[{"embeddable":true,"href":"https:\/\/www.riogrande.rs.gov.br\/smed\/index.php?rest_route=%2Fwp%2Fv2%2Fcomments&post=34798"}],"version-history":[{"count":8,"href":"https:\/\/www.riogrande.rs.gov.br\/smed\/index.php?rest_route=\/wp\/v2\/pages\/34798\/revisions"}],"predecessor-version":[{"id":36004,"href":"https:\/\/www.riogrande.rs.gov.br\/smed\/index.php?rest_route=\/wp\/v2\/pages\/34798\/revisions\/36004"}],"up":[{"embeddable":true,"href":"https:\/\/www.riogrande.rs.gov.br\/smed\/index.php?rest_route=\/wp\/v2\/pages\/31208"}],"wp:attachment":[{"href":"https:\/\/www.riogrande.rs.gov.br\/smed\/index.php?rest_route=%2Fwp%2Fv2%2Fmedia&parent=34798"}],"curies":[{"name":"wp","href":"https:\/\/api.w.org\/{rel}","templated":true}]}}