{"id":31797,"date":"2019-04-04T13:13:03","date_gmt":"2019-04-04T16:13:03","guid":{"rendered":"http:\/\/www.riogrande.rs.gov.br\/smed\/?page_id=31797"},"modified":"2019-07-03T14:39:22","modified_gmt":"2019-07-03T17:39:22","slug":"olimpiada-de-lingua-portuguesa-2019","status":"publish","type":"page","link":"https:\/\/www.riogrande.rs.gov.br\/smed\/?page_id=31797","title":{"rendered":"Olimp\u00edada de L\u00edngua Portuguesa 2019"},"content":{"rendered":"<hr \/>\n<p>Publicada 03\/07\/2019<\/p>\n<h2>\u201c6\u00aa edi\u00e7\u00e3o da Olimp\u00edada de L\u00edngua Portuguesa\u201d: 5\u00ba Encontro de Forma\u00e7\u00e3o acontece no dia 04 de julho<\/h2>\n<p style=\"text-align: justify;\">A Secretaria de Munic\u00edpio da Educa\u00e7\u00e3o de Rio Grande (SMEd), atrav\u00e9s da Assessoria de L\u00ednguas do N\u00facleo dos Anos Finais do Ensino Fundamental, promover\u00e1, no dia <b>04 de julho<\/b>, quinta-feira, <b>das 8h \u00e0s 12h<\/b>, no <b>Audit\u00f3rio do SENAC<\/b>, que est\u00e1 localizado na rua Rep\u00fablica do L\u00edbano, 88, o \u201c<b>5\u00ba Encontro de Forma\u00e7\u00e3o da 6\u00aa edi\u00e7\u00e3o da Olimp\u00edada de L\u00edngua Portuguesa<\/b>\u201d (OLPEF).<\/p>\n<p style=\"text-align: justify;\">O processo formativo da 6\u00aa OLPEF \u00e9 direcionado aos(\u00e0s) Professores(as) dos 5\u00ba Anos, aos(\u00e0s) Professores(as) de L\u00edngua Portuguesa do 6\u00ba ao 9\u00ba Anos e, tamb\u00e9m, aos(\u00e0s) Professores(as) do Ensino M\u00e9dio. A forma\u00e7\u00e3o, que acontece em Regime de Colabora\u00e7\u00e3o, pois h\u00e1 a participa\u00e7\u00e3o dos(as) professores(as) municipais e estaduais, est\u00e1 acontecendo mensalmente. O tema das produ\u00e7\u00f5es \u00e9 \u201c<strong>O lugar onde vivo<\/strong>\u201d, que propicia aos(\u00e0s) alunos(as) estreitar v\u00ednculos com a comunidade e aprofundar o conhecimento sobre a realidade local, contribuindo para o desenvolvimento de sua cidadania.<\/p>\n<p style=\"text-align: justify;\">A Olimp\u00edada de L\u00edngua Portuguesa constitui-se num processo formativo para professores, baseado no estudo dos G\u00eaneros Textuais, em Oficinas sobre Sequ\u00eancia Did\u00e1tica, troca de experi\u00eancias, como tamb\u00e9m oportunidade de realizar Saraus, Mostras Liter\u00e1rias e demais eventos que solidificam o lugar de autoria dos estudantes. Neste 5\u00ba encontro formativo, o G\u00eanero Textual em foco ser\u00e1 o \u201cArtigo de Opini\u00e3o\u201d. Na oportunidade, tamb\u00e9m ser\u00e1 realizada a \u201cOficina sobre Avalia\u00e7\u00e3o dos G\u00eaneros Textuais\u201d.<\/p>\n<p style=\"text-align: justify;\">Servi\u00e7o: 5\u00ba Encontro Formativo da 6\u00aa OLPEF<br \/>\nDia: 04 de julho (quinta-feira)<br \/>\nHor\u00e1rio: das 8h \u00e0s 12h<br \/>\nLocal: Audit\u00f3rio do SENAC, rua Rep\u00fablica do L\u00edbano, 88<\/p>\n<p>&nbsp;<\/p>\n<p style=\"text-align: right;\"><em>SMEd<\/em><br \/>\n<em>Roberton Reis<\/em><\/p>\n<hr \/>\n<p>Publicada 27\/06\/2019<\/p>\n<h2>5\u00ba Encontro de Forma\u00e7\u00e3o da \u201c6\u00aa edi\u00e7\u00e3o da Olimp\u00edada de L\u00edngua Portuguesa\u201d acontece no dia 04 de julho<\/h2>\n<p style=\"text-align: justify;\"><span style=\"font-weight: 400;\">A Secretaria de Munic\u00edpio da Educa\u00e7\u00e3o de Rio Grande (SMEd), atrav\u00e9s da Assessoria de L\u00ednguas do N\u00facleo dos Anos Finais do Ensino Fundamental, promover\u00e1, no dia <\/span><b>04 de julho<\/b><span style=\"font-weight: 400;\">, quinta-feira, das <\/span><b>8h \u00e0s 12h<\/b><span style=\"font-weight: 400;\">, no <\/span><b>Audit\u00f3rio do SENAC<\/b><span style=\"font-weight: 400;\">, que est\u00e1 localizado na rua Rep\u00fablica do L\u00edbano, 88, o <\/span><b>5\u00ba Encontro de Forma\u00e7\u00e3o da 6\u00aa edi\u00e7\u00e3o da Olimp\u00edada de L\u00edngua Portuguesa (OLPEF)<\/b><span style=\"font-weight: 400;\">.<\/span><\/p>\n<p style=\"text-align: justify;\"><span style=\"font-weight: 400;\">O processo formativo da <\/span><b>6\u00aa OLPEF<\/b><span style=\"font-weight: 400;\"> \u00e9 direcionado aos(\u00e0s) Professores(as) dos 5\u00ba Anos, aos(\u00e0s) Professores(as) de L\u00edngua Portuguesa do 6\u00ba ao 9\u00ba Anos e, tamb\u00e9m, aos(\u00e0s) Professores(as) do Ensino M\u00e9dio. A forma\u00e7\u00e3o, que acontece em Regime de Colabora\u00e7\u00e3o, pois h\u00e1 a participa\u00e7\u00e3o dos(as) professores(as) municipais e estaduais, est\u00e1 acontecendo mensalmente. O tema das produ\u00e7\u00f5es \u00e9 \u201c<\/span><b>O lugar onde vivo<\/b><span style=\"font-weight: 400;\">\u201d, que propicia aos(\u00e0s) alunos(as) estreitar v\u00ednculos com a comunidade e aprofundar o conhecimento sobre a realidade local, contribuindo para o desenvolvimento de sua cidadania.<\/span><\/p>\n<p style=\"text-align: justify;\"><span style=\"font-weight: 400;\">A Olimp\u00edada de L\u00edngua Portuguesa constitui-se num processo formativo para professores, baseado no estudo dos G\u00eaneros Textuais, em Oficinas sobre Sequ\u00eancia Did\u00e1tica, troca de experi\u00eancias, como tamb\u00e9m oportunidade de realizar Saraus, Mostras Liter\u00e1rias e demais eventos que solidificam o lugar de autoria dos estudantes. Neste 5\u00ba encontro formativo, o G\u00eanero Textual em foco ser\u00e1 o <\/span><span style=\"font-weight: 400;\">\u201c<\/span><b>Artigo de Opini\u00e3o<\/b><span style=\"font-weight: 400;\">\u201d. Na oportunidade, tamb\u00e9m ser\u00e1 realizada a \u201c<\/span><b>Oficina sobre Avalia\u00e7\u00e3o dos G\u00eaneros Textuais<\/b><span style=\"font-weight: 400;\">\u201d.\u00a0<\/span><\/p>\n<p style=\"text-align: justify;\"><span style=\"font-weight: 400;\">Servi\u00e7o:<\/span><b> 5\u00ba Encontro Formativo da 6\u00aa OLPEF<\/b><br \/>\n<span style=\"font-weight: 400;\">Dia: <\/span><b>04 de julho<\/b><span style=\"font-weight: 400;\"> (quinta-feira)<\/span><br \/>\n<span style=\"font-weight: 400;\">Hor\u00e1rio: <\/span><b>das 8h \u00e0s 12h<\/b><br \/>\n<span style=\"font-weight: 400;\">Local: <\/span><b>Audit\u00f3rio do SENAC, <\/b><span style=\"font-weight: 400;\">rua Rep\u00fablica do L\u00edbano, 88<\/span><\/p>\n<p style=\"text-align: right;\"><em><span style=\"font-weight: 400;\">SMEd<\/span><\/em><br \/>\n<em><span style=\"font-weight: 400;\">Roberton Reis<\/span><\/em><\/p>\n<hr \/>\n<p>Publicada 23\/05\/2019<\/p>\n<h2>3\u00ba Encontro de Forma\u00e7\u00e3o da \u201c6\u00aa edi\u00e7\u00e3o da Olimp\u00edada de L\u00edngua Portuguesa\u201d acontece neste s\u00e1bado, dia 25 de maio<\/h2>\n<p style=\"text-align: justify;\"><span style=\"font-weight: 400;\">A Secretaria de Munic\u00edpio da Educa\u00e7\u00e3o de Rio Grande (SMEd), atrav\u00e9s da Assessoria de L\u00ednguas do N\u00facleo dos Anos Finais do Ensino Fundamental, promover\u00e1, no pr\u00f3ximo s\u00e1bado, dia <\/span><b>25 de maio<\/b><span style=\"font-weight: 400;\">, \u00e0s <\/span><b>8h30min<\/b><span style=\"font-weight: 400;\">, na <strong>Escola Municipal de Ensino Fundamental<\/strong> <\/span><b>Cora\u00e7\u00e3o de Maria<\/b><span style=\"font-weight: 400;\">, que est\u00e1 localizada na Ilha dos Marinheiros, o <\/span><b>3\u00ba Encontro de Forma\u00e7\u00e3o da 6\u00aa edi\u00e7\u00e3o da Olimp\u00edada de L\u00edngua Portuguesa (OLP)<\/b><span style=\"font-weight: 400;\">.<\/span><\/p>\n<p style=\"text-align: justify;\"><span style=\"font-weight: 400;\">O processo formativo da <\/span><b>6\u00aa OLP<\/b><span style=\"font-weight: 400;\"> \u00e9 direcionado aos(\u00e0s) Professores(as) dos 5\u00ba Anos, aos(\u00e0s) Professores(as) de L\u00edngua Portuguesa do 6\u00ba ao 9\u00ba Anos e, tamb\u00e9m, aos(\u00e0s) Professores(as) do Ensino M\u00e9dio. A forma\u00e7\u00e3o, que acontece em Regime de Colabora\u00e7\u00e3o, pois h\u00e1 a participa\u00e7\u00e3o dos(as) professores(as) municipais e estaduais, est\u00e1 acontecendo mensalmente. O tema das produ\u00e7\u00f5es \u00e9 \u201c<\/span><b>O lugar onde vivo<\/b><span style=\"font-weight: 400;\">\u201d, que propicia aos(\u00e0s) alunos(as) estreitar v\u00ednculos com a comunidade e aprofundar o conhecimento sobre a realidade local, contribuindo para o desenvolvimento de sua cidadania.<\/span><\/p>\n<p style=\"text-align: justify;\"><span style=\"font-weight: 400;\">A Olimp\u00edada de L\u00edngua Portuguesa constitui-se num processo formativo para professores, baseado no estudo dos G\u00eaneros Textuais, em Oficinas sobre Sequ\u00eancia Did\u00e1tica, troca de experi\u00eancias, como tamb\u00e9m oportunidade de realizar Saraus, Mostras Liter\u00e1rias e demais eventos que solidificam o lugar de autoria dos estudantes. Neste 3\u00ba encontro formativo, o G\u00eanero Textual em foco ser\u00e1 o Poema.<\/span><\/p>\n<p style=\"text-align: right;\"><em><span style=\"font-weight: 400;\">SMEd<\/span><\/em><br \/>\n<em><span style=\"font-weight: 400;\">Roberton Reis<\/span><\/em><br \/>\n<em><span style=\"font-weight: 400;\">Com informa\u00e7\u00f5es da Assessoria de L\u00ednguas <\/span><\/em><\/p>\n<hr \/>\n<p>Publicada 16\/05\/2019<\/p>\n<h2>\u201c2\u00ba Encontro de Forma\u00e7\u00e3o da 6\u00aa edi\u00e7\u00e3o da Olimp\u00edada de L\u00edngua Portuguesa\u201d abordou o tema \u201cTecendo os fios da Mem\u00f3ria\u201d<\/h2>\n<p>&nbsp;<\/p>\n\n\t\t<style type=\"text\/css\">\n\t\t\t#gallery-1 {\n\t\t\t\tmargin: auto;\n\t\t\t}\n\t\t\t#gallery-1 .gallery-item {\n\t\t\t\tfloat: left;\n\t\t\t\tmargin-top: 10px;\n\t\t\t\ttext-align: center;\n\t\t\t\twidth: 33%;\n\t\t\t}\n\t\t\t#gallery-1 img {\n\t\t\t\tborder: 2px solid #cfcfcf;\n\t\t\t}\n\t\t\t#gallery-1 .gallery-caption {\n\t\t\t\tmargin-left: 0;\n\t\t\t}\n\t\t\t\/* see gallery_shortcode() in wp-includes\/media.php *\/\n\t\t<\/style>\n\t\t<div id='gallery-1' class='gallery galleryid-31797 gallery-columns-3 gallery-size-thumbnail'><dl class='gallery-item'>\n\t\t\t<dt class='gallery-icon landscape'>\n\t\t\t\t<a href='https:\/\/www.riogrande.rs.gov.br\/smed\/wp-content\/uploads\/2019\/05\/20190516-ped-olpef-image1.jpg' rel=\"lightbox[31797]\"><img loading=\"lazy\" decoding=\"async\" width=\"150\" height=\"150\" src=\"https:\/\/www.riogrande.rs.gov.br\/smed\/wp-content\/uploads\/2019\/05\/20190516-ped-olpef-image1-150x150.jpg\" class=\"attachment-thumbnail size-thumbnail\" alt=\"\" aria-describedby=\"gallery-1-32990\" \/><\/a>\n\t\t\t<\/dt>\n\t\t\t\t<dd class='wp-caption-text gallery-caption' id='gallery-1-32990'>\n\t\t\t\tDivulga\u00e7\u00e3o\n\t\t\t\t<\/dd><\/dl><dl class='gallery-item'>\n\t\t\t<dt class='gallery-icon portrait'>\n\t\t\t\t<a href='https:\/\/www.riogrande.rs.gov.br\/smed\/wp-content\/uploads\/2019\/05\/20190516-ped-olpef-image2.jpg' rel=\"lightbox[31797]\"><img loading=\"lazy\" decoding=\"async\" width=\"150\" height=\"150\" src=\"https:\/\/www.riogrande.rs.gov.br\/smed\/wp-content\/uploads\/2019\/05\/20190516-ped-olpef-image2-150x150.jpg\" class=\"attachment-thumbnail size-thumbnail\" alt=\"\" aria-describedby=\"gallery-1-32991\" \/><\/a>\n\t\t\t<\/dt>\n\t\t\t\t<dd class='wp-caption-text gallery-caption' id='gallery-1-32991'>\n\t\t\t\tDivulga\u00e7\u00e3o\n\t\t\t\t<\/dd><\/dl><dl class='gallery-item'>\n\t\t\t<dt class='gallery-icon landscape'>\n\t\t\t\t<a href='https:\/\/www.riogrande.rs.gov.br\/smed\/wp-content\/uploads\/2019\/05\/20190516-ped-olpef-image3.jpg' rel=\"lightbox[31797]\"><img loading=\"lazy\" decoding=\"async\" width=\"150\" height=\"150\" src=\"https:\/\/www.riogrande.rs.gov.br\/smed\/wp-content\/uploads\/2019\/05\/20190516-ped-olpef-image3-150x150.jpg\" class=\"attachment-thumbnail size-thumbnail\" alt=\"\" aria-describedby=\"gallery-1-32992\" \/><\/a>\n\t\t\t<\/dt>\n\t\t\t\t<dd class='wp-caption-text gallery-caption' id='gallery-1-32992'>\n\t\t\t\tDivulga\u00e7\u00e3o\n\t\t\t\t<\/dd><\/dl><br style=\"clear: both\" \/><dl class='gallery-item'>\n\t\t\t<dt class='gallery-icon landscape'>\n\t\t\t\t<a href='https:\/\/www.riogrande.rs.gov.br\/smed\/wp-content\/uploads\/2019\/05\/20190516-ped-olpef-image4.jpg' rel=\"lightbox[31797]\"><img loading=\"lazy\" decoding=\"async\" width=\"150\" height=\"150\" src=\"https:\/\/www.riogrande.rs.gov.br\/smed\/wp-content\/uploads\/2019\/05\/20190516-ped-olpef-image4-150x150.jpg\" class=\"attachment-thumbnail size-thumbnail\" alt=\"\" aria-describedby=\"gallery-1-32993\" \/><\/a>\n\t\t\t<\/dt>\n\t\t\t\t<dd class='wp-caption-text gallery-caption' id='gallery-1-32993'>\n\t\t\t\tDivulga\u00e7\u00e3o\n\t\t\t\t<\/dd><\/dl><dl class='gallery-item'>\n\t\t\t<dt class='gallery-icon landscape'>\n\t\t\t\t<a href='https:\/\/www.riogrande.rs.gov.br\/smed\/wp-content\/uploads\/2019\/05\/20190516-ped-olpef-image6.jpg' rel=\"lightbox[31797]\"><img loading=\"lazy\" decoding=\"async\" width=\"150\" height=\"150\" src=\"https:\/\/www.riogrande.rs.gov.br\/smed\/wp-content\/uploads\/2019\/05\/20190516-ped-olpef-image6-150x150.jpg\" class=\"attachment-thumbnail size-thumbnail\" alt=\"\" aria-describedby=\"gallery-1-32994\" \/><\/a>\n\t\t\t<\/dt>\n\t\t\t\t<dd class='wp-caption-text gallery-caption' id='gallery-1-32994'>\n\t\t\t\tDivulga\u00e7\u00e3o\n\t\t\t\t<\/dd><\/dl><dl class='gallery-item'>\n\t\t\t<dt class='gallery-icon landscape'>\n\t\t\t\t<a href='https:\/\/www.riogrande.rs.gov.br\/smed\/wp-content\/uploads\/2019\/05\/20190516-ped-olpef-image7.jpg' rel=\"lightbox[31797]\"><img loading=\"lazy\" decoding=\"async\" width=\"150\" height=\"150\" src=\"https:\/\/www.riogrande.rs.gov.br\/smed\/wp-content\/uploads\/2019\/05\/20190516-ped-olpef-image7-150x150.jpg\" class=\"attachment-thumbnail size-thumbnail\" alt=\"\" aria-describedby=\"gallery-1-32995\" \/><\/a>\n\t\t\t<\/dt>\n\t\t\t\t<dd class='wp-caption-text gallery-caption' id='gallery-1-32995'>\n\t\t\t\tDivulga\u00e7\u00e3o\n\t\t\t\t<\/dd><\/dl><br style=\"clear: both\" \/><dl class='gallery-item'>\n\t\t\t<dt class='gallery-icon landscape'>\n\t\t\t\t<a href='https:\/\/www.riogrande.rs.gov.br\/smed\/wp-content\/uploads\/2019\/05\/20190516-ped-olpef-image8.jpg' rel=\"lightbox[31797]\"><img loading=\"lazy\" decoding=\"async\" width=\"150\" height=\"150\" src=\"https:\/\/www.riogrande.rs.gov.br\/smed\/wp-content\/uploads\/2019\/05\/20190516-ped-olpef-image8-150x150.jpg\" class=\"attachment-thumbnail size-thumbnail\" alt=\"\" aria-describedby=\"gallery-1-32996\" \/><\/a>\n\t\t\t<\/dt>\n\t\t\t\t<dd class='wp-caption-text gallery-caption' id='gallery-1-32996'>\n\t\t\t\tDivulga\u00e7\u00e3o\n\t\t\t\t<\/dd><\/dl><dl class='gallery-item'>\n\t\t\t<dt class='gallery-icon landscape'>\n\t\t\t\t<a href='https:\/\/www.riogrande.rs.gov.br\/smed\/wp-content\/uploads\/2019\/05\/20190516-ped-olpef-image9.jpg' rel=\"lightbox[31797]\"><img loading=\"lazy\" decoding=\"async\" width=\"150\" height=\"150\" src=\"https:\/\/www.riogrande.rs.gov.br\/smed\/wp-content\/uploads\/2019\/05\/20190516-ped-olpef-image9-150x150.jpg\" class=\"attachment-thumbnail size-thumbnail\" alt=\"\" aria-describedby=\"gallery-1-32997\" \/><\/a>\n\t\t\t<\/dt>\n\t\t\t\t<dd class='wp-caption-text gallery-caption' id='gallery-1-32997'>\n\t\t\t\tDivulga\u00e7\u00e3o\n\t\t\t\t<\/dd><\/dl><dl class='gallery-item'>\n\t\t\t<dt class='gallery-icon landscape'>\n\t\t\t\t<a href='https:\/\/www.riogrande.rs.gov.br\/smed\/wp-content\/uploads\/2019\/05\/20190516-ped-olpef-image10.jpg' rel=\"lightbox[31797]\"><img loading=\"lazy\" decoding=\"async\" width=\"150\" height=\"150\" src=\"https:\/\/www.riogrande.rs.gov.br\/smed\/wp-content\/uploads\/2019\/05\/20190516-ped-olpef-image10-150x150.jpg\" class=\"attachment-thumbnail size-thumbnail\" alt=\"\" aria-describedby=\"gallery-1-32998\" \/><\/a>\n\t\t\t<\/dt>\n\t\t\t\t<dd class='wp-caption-text gallery-caption' id='gallery-1-32998'>\n\t\t\t\tDivulga\u00e7\u00e3o\n\t\t\t\t<\/dd><\/dl><br style=\"clear: both\" \/><dl class='gallery-item'>\n\t\t\t<dt class='gallery-icon landscape'>\n\t\t\t\t<a href='https:\/\/www.riogrande.rs.gov.br\/smed\/wp-content\/uploads\/2019\/05\/20190516-ped-olpef-image11.jpg' rel=\"lightbox[31797]\"><img loading=\"lazy\" decoding=\"async\" width=\"150\" height=\"150\" src=\"https:\/\/www.riogrande.rs.gov.br\/smed\/wp-content\/uploads\/2019\/05\/20190516-ped-olpef-image11-150x150.jpg\" class=\"attachment-thumbnail size-thumbnail\" alt=\"\" aria-describedby=\"gallery-1-32999\" \/><\/a>\n\t\t\t<\/dt>\n\t\t\t\t<dd class='wp-caption-text gallery-caption' id='gallery-1-32999'>\n\t\t\t\tDivulga\u00e7\u00e3o\n\t\t\t\t<\/dd><\/dl><dl class='gallery-item'>\n\t\t\t<dt class='gallery-icon landscape'>\n\t\t\t\t<a href='https:\/\/www.riogrande.rs.gov.br\/smed\/wp-content\/uploads\/2019\/05\/20190516-ped-olpef-image12.jpg' rel=\"lightbox[31797]\"><img loading=\"lazy\" decoding=\"async\" width=\"150\" height=\"150\" src=\"https:\/\/www.riogrande.rs.gov.br\/smed\/wp-content\/uploads\/2019\/05\/20190516-ped-olpef-image12-150x150.jpg\" class=\"attachment-thumbnail size-thumbnail\" alt=\"\" aria-describedby=\"gallery-1-33000\" \/><\/a>\n\t\t\t<\/dt>\n\t\t\t\t<dd class='wp-caption-text gallery-caption' id='gallery-1-33000'>\n\t\t\t\tDivulga\u00e7\u00e3o\n\t\t\t\t<\/dd><\/dl><dl class='gallery-item'>\n\t\t\t<dt class='gallery-icon landscape'>\n\t\t\t\t<a href='https:\/\/www.riogrande.rs.gov.br\/smed\/wp-content\/uploads\/2019\/05\/20190516-ped-olpef-image5.jpg' rel=\"lightbox[31797]\"><img loading=\"lazy\" decoding=\"async\" width=\"150\" height=\"150\" src=\"https:\/\/www.riogrande.rs.gov.br\/smed\/wp-content\/uploads\/2019\/05\/20190516-ped-olpef-image5-150x150.jpg\" class=\"attachment-thumbnail size-thumbnail\" alt=\"\" aria-describedby=\"gallery-1-33001\" \/><\/a>\n\t\t\t<\/dt>\n\t\t\t\t<dd class='wp-caption-text gallery-caption' id='gallery-1-33001'>\n\t\t\t\tDivulga\u00e7\u00e3o\n\t\t\t\t<\/dd><\/dl><br style=\"clear: both\" \/>\n\t\t<\/div>\n\n<p>&nbsp;<\/p>\n<p style=\"text-align: justify;\"><span style=\"font-weight: 400;\">A Secretaria de Munic\u00edpio da Educa\u00e7\u00e3o de Rio Grande (SMEd), atrav\u00e9s da Assessoria de L\u00ednguas do N\u00facleo dos Anos Finais, iniciou, no dia 29 de mar\u00e7o, no Audit\u00f3rio da EMEF Cipriano Porto Alegre, o processo formativo da \u201c<strong>6\u00aa edi\u00e7\u00e3o da Olimp\u00edada de L\u00edngua Portuguesa (OLP)\u201d<\/strong>. A Forma\u00e7\u00e3o \u00e9 direcionada aos(\u00e0s) Professores(as) dos 5\u00ba Anos, aos(\u00e0s) Professores(as) de L\u00edngua Portuguesa do 6\u00ba ao 9\u00ba e, tamb\u00e9m, aos(\u00e0s) Professores(as) do Ensino M\u00e9dio.<\/span><\/p>\n<p style=\"text-align: justify;\"><span style=\"font-weight: 400;\">O processo formativo da Olimp\u00edada de L\u00edngua Portuguesa, que acontece em Regime de Colabora\u00e7\u00e3o, pois h\u00e1 a participa\u00e7\u00e3o dos(as) professores(as) municipais e estaduais, est\u00e1 acontecendo mensalmente. O tema das produ\u00e7\u00f5es \u00e9 \u201c<strong>O lugar onde vivo<\/strong>\u201d, que propicia aos(\u00e0s) alunos(as) estreitar v\u00ednculos com a comunidade e aprofundar o conhecimento sobre a realidade local, contribuindo para o desenvolvimento de sua cidadania.<\/span><\/p>\n<p style=\"text-align: justify;\"><span style=\"font-weight: 400;\">\u201c<\/span><b>Cada encontro de forma\u00e7\u00e3o \u00e9 organizado com base nos cinco G\u00eaneros Textuais propostos pela Olimp\u00edada, sendo que no \u00faltimo, o G\u00eanero abordado foi \u2018Mem\u00f3rias Liter\u00e1rias\u2019 \u2013 oportunidade em que contamos com a participa\u00e7\u00e3o da Prof.\u00aa Marilda Ventura, que fez seu relato sobre o trabalho realizado sobre esse G\u00eanero Textual, na EMEF Clemente Pinto; tamb\u00e9m houve a participa\u00e7\u00e3o da Senhora Judith Nunes Faria Lemos, nascida em 14 de junho de 1937. Com 81 anos e natural de Herval do Sul, ela veio dar seu depoimento sobre \u2018O lugar onde vivo\u2019, relatando que chegou ainda menina na cidade do Rio Grande, onde aprendeu a fazer tric\u00f4, costurar e trabalhou muitos anos em casa de fam\u00edlia para ajudar na despesa da m\u00e3e e dos irm\u00e3os menores que ficaram \u201cl\u00e1 fora\u201d, em Arroio Grande \u2013 tem\u00e1tica que perpassa todos os G\u00eaneros: Poemas, Mem\u00f3rias Liter\u00e1rias, Cr\u00f4nica, Document\u00e1rio e Artigo de Opini\u00e3o<\/b><span style=\"font-weight: 400;\">\u201d, explicou Joelma Madruga, assessora de L\u00ednguas da SMEd.<\/span><\/p>\n<p style=\"text-align: justify;\"><span style=\"font-weight: 400;\">Na abertura, contamos com a participa\u00e7\u00e3o da Prof Marilda Ventura, que fez seu relato sobre o trabalho realizado, na \u00e9poca, na EMEF Clemente Pinto, sobre o G\u00eanero Textual Mem\u00f3rias Liter\u00e1rias.<\/span><\/p>\n<p style=\"text-align: justify;\"><span style=\"font-weight: 400;\">No \u00faltimo Encontro, com o tema \u201c<strong>Tecendo os fios da Mem\u00f3ria<\/strong>\u201d, os participantes tiveram a oportunidade de reviver, por meio de uma conversa muito descontra\u00edda, como eram os h\u00e1bitos, a fam\u00edlia, a moda, o trabalho e os usos e costumes \u201c<strong>daquela \u00e9poca<\/strong>\u201d na cidade do Rio Grande. Dona Judith encantou e emocionou a todos com sua forma meiga de falar, sua simplicidade, seu jeito \u00a0doce de ser. \u201c<\/span><b>Tivemos a oportunidade de observar o efeito provocado pela forma como ela descreveu fatos, sentimentos e sensa\u00e7\u00f5es<\/b><span style=\"font-weight: 400;\">\u201d, relatou Joelma.<\/span><\/p>\n<p style=\"text-align: justify;\"><span style=\"font-weight: 400;\">Na Oficina, a convidada tamb\u00e9m \u00a0levou fotos antigas de lugares conhecidos por todos, ressaltando determinados detalhes ou caracter\u00edsticas. A articula\u00e7\u00e3o de sua exposi\u00e7\u00e3o com a mostra fotogr\u00e1fica proporcionou uma experi\u00eancia est\u00e9tica particular a todos(as) os(as) participantes da Forma\u00e7\u00e3o.<\/span><\/p>\n<p style=\"text-align: justify;\"><span style=\"font-weight: 400;\">Destacamos uma das falas da Dona Judith, que ficar\u00e1 como marca da Olimp\u00edada, em \u00e2mbito municipal, neste 2019: \u201c <\/span><b>Eu era muito serelepe! O que aprendi na vida foi que ser uma pessoa honesta nos faz muito bem!\u201d<\/b><span style=\"font-weight: 400;\"> A convidada tamb\u00e9m exp\u00f4s que valeu muito a pena pelo que aprendeu, pelo que desenvolveu de conhecimento, pelo que conquistou nestes longos anos. Atualmente, sua fam\u00edlia \u00e9 composta por 04 \u00a0filhos, 06 netos e 08 bisnetos.<\/span><\/p>\n<p style=\"text-align: justify;\"><span style=\"font-weight: 400;\">A Olimp\u00edada de L\u00edngua Portuguesa constitui-se num processo formativo para professores, baseado no estudo dos G\u00eaneros Textuais, em Oficinas sobre Sequ\u00eancia Did\u00e1tica, troca de experi\u00eancias, como tamb\u00e9m oportunidade de realizar Saraus, Mostras Liter\u00e1rias e demais eventos que solidificam o lugar de autoria dos estudantes.<\/span><\/p>\n<p style=\"text-align: justify;\"><span style=\"font-weight: 400;\">O 3\u00ba Encontro de Forma\u00e7\u00e3o da 6\u00aa edi\u00e7\u00e3o da Olimp\u00edada de L\u00edngua Portuguesa ocorrer\u00e1 no dia 25 de maio, \u00e0s 8h30min, na Escola Municipal de Ensino Fundamental Cora\u00e7\u00e3o de Maria, que est\u00e1 localizada na Ilha dos Marinheiros.<\/span><\/p>\n<p style=\"text-align: right;\"><em>SMEd<\/em><br \/>\n<em>Roberton Reis<\/em><br \/>\n<em>Com Informa\u00e7\u00f5es da Assessoria de L\u00edngua Portuguesa<\/em><\/p>\n<hr \/>\n<p>Publicada 13\/05\/2019<\/p>\n<h2>6\u00aa Olimp\u00edada de L\u00edngua Portuguesa: Per\u00edodo de inscri\u00e7\u00f5es encerra hoje, dia 13<\/h2>\n<p>&nbsp;<\/p>\n<div id=\"attachment_32572\" style=\"width: 495px\" class=\"wp-caption aligncenter\"><a href=\"http:\/\/www.riogrande.rs.gov.br\/smed\/wp-content\/uploads\/2019\/05\/20190502-ped-olpef-image1.jpg\" rel=\"lightbox[31797]\"><img loading=\"lazy\" decoding=\"async\" aria-describedby=\"caption-attachment-32572\" class=\"size-medium wp-image-32572\" src=\"http:\/\/www.riogrande.rs.gov.br\/smed\/wp-content\/uploads\/2019\/05\/20190502-ped-olpef-image1-485x281.jpg\" alt=\"\" width=\"485\" height=\"281\" srcset=\"https:\/\/www.riogrande.rs.gov.br\/smed\/wp-content\/uploads\/2019\/05\/20190502-ped-olpef-image1-485x281.jpg 485w, https:\/\/www.riogrande.rs.gov.br\/smed\/wp-content\/uploads\/2019\/05\/20190502-ped-olpef-image1-768x444.jpg 768w, https:\/\/www.riogrande.rs.gov.br\/smed\/wp-content\/uploads\/2019\/05\/20190502-ped-olpef-image1-358x207.jpg 358w, https:\/\/www.riogrande.rs.gov.br\/smed\/wp-content\/uploads\/2019\/05\/20190502-ped-olpef-image1.jpg 800w\" sizes=\"(max-width: 485px) 100vw, 485px\" \/><\/a><p id=\"caption-attachment-32572\" class=\"wp-caption-text\">Divulga\u00e7\u00e3o<\/p><\/div>\n<p style=\"text-align: justify;\">A <strong>Secretaria de Munic\u00edpio da Educa\u00e7\u00e3o de Rio Grande<\/strong> (SMEd), atrav\u00e9s da <strong>Assessoria de L\u00edngua Portuguesa dos Anos Finais do Ensino Fundamental<\/strong>, informa que o per\u00edodo para as ades\u00f5es e inscri\u00e7\u00f5es para a <strong>6\u00aa edi\u00e7\u00e3o da Olimp\u00edada de L\u00edngua Portuguesa Escrevendo o Futuro<\/strong> (OLPEF) encerra nesta <strong>segunda-feira<\/strong>, dia 13 de maio.<\/p>\n<p style=\"text-align: justify;\">Professores das redes p\u00fablicas estaduais, municipais e federal do 5\u00ba ano do Ensino Fundamental at\u00e9 o 3\u00ba ano do M\u00e9dio podem inscrever-se, e as secretarias de educa\u00e7\u00e3o podem fazer a ades\u00e3o. Os textos produzidos pelos alunos competem em etapas que v\u00e3o da escolar e seguem nos n\u00edveis municipal, estadual, regional e nacional. As comiss\u00f5es julgadoras s\u00e3o compostas por pais, membros da comunidade, outros professores, especialistas de universidades e por representantes das institui\u00e7\u00f5es que promovem a Olimp\u00edada.<\/p>\n<p style=\"text-align: justify;\">Uma das principais novidades para a 6\u00aa edi\u00e7\u00e3o \u00e9 a inclus\u00e3o de um novo g\u00eanero\/categoria de inscri\u00e7\u00e3o entre os j\u00e1 existentes: o Document\u00e1rio. A proposta, aliada aos demais g\u00eaneros, j\u00e1 se encontra adaptada \u00e0s diretrizes trazidas pela Base Nacional Comum Curricular (BNCC), aprovada em 2017 para a Educa\u00e7\u00e3o Infantil e Ensino Fundamental e em 2018 para o Ensino M\u00e9dio. Professores e estudantes contar\u00e3o com o apoio do Escrevendo o Futuro para a realiza\u00e7\u00e3o de oficinas em sala de aula.<\/p>\n<p style=\"text-align: justify;\">O ano de 2019 traz tamb\u00e9m novidades entre as premia\u00e7\u00f5es, que agora incluem imers\u00e3o pedag\u00f3gica internacional para os professores e viagem cultural para os estudantes em territ\u00f3rio brasileiro. Al\u00e9m disso, as escolas dos alunos vencedores receber\u00e3o acervos para refor\u00e7arem suas bibliotecas.<\/p>\n<p style=\"text-align: justify;\">Para obter maiores informa\u00e7\u00f5es e realizar a inscri\u00e7\u00e3o, acesse o site <a href=\"https:\/\/www.escrevendoofuturo.org.br\/\" target=\"_blank\" rel=\"noopener noreferrer\"><strong>https:\/\/www.escrevendoofuturo.org.br<\/strong><\/a><\/p>\n<p style=\"text-align: right;\"><em>SMEd<\/em><br \/>\n<em>Roberton Reis<\/em><\/p>\n<hr \/>\n<p>Publicada 29\/04\/2019<\/p>\n<h2>Per\u00edodo de inscri\u00e7\u00f5es para a 6\u00aa edi\u00e7\u00e3o da OLPEF vai at\u00e9 o dia 30 de abril<\/h2>\n<p style=\"text-align: justify;\">A Secretaria de Munic\u00edpio da Educa\u00e7\u00e3o de Rio Grande (SMEd), atrav\u00e9s da Assessoria de L\u00edngua Portuguesa dos Anos Finais do Ensino Fundamental, informa que a pr\u00f3xima ter\u00e7a-feira, dia <b>30 de abril<\/b>, \u00e9 o prazo final para as ades\u00f5es e inscri\u00e7\u00f5es para a 6\u00aa edi\u00e7\u00e3o da <b>Olimp\u00edada de L\u00edngua Portuguesa Escrevendo o Futuro <\/b>(OLPEF).<\/p>\n<p style=\"text-align: justify;\">Professores das redes p\u00fablicas estaduais, municipais e federal do 5\u00ba ano do Ensino Fundamental at\u00e9 o 3\u00ba ano do M\u00e9dio podem inscrever-se, e as secretarias de educa\u00e7\u00e3o podem fazer a ades\u00e3o. Os textos produzidos pelos alunos competem em etapas que v\u00e3o da escolar e seguem nos n\u00edveis municipal, estadual, regional e nacional. As comiss\u00f5es julgadoras s\u00e3o compostas por pais, membros da comunidade, outros professores, especialistas de universidades e por representantes das institui\u00e7\u00f5es que promovem a Olimp\u00edada.<\/p>\n<p style=\"text-align: justify;\">Uma das principais novidades para a 6\u00aa edi\u00e7\u00e3o \u00e9 a inclus\u00e3o de um novo g\u00eanero\/categoria de inscri\u00e7\u00e3o entre os j\u00e1 existentes: o <b>Document\u00e1rio<\/b>. A proposta, aliada aos demais g\u00eaneros, j\u00e1 se encontra adaptada \u00e0s diretrizes trazidas pela Base Nacional Comum Curricular (BNCC), aprovada em 2017 para a Educa\u00e7\u00e3o Infantil e Ensino Fundamental e em 2018 para o Ensino M\u00e9dio. Professores e estudantes contar\u00e3o com o apoio do Escrevendo o Futuro para a realiza\u00e7\u00e3o de oficinas em sala de aula.<\/p>\n<p style=\"text-align: justify;\">O ano de 2019 traz tamb\u00e9m novidades entre as premia\u00e7\u00f5es, que agora incluem imers\u00e3o pedag\u00f3gica internacional para os professores e viagem cultural para os estudantes em territ\u00f3rio brasileiro. Al\u00e9m disso, as escolas dos alunos vencedores receber\u00e3o acervos para refor\u00e7arem suas bibliotecas.<\/p>\n<p style=\"text-align: justify;\">Para obter maiores informa\u00e7\u00f5es e realizar a inscri\u00e7\u00e3o, acesse o site <a href=\"https:\/\/www.escrevendoofuturo.org.br\/\" target=\"_blank\" rel=\"noopener noreferrer\"><strong>https:\/\/www.escrevendoofuturo.org.br<\/strong><\/a><\/p>\n<p style=\"text-align: right;\"><em>SMEd<\/em><br \/>\n<em>Roberton Reis<\/em><\/p>\n<hr \/>\n<p>Publicada 05\/04\/2019<\/p>\n<h2>SMEd promoveu \u201cEncontro de Forma\u00e7\u00e3o da 6\u00aa edi\u00e7\u00e3o da Olimp\u00edada de L\u00edngua Portuguesa\u201d no dia 29<\/h2>\n\n\t\t<style type=\"text\/css\">\n\t\t\t#gallery-2 {\n\t\t\t\tmargin: auto;\n\t\t\t}\n\t\t\t#gallery-2 .gallery-item {\n\t\t\t\tfloat: left;\n\t\t\t\tmargin-top: 10px;\n\t\t\t\ttext-align: center;\n\t\t\t\twidth: 33%;\n\t\t\t}\n\t\t\t#gallery-2 img {\n\t\t\t\tborder: 2px solid #cfcfcf;\n\t\t\t}\n\t\t\t#gallery-2 .gallery-caption {\n\t\t\t\tmargin-left: 0;\n\t\t\t}\n\t\t\t\/* see gallery_shortcode() in wp-includes\/media.php *\/\n\t\t<\/style>\n\t\t<div id='gallery-2' class='gallery galleryid-31797 gallery-columns-3 gallery-size-thumbnail'><dl class='gallery-item'>\n\t\t\t<dt class='gallery-icon landscape'>\n\t\t\t\t<a href='https:\/\/www.riogrande.rs.gov.br\/smed\/wp-content\/uploads\/2019\/04\/20190405-ped-olp-image1.jpg' rel=\"lightbox[31797]\"><img loading=\"lazy\" decoding=\"async\" width=\"150\" height=\"150\" src=\"https:\/\/www.riogrande.rs.gov.br\/smed\/wp-content\/uploads\/2019\/04\/20190405-ped-olp-image1-150x150.jpg\" class=\"attachment-thumbnail size-thumbnail\" alt=\"\" aria-describedby=\"gallery-2-31853\" \/><\/a>\n\t\t\t<\/dt>\n\t\t\t\t<dd class='wp-caption-text gallery-caption' id='gallery-2-31853'>\n\t\t\t\tDivulga\u00e7\u00e3o\n\t\t\t\t<\/dd><\/dl><dl class='gallery-item'>\n\t\t\t<dt class='gallery-icon landscape'>\n\t\t\t\t<a href='https:\/\/www.riogrande.rs.gov.br\/smed\/wp-content\/uploads\/2019\/04\/20190405-ped-olp-image2.jpg' rel=\"lightbox[31797]\"><img loading=\"lazy\" decoding=\"async\" width=\"150\" height=\"150\" src=\"https:\/\/www.riogrande.rs.gov.br\/smed\/wp-content\/uploads\/2019\/04\/20190405-ped-olp-image2-150x150.jpg\" class=\"attachment-thumbnail size-thumbnail\" alt=\"\" aria-describedby=\"gallery-2-31854\" \/><\/a>\n\t\t\t<\/dt>\n\t\t\t\t<dd class='wp-caption-text gallery-caption' id='gallery-2-31854'>\n\t\t\t\tDivulga\u00e7\u00e3o\n\t\t\t\t<\/dd><\/dl><dl class='gallery-item'>\n\t\t\t<dt class='gallery-icon landscape'>\n\t\t\t\t<a href='https:\/\/www.riogrande.rs.gov.br\/smed\/wp-content\/uploads\/2019\/04\/20190405-ped-olp-image3.jpg' rel=\"lightbox[31797]\"><img loading=\"lazy\" decoding=\"async\" width=\"150\" height=\"150\" src=\"https:\/\/www.riogrande.rs.gov.br\/smed\/wp-content\/uploads\/2019\/04\/20190405-ped-olp-image3-150x150.jpg\" class=\"attachment-thumbnail size-thumbnail\" alt=\"\" aria-describedby=\"gallery-2-31855\" \/><\/a>\n\t\t\t<\/dt>\n\t\t\t\t<dd class='wp-caption-text gallery-caption' id='gallery-2-31855'>\n\t\t\t\tDivulga\u00e7\u00e3o\n\t\t\t\t<\/dd><\/dl><br style=\"clear: both\" \/><dl class='gallery-item'>\n\t\t\t<dt class='gallery-icon landscape'>\n\t\t\t\t<a href='https:\/\/www.riogrande.rs.gov.br\/smed\/wp-content\/uploads\/2019\/04\/20190405-ped-olp-image4.jpg' rel=\"lightbox[31797]\"><img loading=\"lazy\" decoding=\"async\" width=\"150\" height=\"150\" src=\"https:\/\/www.riogrande.rs.gov.br\/smed\/wp-content\/uploads\/2019\/04\/20190405-ped-olp-image4-150x150.jpg\" class=\"attachment-thumbnail size-thumbnail\" alt=\"\" aria-describedby=\"gallery-2-31856\" \/><\/a>\n\t\t\t<\/dt>\n\t\t\t\t<dd class='wp-caption-text gallery-caption' id='gallery-2-31856'>\n\t\t\t\tDivulga\u00e7\u00e3o\n\t\t\t\t<\/dd><\/dl><dl class='gallery-item'>\n\t\t\t<dt class='gallery-icon portrait'>\n\t\t\t\t<a href='https:\/\/www.riogrande.rs.gov.br\/smed\/wp-content\/uploads\/2019\/04\/20190405-ped-olp-image5.jpg' rel=\"lightbox[31797]\"><img loading=\"lazy\" decoding=\"async\" width=\"150\" height=\"150\" src=\"https:\/\/www.riogrande.rs.gov.br\/smed\/wp-content\/uploads\/2019\/04\/20190405-ped-olp-image5-150x150.jpg\" class=\"attachment-thumbnail size-thumbnail\" alt=\"\" aria-describedby=\"gallery-2-31857\" \/><\/a>\n\t\t\t<\/dt>\n\t\t\t\t<dd class='wp-caption-text gallery-caption' id='gallery-2-31857'>\n\t\t\t\tDivulga\u00e7\u00e3o\n\t\t\t\t<\/dd><\/dl><dl class='gallery-item'>\n\t\t\t<dt class='gallery-icon landscape'>\n\t\t\t\t<a href='https:\/\/www.riogrande.rs.gov.br\/smed\/wp-content\/uploads\/2019\/04\/20190405-ped-olp-image6.jpg' rel=\"lightbox[31797]\"><img loading=\"lazy\" decoding=\"async\" width=\"150\" height=\"150\" src=\"https:\/\/www.riogrande.rs.gov.br\/smed\/wp-content\/uploads\/2019\/04\/20190405-ped-olp-image6-150x150.jpg\" class=\"attachment-thumbnail size-thumbnail\" alt=\"\" aria-describedby=\"gallery-2-31858\" \/><\/a>\n\t\t\t<\/dt>\n\t\t\t\t<dd class='wp-caption-text gallery-caption' id='gallery-2-31858'>\n\t\t\t\tDivulga\u00e7\u00e3o\n\t\t\t\t<\/dd><\/dl><br style=\"clear: both\" \/><dl class='gallery-item'>\n\t\t\t<dt class='gallery-icon landscape'>\n\t\t\t\t<a href='https:\/\/www.riogrande.rs.gov.br\/smed\/wp-content\/uploads\/2019\/04\/20190405-ped-olp-image7.jpg' rel=\"lightbox[31797]\"><img loading=\"lazy\" decoding=\"async\" width=\"150\" height=\"150\" src=\"https:\/\/www.riogrande.rs.gov.br\/smed\/wp-content\/uploads\/2019\/04\/20190405-ped-olp-image7-150x150.jpg\" class=\"attachment-thumbnail size-thumbnail\" alt=\"\" aria-describedby=\"gallery-2-31859\" \/><\/a>\n\t\t\t<\/dt>\n\t\t\t\t<dd class='wp-caption-text gallery-caption' id='gallery-2-31859'>\n\t\t\t\tDivulga\u00e7\u00e3o\n\t\t\t\t<\/dd><\/dl><dl class='gallery-item'>\n\t\t\t<dt class='gallery-icon portrait'>\n\t\t\t\t<a href='https:\/\/www.riogrande.rs.gov.br\/smed\/wp-content\/uploads\/2019\/04\/20190405-ped-olp-image8.jpg' rel=\"lightbox[31797]\"><img loading=\"lazy\" decoding=\"async\" width=\"150\" height=\"150\" src=\"https:\/\/www.riogrande.rs.gov.br\/smed\/wp-content\/uploads\/2019\/04\/20190405-ped-olp-image8-150x150.jpg\" class=\"attachment-thumbnail size-thumbnail\" alt=\"\" aria-describedby=\"gallery-2-31860\" \/><\/a>\n\t\t\t<\/dt>\n\t\t\t\t<dd class='wp-caption-text gallery-caption' id='gallery-2-31860'>\n\t\t\t\tDivulga\u00e7\u00e3o\n\t\t\t\t<\/dd><\/dl><dl class='gallery-item'>\n\t\t\t<dt class='gallery-icon landscape'>\n\t\t\t\t<a href='https:\/\/www.riogrande.rs.gov.br\/smed\/wp-content\/uploads\/2019\/04\/20190405-ped-olp-image9.jpg' rel=\"lightbox[31797]\"><img loading=\"lazy\" decoding=\"async\" width=\"150\" height=\"150\" src=\"https:\/\/www.riogrande.rs.gov.br\/smed\/wp-content\/uploads\/2019\/04\/20190405-ped-olp-image9-150x150.jpg\" class=\"attachment-thumbnail size-thumbnail\" alt=\"\" aria-describedby=\"gallery-2-31861\" \/><\/a>\n\t\t\t<\/dt>\n\t\t\t\t<dd class='wp-caption-text gallery-caption' id='gallery-2-31861'>\n\t\t\t\tDivulga\u00e7\u00e3o\n\t\t\t\t<\/dd><\/dl><br style=\"clear: both\" \/>\n\t\t<\/div>\n\n<p style=\"text-align: justify;\">A Secretaria de Munic\u00edpio da Educa\u00e7\u00e3o de Rio Grande (SMEd), atrav\u00e9s da Assessoria de L\u00ednguas do N\u00facleo dos Anos Finais, promoveu, nos turnos da manh\u00e3 e da tarde do dia <b>29 de mar\u00e7o<\/b>, no <b>Audit\u00f3rio da EMEF Cipriano Porto Alegre<\/b>, o \u201c<b>1\u00ba Encontro de Forma\u00e7\u00e3o da 6\u00aa edi\u00e7\u00e3o da Olimp\u00edada de L\u00edngua Portuguesa (OLP)<\/b>\u201d, oportunidade em que foram expostos os G\u00eaneros Textuais que ser\u00e3o trabalhados neste processo formativo: Poema, Mem\u00f3rias Liter\u00e1rias, Cr\u00f4nica, Artigo de Opini\u00e3o e Document\u00e1rio.<\/p>\n<p style=\"text-align: justify;\">Nesse 1\u00ba Encontro de 2019, os(as) Professores(as) dos 5\u00ba Anos, bem como os(as) Professores(as) de L\u00edngua Portuguesa do 6\u00ba ao 9\u00ba Ano e os(as) Professores(as) do Ensino M\u00e9dio participaram da Forma\u00e7\u00e3o sobre o G\u00eanero \u201c<b>Document\u00e1rio<\/b>\u201d, que, pela primeira vez, far\u00e1 parte da Olimp\u00edada de L\u00edngua Portuguesa. A Forma\u00e7\u00e3o foi ministrada pela Prof.\u00aa Rosa Pereira, da Escola Municipal de Ensino Fundamental Crist\u00f3v\u00e3o Pereira de Abreu.<\/p>\n<p style=\"text-align: justify;\">O tema das produ\u00e7\u00f5es que participar\u00e3o da 6\u00aa edi\u00e7\u00e3o da OLP \u00e9 \u201c<b>O lugar onde vivo<\/b>\u201d, que propicia aos alunos estreitar v\u00ednculos com a comunidade e aprofundar o conhecimento sobre a realidade local, tanto por meio da oralidade quanto da escrita, contribuindo para o desenvolvimento de sua cidadania.<\/p>\n<p style=\"text-align: justify;\">As inscri\u00e7\u00f5es para que os(as) Professores(as) da rede p\u00fablica e seus(suas) alunos(as) do 5\u00ba ano do Ensino Fundamental at\u00e9 o 3\u00ba ano do Ensino M\u00e9dio encerram no dia <b>30 de abril<\/b> e podem ser realizadas pelo site <a href=\"http:\/\/www.escrevendoofuturo.org.br\/\" target=\"_blank\" rel=\"noopener noreferrer\"><strong>www.escrevendoofuturo.org.br<\/strong><\/a><\/p>\n<p style=\"text-align: justify;\">\u201c<b>Convidamos os(as) professores(as) a participarem do processo formativo que se desenvolve no decorrer do ano, atrav\u00e9s de oficinas, sa\u00eddas de campo, mostras e saraus liter\u00e1rios<\/b>\u201d, finalizou Joelma Madruga Furtado, assessora de L\u00ednguas da SMEd.<\/p>\n<p>&nbsp;<\/p>\n<p style=\"text-align: right;\"><em>SMEd<\/em><br \/>\n<em>Roberton Reis<\/em><\/p>\n<hr \/>\n<p>Publicada 28\/03\/2019<\/p>\n<h2>\u201cEncontro de Forma\u00e7\u00e3o da 6\u00aa edi\u00e7\u00e3o da Olimp\u00edada de L\u00edngua Portuguesa\u201d acontece nesta sexta-feira, 29<\/h2>\n<p style=\"text-align: justify;\">A Secretaria de Munic\u00edpio da Educa\u00e7\u00e3o de Rio Grande (SMEd), atrav\u00e9s da Assessoria de L\u00ednguas do N\u00facleo dos Anos Finais, promover\u00e1, nesta sexta-feira, dia 29 de mar\u00e7o, no Audit\u00f3rio da EMEF Cipriano Porto Alegre, o \u201c1\u00ba Encontro de Forma\u00e7\u00e3o da 6\u00aa edi\u00e7\u00e3o da Olimp\u00edada de L\u00edngua Portuguesa (OLP)\u201d.<\/p>\n<p style=\"text-align: justify;\">A Forma\u00e7\u00e3o, direcionada aos(\u00e0s) Professores(as) dos 5\u00ba Anos, bem como aos(\u00e0s) Professores(as) de L\u00edngua Portuguesa do 6\u00ba ao 9\u00ba Ano, ser\u00e1 oferecida em dois turnos: manh\u00e3, das 8h30min \u00e0s 12h; tarde, das 13h30min \u00e0s 17h30min.<\/p>\n<p style=\"text-align: right;\"><em>SMEd<\/em><br \/>\n<em>Roberton Reis<\/em><\/p>\n<hr \/>\n<p>Publicada 22\/03\/2019<\/p>\n<h2>SMEd promove \u201cEncontro de Forma\u00e7\u00e3o da 6\u00aa edi\u00e7\u00e3o da Olimp\u00edada de L\u00edngua Portuguesa\u201d<\/h2>\n<p style=\"text-align: justify;\">A Secretaria de Munic\u00edpio da Educa\u00e7\u00e3o de Rio Grande (SMEd), atrav\u00e9s da Assessoria de L\u00ednguas do N\u00facleo dos Anos Finais, promover\u00e1, no dia <b>29 de mar\u00e7o<\/b>, no Audit\u00f3rio da EMEF <b>Cipriano Porto Alegre<\/b>, o \u201c<b>1\u00ba Encontro de Forma\u00e7\u00e3o da 6\u00aa edi\u00e7\u00e3o da Olimp\u00edada de L\u00edngua Portuguesa <\/b>(OLP)\u201d.<\/p>\n<p style=\"text-align: justify;\">A Forma\u00e7\u00e3o, direcionada aos(\u00e0s) Professores(as) dos 5\u00ba Anos, bem como aos(\u00e0s) Professores(as) de L\u00edngua Portuguesa do 6\u00ba ao 9\u00ba Ano, ser\u00e1 oferecida em dois turnos: manh\u00e3, das <b>8h30min \u00e0s 12h<\/b>; tarde, das <b>13h30min \u00e0s 17h30min<\/b>.<\/p>\n<p>&nbsp;<\/p>\n<p style=\"text-align: right;\"><em>SMEd<\/em><br \/>\n<em>Roberton Reis<\/em><\/p>\n","protected":false},"excerpt":{"rendered":"<p>Publicada 03\/07\/2019 \u201c6\u00aa edi\u00e7\u00e3o da Olimp\u00edada de L\u00edngua Portuguesa\u201d: 5\u00ba Encontro de Forma\u00e7\u00e3o acontece no dia 04 de julho A Secretaria de Munic\u00edpio da Educa\u00e7\u00e3o de Rio Grande (SMEd), atrav\u00e9s da Assessoria de L\u00ednguas do N\u00facleo dos Anos Finais do Ensino Fundamental, promover\u00e1, no dia 04 de julho, quinta-feira, das 8h \u00e0s 12h, no Audit\u00f3rio [&hellip;]<\/p>\n","protected":false},"author":7,"featured_media":0,"parent":31208,"menu_order":5,"comment_status":"closed","ping_status":"closed","template":"","meta":{"footnotes":""},"class_list":["post-31797","page","type-page","status-publish","hentry"],"_links":{"self":[{"href":"https:\/\/www.riogrande.rs.gov.br\/smed\/index.php?rest_route=\/wp\/v2\/pages\/31797"}],"collection":[{"href":"https:\/\/www.riogrande.rs.gov.br\/smed\/index.php?rest_route=\/wp\/v2\/pages"}],"about":[{"href":"https:\/\/www.riogrande.rs.gov.br\/smed\/index.php?rest_route=\/wp\/v2\/types\/page"}],"author":[{"embeddable":true,"href":"https:\/\/www.riogrande.rs.gov.br\/smed\/index.php?rest_route=\/wp\/v2\/users\/7"}],"replies":[{"embeddable":true,"href":"https:\/\/www.riogrande.rs.gov.br\/smed\/index.php?rest_route=%2Fwp%2Fv2%2Fcomments&post=31797"}],"version-history":[{"count":11,"href":"https:\/\/www.riogrande.rs.gov.br\/smed\/index.php?rest_route=\/wp\/v2\/pages\/31797\/revisions"}],"predecessor-version":[{"id":34370,"href":"https:\/\/www.riogrande.rs.gov.br\/smed\/index.php?rest_route=\/wp\/v2\/pages\/31797\/revisions\/34370"}],"up":[{"embeddable":true,"href":"https:\/\/www.riogrande.rs.gov.br\/smed\/index.php?rest_route=\/wp\/v2\/pages\/31208"}],"wp:attachment":[{"href":"https:\/\/www.riogrande.rs.gov.br\/smed\/index.php?rest_route=%2Fwp%2Fv2%2Fmedia&parent=31797"}],"curies":[{"name":"wp","href":"https:\/\/api.w.org\/{rel}","templated":true}]}}