{"id":27667,"date":"2018-08-03T16:10:01","date_gmt":"2018-08-03T19:10:01","guid":{"rendered":"http:\/\/www.riogrande.rs.gov.br\/smed\/?page_id=27667"},"modified":"2018-08-15T17:13:41","modified_gmt":"2018-08-15T20:13:41","slug":"escritas-pelo-rio-grande-2018","status":"publish","type":"page","link":"https:\/\/www.riogrande.rs.gov.br\/smed\/?page_id=27667","title":{"rendered":"Escritas pelo Rio Grande 2018"},"content":{"rendered":"<hr \/>\n<p>Publicada 15\/08\/2018<\/p>\n<h2>Per\u00edodo de inscri\u00e7\u00f5es para solicita\u00e7\u00e3o das Oficinas do Projeto \u201cEscritas pelo Rio Grande\u201d iniciam nesta quarta-feira, 15<\/h2>\n<p style=\"text-align: justify;\"><span style=\"font-weight: 400;\">A Secretaria de Munic\u00edpio da Educa\u00e7\u00e3o de Rio Grande (SMEd), atrav\u00e9s da Superintend\u00eancia de Gest\u00e3o Pedag\u00f3gica, informa que o per\u00edodo de inscri\u00e7\u00f5es para a solicita\u00e7\u00e3o de oficinas que comp\u00f5em o Projeto \u201c<\/span><b>Escritas pelo Rio Grande: uma cidade para se amar, cuidar e sentir<\/b><span style=\"font-weight: 400;\">\u201d, inicia nesta quarta-feira, dia 15 de agosto.<\/span><\/p>\n<p style=\"text-align: justify;\"><span style=\"font-weight: 400;\">As oficinas do referido Projeto, que \u00e9 fruto <\/span><span style=\"font-weight: 400;\">da parceria entre os N\u00facleos dos Anos Iniciais, dos Anos Finais, da Educa\u00e7\u00e3o Integral, da Educa\u00e7\u00e3o de Jovens e Adultos, de Tecnologia Municipal, de Bibliotecas e de Educa\u00e7\u00e3o Ambiental e Patrimonial, ter\u00e3o como tem\u00e1tica dos encontros as quest\u00f5es referentes aos \u201c<strong>G\u00eaneros Textuais<\/strong>\u201d e ao \u201c<strong>Pertencimento<\/strong>\u201d.<\/span><\/p>\n<p style=\"text-align: justify;\"><span style=\"font-weight: 400;\">Para realizar as inscri\u00e7\u00f5es, qie ir\u00e3o at\u00e9 o dia <\/span><b>18 de agosto<\/b><span style=\"font-weight: 400;\">, basta acessar o <a href=\"https:\/\/docs.google.com\/forms\/u\/0\/d\/1YKLp_Va8GtwMHvbYLHRuWvv_5aTVK3KTogBkfX9SvPI\/edit?usp=forms_home&amp;ths=true\" target=\"_blank\" rel=\"noopener\"><strong>link<\/strong><\/a>\u00a0<\/span><span style=\"font-weight: 400;\">dispon\u00edvel na p\u00e1gina da SMEd.<\/span><\/p>\n<p>&nbsp;<\/p>\n<p style=\"text-align: right;\"><em>SMEd<\/em><br \/>\n<em>Roberton Reis<\/em><\/p>\n<hr \/>\n<p>Publicada 03\/08\/2018<\/p>\n<h2>Projeto \u201cEscritas pelo Rio Grande\u201d 2018: Escolas da Rede Municipal podem realizar inscri\u00e7\u00e3o at\u00e9 o dia 14<\/h2>\n<div id=\"attachment_27664\" style=\"width: 495px\" class=\"wp-caption aligncenter\"><a href=\"http:\/\/www.riogrande.rs.gov.br\/smed\/wp-content\/uploads\/2018\/08\/20180803-ped-escritasinscricao-image1.jpg\" rel=\"lightbox[27667]\"><img loading=\"lazy\" decoding=\"async\" aria-describedby=\"caption-attachment-27664\" class=\"size-medium wp-image-27664\" src=\"http:\/\/www.riogrande.rs.gov.br\/smed\/wp-content\/uploads\/2018\/08\/20180803-ped-escritasinscricao-image1-485x298.jpg\" alt=\"\" width=\"485\" height=\"298\" srcset=\"https:\/\/www.riogrande.rs.gov.br\/smed\/wp-content\/uploads\/2018\/08\/20180803-ped-escritasinscricao-image1-485x298.jpg 485w, https:\/\/www.riogrande.rs.gov.br\/smed\/wp-content\/uploads\/2018\/08\/20180803-ped-escritasinscricao-image1-768x471.jpg 768w, https:\/\/www.riogrande.rs.gov.br\/smed\/wp-content\/uploads\/2018\/08\/20180803-ped-escritasinscricao-image1-337x207.jpg 337w, https:\/\/www.riogrande.rs.gov.br\/smed\/wp-content\/uploads\/2018\/08\/20180803-ped-escritasinscricao-image1.jpg 800w\" sizes=\"(max-width: 485px) 100vw, 485px\" \/><\/a><p id=\"caption-attachment-27664\" class=\"wp-caption-text\">Divulga\u00e7\u00e3o<\/p><\/div>\n<p style=\"text-align: justify;\">A Secretaria de Munic\u00edpio da Educa\u00e7\u00e3o de Rio Grande (SMEd), atrav\u00e9s da Superintend\u00eancia de Gest\u00e3o Pedag\u00f3gica, informa que o per\u00edodo de inscri\u00e7\u00f5es para a 2\u00aa edi\u00e7\u00e3o do Projeto \u201c<b>Escritas pelo Rio Grande \u2013 uma cidade para se amar, cuidar e sentir<\/b>\u201d ir\u00e1 at\u00e9 o dia <strong>14 de agosto.<\/strong><\/p>\n<p style=\"text-align: justify;\">O Projeto, que \u00e9 fruto de uma parceria entre os N\u00facleos dos Anos Iniciais, dos Anos Finais, da Educa\u00e7\u00e3o Integral, da Educa\u00e7\u00e3o de Jovens e Adultos, de Tecnologia Municipal, de Bibliotecas e de Educa\u00e7\u00e3o Ambiental e Patrimonial, neste ano, ter\u00e1 como enfoque a viv\u00eancia da mem\u00f3ria local e da geografia dos bairros e suas proximidades, fazendo emergir, no compartilhamento de conhecimentos e nas escritas realizadas pelos estudantes, a import\u00e2ncia do cuidar, preservar, sentir e amar o local onde vivem, agu\u00e7ando, assim, sua postura de cidad\u00e3o pertencente, correspons\u00e1vel e consciente do cuidado com o ambiente em que est\u00e1 inserido.<\/p>\n<p style=\"text-align: justify;\">As escolas interessadas em participar do Projeto poder\u00e3o realizar a inscri\u00e7\u00e3o clicando <a href=\"https:\/\/docs.google.com\/forms\/d\/1jBjMxXLndR9b57nVMZTFB19Fh1Jtd5_gLGCW41NM2bg\/edit\" target=\"_blank\" rel=\"noopener\"><strong>AQUI. <\/strong><\/a><\/p>\n<p>&nbsp;<\/p>\n<p style=\"text-align: right;\"><em>SMEd<\/em><br \/>\n<em>Roberton Reis<\/em><br \/>\n<em>Com informa\u00e7\u00f5es da Superintend\u00eancia de Gest\u00e3o Pedag\u00f3gica<\/em><\/p>\n","protected":false},"excerpt":{"rendered":"<p>Publicada 15\/08\/2018 Per\u00edodo de inscri\u00e7\u00f5es para solicita\u00e7\u00e3o das Oficinas do Projeto \u201cEscritas pelo Rio Grande\u201d iniciam nesta quarta-feira, 15 A Secretaria de Munic\u00edpio da Educa\u00e7\u00e3o de Rio Grande (SMEd), atrav\u00e9s da Superintend\u00eancia de Gest\u00e3o Pedag\u00f3gica, informa que o per\u00edodo de inscri\u00e7\u00f5es para a solicita\u00e7\u00e3o de oficinas que comp\u00f5em o Projeto \u201cEscritas pelo Rio Grande: uma [&hellip;]<\/p>\n","protected":false},"author":7,"featured_media":0,"parent":25220,"menu_order":7,"comment_status":"closed","ping_status":"closed","template":"","meta":{"footnotes":""},"class_list":["post-27667","page","type-page","status-publish","hentry"],"_links":{"self":[{"href":"https:\/\/www.riogrande.rs.gov.br\/smed\/index.php?rest_route=\/wp\/v2\/pages\/27667"}],"collection":[{"href":"https:\/\/www.riogrande.rs.gov.br\/smed\/index.php?rest_route=\/wp\/v2\/pages"}],"about":[{"href":"https:\/\/www.riogrande.rs.gov.br\/smed\/index.php?rest_route=\/wp\/v2\/types\/page"}],"author":[{"embeddable":true,"href":"https:\/\/www.riogrande.rs.gov.br\/smed\/index.php?rest_route=\/wp\/v2\/users\/7"}],"replies":[{"embeddable":true,"href":"https:\/\/www.riogrande.rs.gov.br\/smed\/index.php?rest_route=%2Fwp%2Fv2%2Fcomments&post=27667"}],"version-history":[{"count":3,"href":"https:\/\/www.riogrande.rs.gov.br\/smed\/index.php?rest_route=\/wp\/v2\/pages\/27667\/revisions"}],"predecessor-version":[{"id":27834,"href":"https:\/\/www.riogrande.rs.gov.br\/smed\/index.php?rest_route=\/wp\/v2\/pages\/27667\/revisions\/27834"}],"up":[{"embeddable":true,"href":"https:\/\/www.riogrande.rs.gov.br\/smed\/index.php?rest_route=\/wp\/v2\/pages\/25220"}],"wp:attachment":[{"href":"https:\/\/www.riogrande.rs.gov.br\/smed\/index.php?rest_route=%2Fwp%2Fv2%2Fmedia&parent=27667"}],"curies":[{"name":"wp","href":"https:\/\/api.w.org\/{rel}","templated":true}]}}