{"id":19237,"date":"2016-10-04T19:54:18","date_gmt":"2016-10-04T22:54:18","guid":{"rendered":"http:\/\/www.riogrande.rs.gov.br\/smed\/?page_id=19237"},"modified":"2016-12-29T10:04:00","modified_gmt":"2016-12-29T12:04:00","slug":"matriculas-20162017","status":"publish","type":"page","link":"https:\/\/www.riogrande.rs.gov.br\/smed\/?page_id=19237","title":{"rendered":"Matr\u00edculas 2016\/2017"},"content":{"rendered":"<h4><a href=\"http:\/\/www.riogrande.rs.gov.br\/matriculas\/externo\/20161101-edital_01_2016_matriculas.pdf\" target=\"_blank\">Edital 01\/2016 &#8211; Educa\u00e7\u00e3o Infantil e 1\u00ba Ano<\/a><\/h4>\n<h4><a href=\"http:\/\/www.riogrande.rs.gov.br\/matriculas\/externo\/20161121-edital_02_2016_matriculas.pdf\" target=\"_blank\">Edital 02\/2016 &#8211; Transfer\u00eancias de 2\u00ba a 9\u00ba Ano<\/a><\/h4>\n<h4><a href=\"http:\/\/www.riogrande.rs.gov.br\/matriculas\/externo\/20161122-edital02-retificacao1.pdf\" target=\"_blank\">Retifica\u00e7\u00e3o do Edital 02\/2016<\/a><\/h4>\n<h2><\/h2>\n<h2>Per\u00edodo de Solicita\u00e7\u00e3o de Transfer\u00eancias Escolares do 2\u00ba ao 9\u00ba Ano do Ensino Fundamental da Rede Municipal iniciou nesta segunda-feira, 21<\/h2>\n<p style=\"text-align: justify;\">A Prefeitura Municipal do Rio Grande, atrav\u00e9s da Secretaria de Munic\u00edpio da Educa\u00e7\u00e3o (SMEd), informa que o per\u00edodo de solicita\u00e7\u00e3o de <b>transfer\u00eancias escolares do 2\u00ba ao 9\u00ba Ano do Ensino Fundamental<\/b> da rede p\u00fablica municipal de ensino iniciou nesta segunda-feira, <b>21 de novembro<\/b>. As solicita\u00e7\u00f5es de transfer\u00eancias escolares podem ser efetuadas at\u00e9 o dia <b>25 de novembro<\/b>, atrav\u00e9s do site <a href=\"http:\/\/www.riogrande.rs.gov.br\/matriculas\" target=\"_blank\"><b>www.riogrande.rs.gov.br\/matriculas<\/b><\/a><\/p>\n<p style=\"text-align: justify;\">J\u00e1 o per\u00edodo de solicita\u00e7\u00e3o de vagas escolares para a <b>Educa\u00e7\u00e3o Infantil<\/b> e ingresso para o <b>1\u00ba ano do Ensino Fundamental <\/b>na rede p\u00fablica municipal de ensino aconteceu entre <b>1\u00ba e 16 de novembro<\/b>.<\/p>\n<p style=\"text-align: justify;\">Acesse o <a href=\"http:\/\/www.riogrande.rs.gov.br\/smed\/wp-content\/uploads\/2016\/11\/20161107-edital_transferencias.pdf\" target=\"_blank\"><strong>Edital de Transfer\u00eancias Escolares do 2\u00ba ao 9\u00ba Ano do Ensino Fundamental<\/strong> <\/a>da Rede Municipal 2017 e a sua <a href=\"http:\/\/www.riogrande.rs.gov.br\/matriculas\/externo\/20161122-edital02-retificacao1.pdf\" target=\"_blank\"><strong>Retifica\u00e7\u00e3o<\/strong><\/a>.<\/p>\n<p style=\"text-align: right;\"><i>SMEd<\/i><\/p>\n<h2 style=\"text-align: justify;\">Prefeitura divulga calend\u00e1rio do Processo de Matr\u00edculas na Rede Municipal para o Ano Letivo de 2017<\/h2>\n<div id=\"attachment_19605\" style=\"width: 495px\" class=\"wp-caption aligncenter\"><a href=\"http:\/\/www.riogrande.rs.gov.br\/smed\/wp-content\/uploads\/2016\/11\/20161101-calendario_matriculas.jpg\" rel=\"lightbox[19237]\"><img loading=\"lazy\" decoding=\"async\" aria-describedby=\"caption-attachment-19605\" class=\"size-medium wp-image-19605\" src=\"http:\/\/www.riogrande.rs.gov.br\/smed\/wp-content\/uploads\/2016\/11\/20161101-calendario_matriculas-485x343.jpg\" alt=\"Divulga\u00e7\u00e3o\" width=\"485\" height=\"343\" srcset=\"https:\/\/www.riogrande.rs.gov.br\/smed\/wp-content\/uploads\/2016\/11\/20161101-calendario_matriculas-485x343.jpg 485w, https:\/\/www.riogrande.rs.gov.br\/smed\/wp-content\/uploads\/2016\/11\/20161101-calendario_matriculas-768x543.jpg 768w, https:\/\/www.riogrande.rs.gov.br\/smed\/wp-content\/uploads\/2016\/11\/20161101-calendario_matriculas-293x207.jpg 293w, https:\/\/www.riogrande.rs.gov.br\/smed\/wp-content\/uploads\/2016\/11\/20161101-calendario_matriculas.jpg 1754w\" sizes=\"(max-width: 485px) 100vw, 485px\" \/><\/a><p id=\"caption-attachment-19605\" class=\"wp-caption-text\">Divulga\u00e7\u00e3o<\/p><\/div>\n<p style=\"text-align: justify;\">A Prefeitura Municipal do Rio Grande, atrav\u00e9s da Secretaria de Munic\u00edpio da Educa\u00e7\u00e3o de Rio Grande (SMEd), informa que o per\u00edodo de solicita\u00e7\u00e3o de vagas escolares para a <b>Educa\u00e7\u00e3o Infantil<\/b> e ingresso para o <b>1\u00ba ano do Ensino Fundamental <\/b>na rede p\u00fablica municipal de ensino acontecer\u00e1 no per\u00edodo compreendido entre <b>1\u00ba e 16 de novembro<\/b>, atrav\u00e9s do site<strong><a href=\"http:\/\/www.riogrande.rs.gov.br\/matriculas\" target=\"_blank\"> www.riogrande.rs.gov.br\/matriculas<\/a><\/strong>. Acesse o <a href=\"http:\/\/www.riogrande.rs.gov.br\/smed\/wp-content\/uploads\/2016\/11\/20161101-edital_01_2016_matriculas.pdf\" target=\"_blank\"><strong>Edital de Matr\u00edculas para 2017<\/strong><\/a>.<\/p>\n<p style=\"text-align: justify;\">As solicita\u00e7\u00f5es para as <b>transfer\u00eancias escolares do 2\u00ba ao 9\u00ba ano do Ensino Fundamental<\/b> da rede p\u00fablica municipal de ensino devem ser efetuadas no per\u00edodo de <b>21 a 25 de novembro<\/b>, atrav\u00e9s do site<strong><a href=\"http:\/\/www.riogrande.rs.gov.br\/matriculas\" target=\"_blank\"> www.riogrande.rs.gov.br\/matriculas<\/a><\/strong><\/p>\n<p style=\"text-align: justify;\">J\u00e1 as rematr\u00edculas na rede p\u00fablica municipal de ensino iniciaram no dia <b>03 de outubro<\/b>, diretamente nas secretarias das escolas, e encerram nesta segunda-feira, dia <b>31 de outubro<\/b>.<\/p>\n<p style=\"text-align: right;\"><em>SMEd<\/em><\/p>\n","protected":false},"excerpt":{"rendered":"<p>Edital 01\/2016 &#8211; Educa\u00e7\u00e3o Infantil e 1\u00ba Ano Edital 02\/2016 &#8211; Transfer\u00eancias de 2\u00ba a 9\u00ba Ano Retifica\u00e7\u00e3o do Edital 02\/2016 Per\u00edodo de Solicita\u00e7\u00e3o de Transfer\u00eancias Escolares do 2\u00ba ao 9\u00ba Ano do Ensino Fundamental da Rede Municipal iniciou nesta segunda-feira, 21 A Prefeitura Municipal do Rio Grande, atrav\u00e9s da Secretaria de Munic\u00edpio da Educa\u00e7\u00e3o [&hellip;]<\/p>\n","protected":false},"author":7,"featured_media":0,"parent":18582,"menu_order":2,"comment_status":"closed","ping_status":"closed","template":"","meta":{"footnotes":""},"class_list":["post-19237","page","type-page","status-publish","hentry"],"_links":{"self":[{"href":"https:\/\/www.riogrande.rs.gov.br\/smed\/index.php?rest_route=\/wp\/v2\/pages\/19237"}],"collection":[{"href":"https:\/\/www.riogrande.rs.gov.br\/smed\/index.php?rest_route=\/wp\/v2\/pages"}],"about":[{"href":"https:\/\/www.riogrande.rs.gov.br\/smed\/index.php?rest_route=\/wp\/v2\/types\/page"}],"author":[{"embeddable":true,"href":"https:\/\/www.riogrande.rs.gov.br\/smed\/index.php?rest_route=\/wp\/v2\/users\/7"}],"replies":[{"embeddable":true,"href":"https:\/\/www.riogrande.rs.gov.br\/smed\/index.php?rest_route=%2Fwp%2Fv2%2Fcomments&post=19237"}],"version-history":[{"count":9,"href":"https:\/\/www.riogrande.rs.gov.br\/smed\/index.php?rest_route=\/wp\/v2\/pages\/19237\/revisions"}],"predecessor-version":[{"id":20371,"href":"https:\/\/www.riogrande.rs.gov.br\/smed\/index.php?rest_route=\/wp\/v2\/pages\/19237\/revisions\/20371"}],"up":[{"embeddable":true,"href":"https:\/\/www.riogrande.rs.gov.br\/smed\/index.php?rest_route=\/wp\/v2\/pages\/18582"}],"wp:attachment":[{"href":"https:\/\/www.riogrande.rs.gov.br\/smed\/index.php?rest_route=%2Fwp%2Fv2%2Fmedia&parent=19237"}],"curies":[{"name":"wp","href":"https:\/\/api.w.org\/{rel}","templated":true}]}}