{"id":11191,"date":"2014-09-11T11:31:31","date_gmt":"2014-09-11T14:31:31","guid":{"rendered":"http:\/\/www.riogrande.rs.gov.br\/smed\/?page_id=11191"},"modified":"2014-12-22T07:23:54","modified_gmt":"2014-12-22T09:23:54","slug":"edital-belas-artes-no-022014","status":"publish","type":"page","link":"https:\/\/www.riogrande.rs.gov.br\/smed\/?page_id=11191","title":{"rendered":"EDITAL BELAS ARTES &#8211; N\u00ba 02\/2014"},"content":{"rendered":"<p style=\"text-align: center;\"><strong>PREFEITURA MUNICIPAL DO RIO GRANDE<\/strong><br \/>\n<strong> SECRETARIA DE MUNIC\u00cdPIO DA EDUCA\u00c7\u00c3O<\/strong><\/p>\n<p style=\"text-align: center;\"><strong>EDITAL DE CHAMADA P\u00daBLICA PARA PREENCHIMENTO DE VAGAS NA ESCOLA DE BELAS ARTES HEITOR DE LEMOS &#8211; N\u00ba 02\/2014<\/strong><\/p>\n<p style=\"text-align: justify;\">A Prefeitura Municipal do Rio Grande, atrav\u00e9s da Secretaria de Munic\u00edpio da Educa\u00e7\u00e3o, abre vagas para os interessados em cursar aulas de M\u00fasica, Artes Pl\u00e1sticas e Ballet (B\u00e1sico III em diante) na Escola de Belas Artes Heitor de Lemos, nas seguintes modalidades:<\/p>\n<table border=\"1\">\n<tbody>\n<tr>\n<td width=\"5%\">N\u00ba<\/td>\n<td width=\"35%\">Modalidades<\/td>\n<td width=\"20%\">Idade<\/td>\n<td width=\"20%\">N\u00ba de vagas<\/td>\n<\/tr>\n<tr>\n<td>1<\/td>\n<td>Violino &#8211; Manh\u00e3<\/td>\n<td>09 a 11 anos<\/td>\n<td>02 vagas<\/td>\n<\/tr>\n<tr>\n<td>2<\/td>\n<td>Violino &#8211; Noite<\/td>\n<td>12 anos em diante<\/td>\n<td>01 vaga<\/td>\n<\/tr>\n<tr>\n<td>3<\/td>\n<td>Viol\u00e3o &#8211; Manh\u00e3<\/td>\n<td>09 a 11 anos<\/td>\n<td>01 vaga<\/td>\n<\/tr>\n<tr>\n<td>4<\/td>\n<td>Viol\u00e3o &#8211; Tarde<\/td>\n<td>12 anos em diante<\/td>\n<td>01 vaga<\/td>\n<\/tr>\n<tr>\n<td>5<\/td>\n<td>Viol\u00e3o &#8211; Noite<\/td>\n<td>12 anos em diante<\/td>\n<td>01 vaga<\/td>\n<\/tr>\n<tr>\n<td>6<\/td>\n<td>Escolinha de Artes &#8211; Manh\u00e3<\/td>\n<td>08 a 10 anos<\/td>\n<td>04 vagas<\/td>\n<\/tr>\n<tr>\n<td>7<\/td>\n<td>Escolinha de Artes &#8211; Tarde<\/td>\n<td>10 a 12 anos<\/td>\n<td>04 vagas<\/td>\n<\/tr>\n<tr>\n<td>8<\/td>\n<td>Ballet<\/td>\n<td>10 anos em diante<\/td>\n<td>4 anos comprovados no curso de Ballet correspondente ao B\u00e1sico III em diante. Ser\u00e3o aprovados atrav\u00e9s de teste pr\u00e1tico e te\u00f3rico.<\/td>\n<\/tr>\n<\/tbody>\n<\/table>\n<h2>1. Das Inscri\u00e7\u00f5es<\/h2>\n<p style=\"text-align: justify;\">Os interessados em concorrer a uma das vagas devem fazer sua inscri\u00e7\u00e3o no site da Secretaria de Munic\u00edpio da Educa\u00e7\u00e3o (<a href=\"http:\/\/www.riogrande.rs.gov.br\/smed\" target=\"_blank\"><strong>www.riogrande.rs.gov.br\/smed<\/strong><\/a>) no per\u00edodo das <strong>22h de 12 de setembro \u00e0s 22h de 16 de setembro de 2014<\/strong>.<\/p>\n<p style=\"text-align: justify;\">As inscri\u00e7\u00f5es devem obedecer \u00e0 faixa et\u00e1ria indicada em cada modalidade de M\u00fasica e Artes Pl\u00e1sticas. A idade ser\u00e1 comprovada no momento do sorteio, mediante apresenta\u00e7\u00e3o da Certid\u00e3o de Nascimento ou Carteira de Identidade. Caso o candidato tenha idade incompat\u00edvel com a indicada no edital, esta inscri\u00e7\u00e3o n\u00e3o ter\u00e1 validade e ser\u00e1 feito, imediatamente, sorteio de um novo candidato para preenchimento da vaga. Cada pessoa poder\u00e1 se inscrever apenas uma vez, n\u00e3o sendo aceitas duas inscri\u00e7\u00f5es do mesmo candidato.<\/p>\n<h2>2. Da Sele\u00e7\u00e3o dos Candidatos<\/h2>\n<p style=\"text-align: justify;\">No dia <strong>17 de setembro<\/strong> ser\u00e1 realizado <strong>sorteio<\/strong> p\u00fablico presencial para preenchimento das vagas e, logo em seguida, efetivada a matr\u00edcula dos sorteados. O sorteio ser\u00e1 realizado na Escola de Belas Artes Heitor de Lemos, na Rua Jockey Clube, n\u00ba 194.<\/p>\n<p style=\"text-align: justify;\">O <strong>teste pr\u00e1tico e te\u00f3rico do Ballet<\/strong> ser\u00e1 realizado no dia <strong>17 de setembro<\/strong>, \u00e0s 18h30, na Escola de Belas Artes Heitor de Lemos, na Rua Jockey Clube, n\u00ba 194.<\/p>\n<table border=\"1\" width=\"60%\">\n<tbody>\n<tr>\n<td width=\"5%\">1<\/td>\n<td width=\"25%\">Violino &#8211; Manh\u00e3<\/td>\n<td width=\"20%\">Hor\u00e1rio do sorteio: \u00e0s 09h<\/td>\n<\/tr>\n<tr>\n<td>2<\/td>\n<td>Violino &#8211; Noite<\/td>\n<td>Hor\u00e1rio do sorteio: \u00e0s 09h<\/td>\n<\/tr>\n<tr>\n<td>3<\/td>\n<td>Viol\u00e3o &#8211; Manh\u00e3<\/td>\n<td>Hor\u00e1rio do sorteio: \u00e0s 14h<\/td>\n<\/tr>\n<tr>\n<td>4<\/td>\n<td>Viol\u00e3o &#8211; Tarde<\/td>\n<td>Hor\u00e1rio do sorteio: \u00e0s 14h<\/td>\n<\/tr>\n<tr>\n<td>5<\/td>\n<td>Viol\u00e3o &#8211; Noite<\/td>\n<td>Hor\u00e1rio do sorteio: \u00e0s 14h<\/td>\n<\/tr>\n<tr>\n<td>6<\/td>\n<td>Escolinha de Artes &#8211; Manh\u00e3<\/td>\n<td>Hor\u00e1rio do sorteio: \u00e0s 16h<\/td>\n<\/tr>\n<tr>\n<td>7<\/td>\n<td>Escolinha de Artes &#8211; Tarde<\/td>\n<td>Hor\u00e1rio do sorteio: \u00e0s 16h<\/td>\n<\/tr>\n<tr>\n<td>8<\/td>\n<td>Ballet<\/td>\n<td>Hor\u00e1rio dos testes: \u00e0s 18h30<\/td>\n<\/tr>\n<\/tbody>\n<\/table>\n<p style=\"text-align: justify;\">A escola estar\u00e1 aberta trinta minutos antes do hor\u00e1rio do sorteio, que iniciar\u00e1 pontualmente na referida hora prevista. Caso n\u00e3o esteja presente na hora indicada, o candidato\/respons\u00e1vel legal n\u00e3o poder\u00e1 participar do sorteio, pois n\u00e3o ser\u00e1 permitida a entrada na escola ap\u00f3s o hor\u00e1rio previsto neste edital.<\/p>\n<p style=\"text-align: justify;\">No momento do sorteio \u00e9 obrigat\u00f3ria a presen\u00e7a do respons\u00e1vel legal, o qual tenha realizado a inscri\u00e7\u00e3o no site, com c\u00f3pia dos seguintes documentos: Certid\u00e3o de Nascimento ou da Carteira de Identidade do estudante e uma foto 3&#215;4.<\/p>\n<p style=\"text-align: justify;\">Caso o respons\u00e1vel legal n\u00e3o esteja munido dos documentos solicitados, n\u00e3o ser\u00e1 poss\u00edvel que o candidato participe do sorteio.<\/p>\n<h2>3. In\u00edcio das aulas e desenvolvimento das atividades<\/h2>\n<p style=\"text-align: justify;\">As aulas ter\u00e3o in\u00edcio na semana seguinte a da matr\u00edcula. As aulas de M\u00fasica e Artes acontecer\u00e3o uma vez por semana; as de Ballet ocorrer\u00e3o duas vezes na semana. No ato da matr\u00edcula ser\u00e3o divulgados os dias e hor\u00e1rios.<\/p>\n<p style=\"text-align: justify;\">\u00c9 de responsabilidade de cada estudante selecionado o deslocamento at\u00e9 \u00e0 escola.<\/p>\n<p style=\"text-align: justify;\">Maiores informa\u00e7\u00f5es na Escola de Belas Artes Heitor de Lemos, na Rua Jockey Clube, n\u00ba 194.<br \/>\nTelefone: (53) 9931-8990<br \/>\nE-mail: <a href=\"mailto:belasartesriogrande@gmail.com\" target=\"_blank\"><strong>belasartesriogrande@gmail.com<\/strong><\/a><\/p>\n<p style=\"text-align: center;\"><em><strong>Juliane de Oliveira Alves<\/strong><\/em><br \/>\n<em> Superintendente Pedag\u00f3gica da SMEd<\/em><\/p>\n<p style=\"text-align: center;\"><em><strong>Beatriz Batezat Duarte<\/strong><\/em><br \/>\n<em> Diretora da Escola de Belas Artes Heitor de Lemos<\/em><\/p>\n<hr \/>\n<p style=\"text-align: center;\"><a href=\"http:\/\/www.riogrande.rs.gov.br\/smed\/wp-content\/uploads\/2014\/09\/20140910-edital_ebahl_2_2014.pdf\" target=\"_blank\"><strong>Vers\u00e3o em PDF do Edital<\/strong><\/a><\/p>\n<h1 style=\"text-align: center;\"><a href=\"https:\/\/docs.google.com\/forms\/d\/1bGyB1_XHsSZTmsZRNA3uXSYdFj7qYpE-_rpiYrWBzt4\/viewform\" target=\"_blank\"><strong>Fa\u00e7a AQUI a sua inscri\u00e7\u00e3o<\/strong><\/a><\/h1>\n","protected":false},"excerpt":{"rendered":"<p>PREFEITURA MUNICIPAL DO RIO GRANDE SECRETARIA DE MUNIC\u00cdPIO DA EDUCA\u00c7\u00c3O EDITAL DE CHAMADA P\u00daBLICA PARA PREENCHIMENTO DE VAGAS NA ESCOLA DE BELAS ARTES HEITOR DE LEMOS &#8211; N\u00ba 02\/2014 A Prefeitura Municipal do Rio Grande, atrav\u00e9s da Secretaria de Munic\u00edpio da Educa\u00e7\u00e3o, abre vagas para os interessados em cursar aulas de M\u00fasica, Artes Pl\u00e1sticas e [&hellip;]<\/p>\n","protected":false},"author":7,"featured_media":0,"parent":12164,"menu_order":6,"comment_status":"closed","ping_status":"open","template":"","meta":{"footnotes":""},"class_list":["post-11191","page","type-page","status-publish","hentry"],"_links":{"self":[{"href":"https:\/\/www.riogrande.rs.gov.br\/smed\/index.php?rest_route=\/wp\/v2\/pages\/11191"}],"collection":[{"href":"https:\/\/www.riogrande.rs.gov.br\/smed\/index.php?rest_route=\/wp\/v2\/pages"}],"about":[{"href":"https:\/\/www.riogrande.rs.gov.br\/smed\/index.php?rest_route=\/wp\/v2\/types\/page"}],"author":[{"embeddable":true,"href":"https:\/\/www.riogrande.rs.gov.br\/smed\/index.php?rest_route=\/wp\/v2\/users\/7"}],"replies":[{"embeddable":true,"href":"https:\/\/www.riogrande.rs.gov.br\/smed\/index.php?rest_route=%2Fwp%2Fv2%2Fcomments&post=11191"}],"version-history":[{"count":17,"href":"https:\/\/www.riogrande.rs.gov.br\/smed\/index.php?rest_route=\/wp\/v2\/pages\/11191\/revisions"}],"predecessor-version":[{"id":11259,"href":"https:\/\/www.riogrande.rs.gov.br\/smed\/index.php?rest_route=\/wp\/v2\/pages\/11191\/revisions\/11259"}],"up":[{"embeddable":true,"href":"https:\/\/www.riogrande.rs.gov.br\/smed\/index.php?rest_route=\/wp\/v2\/pages\/12164"}],"wp:attachment":[{"href":"https:\/\/www.riogrande.rs.gov.br\/smed\/index.php?rest_route=%2Fwp%2Fv2%2Fmedia&parent=11191"}],"curies":[{"name":"wp","href":"https:\/\/api.w.org\/{rel}","templated":true}]}}